{"id":40839,"date":"2025-05-17T20:14:39","date_gmt":"2025-05-17T18:14:39","guid":{"rendered":"https:\/\/dev.marechiarofilm.it\/?page_id=40839"},"modified":"2026-02-05T21:40:11","modified_gmt":"2026-02-05T20:40:11","slug":"blog","status":"publish","type":"page","link":"https:\/\/marechiarofilm.it\/en\/blog\/","title":{"rendered":"Blog"},"content":{"rendered":"<form autocomplete=\"off\" name=\"wpv-filter-42145\" action=\"\/en\/wp-json\/wp\/v2\/pages\/40839?wpv_view_count=42145\" method=\"get\" class=\"wpv-filter-form js-wpv-filter-form js-wpv-filter-form-42145 js-wpv-form-full\" data-viewnumber=\"42145\" data-viewid=\"42145\" data-viewhash=\"eyJuYW1lIjoiYmxvZy1uZXdzLWV2ZW50aSJ9\" data-viewwidgetid=\"0\" data-orderby=\"\" data-order=\"\" data-orderbyas=\"\" data-orderbysecond=\"\" data-ordersecond=\"\" data-parametric=\"{&quot;query&quot;:&quot;normal&quot;,&quot;id&quot;:42145,&quot;view_id&quot;:42145,&quot;widget_id&quot;:0,&quot;view_hash&quot;:&quot;42145&quot;,&quot;action&quot;:&quot;\\\/en\\\/wp-json\\\/wp\\\/v2\\\/pages\\\/40839?wpv_view_count=42145&quot;,&quot;sort&quot;:{&quot;orderby&quot;:&quot;&quot;,&quot;order&quot;:&quot;&quot;,&quot;orderby_as&quot;:&quot;&quot;,&quot;orderby_second&quot;:&quot;&quot;,&quot;order_second&quot;:&quot;&quot;},&quot;orderby&quot;:&quot;&quot;,&quot;order&quot;:&quot;&quot;,&quot;orderby_as&quot;:&quot;&quot;,&quot;orderby_second&quot;:&quot;&quot;,&quot;order_second&quot;:&quot;&quot;,&quot;ajax_form&quot;:&quot;&quot;,&quot;ajax_results&quot;:&quot;&quot;,&quot;effect&quot;:&quot;fade&quot;,&quot;prebefore&quot;:&quot;&quot;,&quot;before&quot;:&quot;&quot;,&quot;after&quot;:&quot;&quot;,&quot;attributes&quot;:[],&quot;environment&quot;:{&quot;current_post_id&quot;:40839,&quot;parent_post_id&quot;:40839,&quot;parent_term_id&quot;:0,&quot;parent_user_id&quot;:0,&quot;archive&quot;:{&quot;type&quot;:&quot;&quot;,&quot;name&quot;:&quot;&quot;,&quot;data&quot;:[]}},&quot;loop&quot;:{&quot;type&quot;:&quot;&quot;,&quot;name&quot;:&quot;&quot;,&quot;data&quot;:[],&quot;id&quot;:0}}\" data-attributes=\"[]\" data-environment=\"{&quot;current_post_id&quot;:40839,&quot;parent_post_id&quot;:40839,&quot;parent_term_id&quot;:0,&quot;parent_user_id&quot;:0,&quot;archive&quot;:{&quot;type&quot;:&quot;&quot;,&quot;name&quot;:&quot;&quot;,&quot;data&quot;:[]}}\"><input type=\"hidden\" class=\"js-wpv-dps-filter-data js-wpv-filter-data-for-this-form\" data-action=\"\/en\/wp-json\/wp\/v2\/pages\/40839?wpv_view_count=42145\" data-page=\"1\" data-ajax=\"disable\" data-effect=\"fade\" data-maxpages=\"0\" data-ajaxprebefore=\"\" data-ajaxbefore=\"\" data-ajaxafter=\"\" \/><input class=\"wpv_view_count wpv_view_count-42145\" type=\"hidden\" name=\"wpv_view_count\" value=\"42145\" \/>\n\n<div class=\"form-group\">\n\t<label for=\"wpv-categoria-evento\">Categorie evento<\/label>\n\t\n    <div class=\"form-group\">\n\t<label for=\"wpv-categoria-news\">Categorie news<\/label>\n\t<div class=\"form-check\"><input type=\"checkbox\" id=\"categoria-news-diary\" class=\"js-wpv-filter-trigger form-check-input\" name=\"wpv-categoria-news[]\" value=\"diary\" \/><label for=\"categoria-news-diary\" class=\"form-check-label\">diary<\/label><\/div>\n<\/div>\n<\/div>\n<input type=\"submit\" class=\"btn-secondary wpv-submit-trigger js-wpv-submit-trigger btn\" name=\"wpv_filter_submit\" value=\"Submit\" \/>\n\n<\/form>\n<div id=\"wpv-view-layout-42145\" class=\"js-wpv-view-layout js-wpv-layout-responsive js-wpv-view-layout-42145\" data-viewnumber=\"42145\" data-pagination=\"{&quot;id&quot;:42145,&quot;query&quot;:&quot;normal&quot;,&quot;type&quot;:&quot;disabled&quot;,&quot;effect&quot;:&quot;fade&quot;,&quot;duration&quot;:500,&quot;speed&quot;:5,&quot;pause_on_hover&quot;:&quot;enabled&quot;,&quot;stop_rollover&quot;:&quot;false&quot;,&quot;cache_pages&quot;:&quot;enabled&quot;,&quot;preload_images&quot;:&quot;enabled&quot;,&quot;preload_pages&quot;:&quot;enabled&quot;,&quot;preload_reach&quot;:1,&quot;spinner&quot;:&quot;builtin&quot;,&quot;spinner_image&quot;:&quot;https:\/\/marechiarofilm.it\/wp-content\/plugins\/wp-views\/embedded\/res\/img\/ajax-loader.gif&quot;,&quot;callback_next&quot;:&quot;&quot;,&quot;manage_history&quot;:&quot;enabled&quot;,&quot;has_controls_in_form&quot;:&quot;disabled&quot;,&quot;infinite_tolerance&quot;:&quot;0&quot;,&quot;max_pages&quot;:0,&quot;page&quot;:1,&quot;base_permalink&quot;:&quot;\/en\/wp-json\/wp\/v2\/pages\/40839?wpv_view_count=42145&amp;wpv_paged=WPV_PAGE_NUM&quot;,&quot;loop&quot;:{&quot;type&quot;:&quot;&quot;,&quot;name&quot;:&quot;&quot;,&quot;data&quot;:[],&quot;id&quot;:0}}\" data-permalink=\"\/en\/wp-json\/wp\/v2\/pages\/40839?wpv_view_count=42145\">\n\n\t\n\t\n\t\n\t\t\nArt. 20\n<p>{vimeo}15153016|725|400{\/vimeo} Madre e figlia sono bloccate nel traffico a causa del passaggio di un corteo di protesta degli studenti. Intolleranti e innervosite dalla situazione, si lasciano andare ad amare confidenze sulla condizione che le unisce:<\/p>\n\n\t\n\t\t\nBike Baba\n<p>{vimeo}15153273|725|400{\/vimeo} Naga Baba Shiva Giri detto Bike Baba ha 59 anni, \u00e8 un asceta nudo che ha rinunciato al mondo ed ha scelto come forma di meditazione il viaggiare in motocicletta. Viaggia dal 1992 e ha gi\u00e0 percorso 164.000 chilometri. Nel<\/p>\n\n\t\n\t\t\nUn silenzio particolare\n<p>{vimeo}15228618|725|400{\/vimeo} La \u201cCitt\u00e0 del sole\u201d: due casali in cima a una collina in Umbria dove il tempo sembra essersi fermato, una piccola \u201cutopia concreta\u201d creata da Stefano Rulli e Clara Sereni per dare a loro stessi e al proprio figlio Matteo<\/p>\n\n\t\n\t\t\nPeter del Monte\n<p>Ritratto di Peter Del Monte, uno dei registi pi\u00f9 introversi del cinema italiano degli anni \u201970, autore sensibile, portatore di un cinema di ricerca linguistica fatto di sentimenti impercettibili e profondi, intervistato da Antonietta De Lillo. La conve<\/p>\n\n\t\n\t\t\nPeriferie di Napoli\n<p>L\u2019Italsider di Bagnoli, Le Vele di Scampia e i Quartieri Spagnoli. Un viaggio in tre zone simbolo di Napoli: A Bagnoli la storia dell\u2019Italsider, il pi\u00f9 grande insediamento industriale del Mezzogiorno, \u00e8 raccontata attraverso i volti e le emozioni degli<\/p>\n\n\t\n\t\t\nPapervision\n<p>{vimeo}15231560|725|400{\/vimeo} Papervision \u00e8 dedicato a Chiara Carrer, una delle maggiori illustratrici italiane contemporanee. Il documentario segue l\u2019artista al lavoro, ne illustra la tecnica e ne mostra le intenzioni artistiche. Le parole dell\u2019autr<\/p>\n\n\t\n\t\t\nOperai\n<p>{vimeo}15232381|725|400{\/vimeo} Il documentario, realizzato esclusivamente con materiale di repertorio, testimonia la trasformazione della societ\u00e0 Italiana da agricola a industriale: i contadini abbandonano la propria terra e si trasferiscono al Nord.<\/p>\n\n\t\n\t\t\nOcchio sensibile\n<p>\u00a0 Com\u2019\u00e8 possibile guardare i volti della fame, del dolore, della solitudine e scattare fotografie? \u00c8 imbarazzante, doloroso o aggressivo porsi di fronte a ci\u00f2 che si vuole fotografare? Qual \u00e8 la giusta posizione o distanza da prendere nel guardare? Ott<\/p>\n\n\t\n\t\t\nIl colore delle parole\n<p>{vimeo}15216960|725|400{\/vimeo} Protagonisti di questa storia sono quattro amici: intellettuali, musicisti, sindacalisti e mediatori culturali, di origine africana, che lottano da anni per i diritti degli immigrati ma anche per diffondere la loro cultu<\/p>\n\n\t\n\t\t\nHispaniola\n<p>{vimeo}15153624|725|400{\/vimeo} A Siviglia sono custoditi documenti e mappe dei grandi viaggiatori\/esploratori della storia. Claudio Bonifacio, triestino di nascita, si trasferisce nella citt\u00e0 spagnola per ricercare antichi galeoni sommersi e, applican<\/p>\n\n\t\n\t\t<img loading=\"lazy\" decoding=\"async\" width=\"150\" height=\"150\" src=\"https:\/\/marechiarofilm.it\/wp-content\/uploads\/2010\/11\/immaginepdn2-150x150.jpg\" class=\"attachment-thumbnail size-thumbnail wp-post-image\" alt=\"il pranzo di natale\" srcset=\"https:\/\/marechiarofilm.it\/wp-content\/uploads\/2010\/11\/immaginepdn2-150x150.jpg 150w, https:\/\/marechiarofilm.it\/wp-content\/uploads\/2010\/11\/immaginepdn2-60x60.jpg 60w, https:\/\/marechiarofilm.it\/wp-content\/uploads\/2010\/11\/immaginepdn2-300x300.jpg 300w, https:\/\/marechiarofilm.it\/wp-content\/uploads\/2010\/11\/immaginepdn2-240x240.jpg 240w\" sizes=\"auto, (max-width: 150px) 100vw, 150px\" \/>\nIl Pranzo di Natale, film documentario partecipato\n<p>&nbsp; &nbsp; &nbsp; &nbsp; &nbsp; &nbsp; &nbsp; IL PROGETTO \u201cIl pranzo di Natale\u201d &#8211; Film documentario partecipato La marechiarofilm, casa di produzione e distribuzione fondata nel 2009 dalla regista Antonietta De Lillo, sta sviluppando in collaborazio<\/p>\n\n\t\n\t\t<img loading=\"lazy\" decoding=\"async\" width=\"150\" height=\"150\" src=\"https:\/\/marechiarofilm.it\/wp-content\/uploads\/2015\/11\/Il-pranzo-di-Natale-150-dpi-150x150.jpg\" class=\"attachment-thumbnail size-thumbnail wp-post-image\" alt=\"\" srcset=\"https:\/\/marechiarofilm.it\/wp-content\/uploads\/2015\/11\/Il-pranzo-di-Natale-150-dpi-150x150.jpg 150w, https:\/\/marechiarofilm.it\/wp-content\/uploads\/2015\/11\/Il-pranzo-di-Natale-150-dpi-60x60.jpg 60w, https:\/\/marechiarofilm.it\/wp-content\/uploads\/2015\/11\/Il-pranzo-di-Natale-150-dpi-240x240.jpg 240w\" sizes=\"auto, (max-width: 150px) 100vw, 150px\" \/>\nIl Pranzo di Natale \u00e8 su La Repubblica\n<p>&nbsp; &nbsp; &nbsp; &nbsp; &nbsp; &nbsp; &nbsp; &nbsp; &nbsp; Oggi sul quotidiano La Repubblica, sia nella versione online che cartacea (pag. 33),\u00a0 Claudia Morgoglione firma un articolo sulla nostra iniziativa Il Pranzo di Natale, lo trovate qui. Buon<\/p>\n\n\t\n\t\t\nIl Pranzo di Natale &#8211; Video realizzato da Mariella Di Lauro e Lars Rahm\n\n\t\n\t\t\nPiscina Mirabilis: foto di scena dal film Il Resto di Niente\n\n\t\n\t\t\nIl Pranzo di Natale -riprese di Antonella Cecora e Simone Damiani\n[youtube=http:\/\/www.youtube.com\/watch?v=AsIs4fI8yR4]\n\n\t\n\t\t\nIl comandante Caracciolo interpretato da Giogi\u00f2 Franchini: foto di scena e fuori scena\n\n\t\n\t\t\nIl Pranzo di Natale &#8211; Il progetto\n\n\t\n\t\t\nworkshop: 1\u00b0 giorno\n<p>O&#8217; cinema &#8211; Bambino guarda tra realt\u00e0 e finzione- [vimeo http:\/\/vimeo.com\/15233071] Promessi Sposi &#8211; La narrazione di un ritratto attraverso il genere &#8211; [vimeo http:\/\/vimeo.com\/15230316] &#8216;O sole mio Ritratto di una canzone [vimeo http:\/\/vimeo.com\/15231<\/p>\n\n\t\n\t\t\nWorkshop: 2\u00b0 giorno\n<p>Angelo Novi &#8211; Un viaggio nel cinema attraverso le immagini di Angelo Novi &#8211; [vimeo http:\/\/vimeo.com\/15216871] Racconti di Vittoria\u00a0 [vimeo http:\/\/vimeo.com\/36910083] Non \u00e8 Giusto I bambini si guardano &#8211; cinema digitale Cortile [vimeo http:\/\/vimeo.com\/3<\/p>\n\n\t\n\t\t\nworkshop: 3\u00b0 giorno\n<p>Venticinque di Dicembre di Matilde De Feo [vimeo http:\/\/vimeo.com\/34070649] Il Resto di Niente Linguaggi diversi si incontrano [vimeo http:\/\/vimeo.com\/36953950] Regia e transizioni temporali [vimeo http:\/\/vimeo.com\/36955255] Operai\u00a0 Film di Montaggio [<\/p>\n\n\t\n\t\t\nArtisti per Il Manifesto a Napoli\n<p>&nbsp; Venerd\u00ec 27 aprile avr\u00e0 luogo a Napoli una serata di solidariet\u00e0 degli artisti a favore de IL MANIFESTO Interverr\u00e0 Andrea Fabozzi A partire dalle ore 19, al Teatro Galleria Toledo di Napoli saranno esposte le opere donate dagli artisti che hanno<\/p>\n\n\t\n\t\t\n53\u00b0 giorno di lavorazione\n<p>Ordine del giorno FABBISOGNI Diario di lavorazione Note di produzione &nbsp; scena girata<\/p>\n\n\t\n\t\t\n52\u00b0 giorno di lavorazione\n<p>Sceneggiatura Ordine del giorno Fabbisogni Diario di lavorazione Note di produzione Scena girata<\/p>\n\n\t\n\t\t\n51\u00b0 giorno di lavorazione\n<p>Sceneggiatura &nbsp; Ordine del giorno Fabbisogni Diario di lavorazione Note di produzione SCENA GIRATA<\/p>\n\n\t\n\t\t\n50\u00b0 giorno di lavorazione\n<p>Sceneggiatura Ordine del giorno Fabbisogni &nbsp; diario di lavorazione Note di produzione Scena girata<\/p>\n\n\t\n\t\t\n49\u00b0 giorno di lavorazione\n<p>Sceneggiatura\u00a0 Ordine del giorno Fabbisogni Diario di lavorazione Note di produzione scena girata<\/p>\n\n\t\n\t\t\n48\u00b0 giorno di lavorazione\n<p>Sceneggiatura Ordine del giorno Diario di lavorazione Note di produzione &nbsp;<\/p>\n\n\t\n\t\t\n47\u00b0 giorno di lavorazione\n<p>Sceneggiatura Ordine del giorno Fabbisogni Diario di lavorazione Note di produzione Scena girata<\/p>\n\n\t\n\t\t\n46\u00b0 giorno di lavorazione\n<p>Sceneggiatura Ordine del giorno Fabbisogni Diario di lavorazione Note di produzione Scena girata<\/p>\n\n\t\n\t\t\n45\u00b0 giorno di lavorazione\n<p>Sceneggiatura\u00a0 Ordine del giorno Fabbisogni Diario di lavorazione Note di produzione Scena girata<\/p>\n\n\t\n\t\t\n44\u00b0 giorno di lavorazione\n<p>Sceneggiatura Ordine del giorno Fabbisogni Diario di lavorazione Note di produzione Scena girata<\/p>\n\n\t\n\t\t\n43\u00b0 giorno di lavorazione\n<p>Sceneggiatura Ordine del giorno Fabbisogni Diario di lavorazione Note di produzione Scena girata<\/p>\n\n\t\n\t\t\n42\u00b0 giorno di lavorazione\n<p>Sceneggiatura Ordine del giorno Fabbisogni Diario di lavorazione Note di Produzione Scena girata<\/p>\n\n\t\n\t\t\n41\u00b0 giorno di lavorazione\n<p>Sceneggiatura Ordine del giorno Fabbisogni Diario di lavorazione Note di produzione Scena girata<\/p>\n\n\t\n\t\t\n40\u00b0 giorno di lavorazione\n<p>Sceneggiatura Ordine del giorno Fabbisogni Diario di lavorazione Note di produzione Scena girata<\/p>\n\n\t\n\t\t\n39\u00b0 giorno di lavorazione\n<p>Sceneggiatura Ordine del giorno Fabbisogni Diario di lavorazione Note di produzione Scena girata<\/p>\n\n\t\n\t\t\n38\u00b0 giorno di lavorazione\n<p>Sceneggiatura Ordine del giorno Fabbisogni Diario di lavorazione Scena girata<\/p>\n\n\t\n\t\t\n37\u00b0 giorno di lavorazione\n<p>Sceneggiatura Ordine del giorno Fabbisogni Diario di lavorazione Note di produzione Scena girata<\/p>\n\n\t\n\t\t\n37\u00b0 giorno di lavorazione\n<p>Sceneggiatura Ordine del giorno Fabbisogni Diario di lavorazione Note di produzione Scena girata<\/p>\n\n\t\n\t\t\n36\u00b0 giorno di lavorazione\n<p>Sceneggiatura Ordine del giorno Fabbisogni Diario di lavorazione Note di produzione Scena girata<\/p>\n\n\t\n\t\t\n35\u00b0 giorno di lavorazione\n<p>Sceneggiatura Ordine del giorno Fabbisogni Diario di lavorazione Note di produzione Scena girata<\/p>\n\n\t\n\t\t\n34\u00b0 giorno di lavorazione\n<p>Sceneggiatura Ordine del giorno Fabbisogni Note di produzione Scena girata<\/p>\n\n\t\n\t\t\n34\u00b0 giorno di lavorazione\n<p>Sceneggiatura Ordine del giorno Fabbisogni Note di produzione Scena girata<\/p>\n\n\t\n\t\t\n33\u00b0 giorno di lavorazione\n<p>Sceneggiatura Ordine del giorno Fabbisogni Diario di lavorazione Note di produzione Scena girata<\/p>\n\n\t\n\t\t\n32\u00b0 giorno di lavorazione\n<p>Sceneggiatura \u00a0 Ordine del giorno Fabbisogni Diario di lavorazione Note di produzione Scena girata<\/p>\n\n\t\n\t\t\n31\u00b0 giorno di lavorazione\n<p>Ordine del giorno Fabbisogni Diario di lavorazione Note di produzione Scena girata<\/p>\n\n\t\n\t\t\n30\u00b0 giorno di Lavorazione\n<p>Sceneggiatura Ordine del giorno Fabbisogni Diario di lavorazione Note di produzione Scena girata<\/p>\n\n\t\n\t\t\n29\u00b0 giorno di lavorazione\n<p>Sceneggiatura Ordine del giorno Scena girata<\/p>\n\n\t\n\t\t\n28\u00b0 giorno di Lavorazione\n<p>Sceneggiatura Ordine del giorno Fabbisogni Diario di Lavorazione Note di produzione Scena girata<\/p>\n\n\t\n\t\t\n27\u00b0 giorno di lavorazione\n<p>Sceneggiatura Ordine del Giorno Fabbisogni Diario di Lavorazione Note di Produzione Scena girata<\/p>\n\n\t\n\t\t\n25\u00b0 Giorno di Lavorazione\n<p>SCENEGGIATURA ORDINE DEL GIORNO FABBISOGNI DIARIO DI LAVORAZIONE NOTE DI PRODUZIONE \u00a0 SCENA GIRATA<\/p>\n\n\t\n\t\t\n24\u00b0 Giorno di Lavorazione\n<p>Sceneggiatura Ordine del Giorno Fabbisogni Diario di Lavorazione Note di Produzione Scena girata<\/p>\n\n\t\n\t\t\n23\u00b0 giorno di Lavorazione\n<p>Ordine del Giorno Fabbisogni Diario di Lavorazione Note di Produzione Scena girata<\/p>\n\n\t\n\t\t\n22\u00b0 Giorno di Lavorazione\n<p>Sceneggiatura Ordine del Giorno Fabbisogni Diario di Lavorazione Note di Produzione Scena girata<\/p>\n\n\t\n\t\t\n21\u00b0 Giorno di Lavorazione\n<p>Sceneggiatura Ordine del Giorno Fabbisogni Diario di Lavorazione Note di Produzione Scena Girata<\/p>\n\n\t\n\t\t\n20\u00b0 Giorno di Lavorazione\n<p>Sceneggiatura Ordine del Giorno Fabbisogni Diario di Lavorazione \u00a0 Note di Produzione Scena Girata<\/p>\n\n\t\n\t\t\n19\u00b0 Giorno di Lavorazione\n<p>Sceneggiatura Ordine del Giorno Diario di lavorazione Note di Produzione Scena girata<\/p>\n\n\t\n\t\t\n18\u00b0 Giorno di Lavorazione\n<p>Sceneggiatura Ordine del Giorno Fabbisogni Diario di Lavorazione Note di Produzione Riepilogo 4\u00b0 settimana di lavorazione Fabbisogni 2 Scena Girata<\/p>\n\n\t\n\t\t\n17\u00b0 Giorno di lavorazione\n<p>Sceneggiatura Ordine del Giorno Fabbisogni Diario di lavorazione Note di produzione Scena Girata<\/p>\n\n\t\n\t\t\n16\u00b0 Giorno di lavorazione\n<p>Sceneggiatura\u00a0 Ordine del Giorno Fabbisogni Diario di lavorazione Note di Produzione Scena Girata<\/p>\n\n\t\n\t\t\n15\u00b0 Giorno di Lavorazione\n<p>SCENEGGIATURA Ordine del Giorno Fabbisogni Diario di Lavorazione Note di produzione Scena montata con parte dei dialoghi della scena precedente<\/p>\n\n\t\n\t\t\n14\u00b0 Giorno di lavorazione\n<p>SCENEGGIATURA Ordine del Giorno Fabbisogni Diario di Lavorazione Note di Produzione SCENA GIRATA<\/p>\n\n\t\n\t\t\n13\u00b0 giorno di lavorazione\n<p>ordine del giorno fabbisogni diario di lavorazione note di produzione scena girata<\/p>\n\n\t\n\t\t\n12\u00b0 Giorno di Lavorazione\n<p>Sceneggiatura Ordine del Giorno Fabbisogni Diario di Lavorazione Note di produzione Scena Girata e Backstage<\/p>\n\n\t\n\t\t\n11\u00b0 Giorno di lavorazione\n<p>Sceneggiatura\u00a0(scena tagliata) Ordine del giorno Fabbisogni \u00a0diario di lavorazione note di produzione scena girata<\/p>\n\n\t\n\t\t\n10\u00b0 Giorno di Lavorazione\n<p>Sceneggiatura Ordine del Giorno Fabbisogni Note di Produzione Diario di Lavorazione scena girata<\/p>\n\n\t\n\t\t\n9\u00b0 Giorno di Lavorazione\n<p>Sceneggiatura Ordine del Giorno Fabbisogni scena girata<\/p>\n\n\t\n\t\t\n8\u00b0 Giorno di Lavorazione\n<p>Sceneggiatura Ordine del giorno Fabbisogni Diario di lavorazione Note di produzione scena girata<\/p>\n\n\t\n\t\t\n8\u00b0 Giorno di Lavorazione\n<p>Sceneggiatura Ordine del giorno Fabbisogni Diario di lavorazione Note di produzione scena girata<\/p>\n\n\t\n\t\t\n7\u00b0 Giorno di lavorazione\n<p>Sceneggiatura ordine del giorno fabbisogni diario di lavorazione note di produzione scena girata<\/p>\n\n\t\n\t\t\n5\u00b0 e 6\u00b0 Giorno di Lavorazione\n<p>Sceneggiatura Ordine del Giorno Fabbisogni Diario di Lavorazione Note di Produzione Diario di Lavorazione del 6\u00b0 giorno Note di Produzione scena girata<\/p>\n\n\t\n\t\t\n4\u00b0 Giorno di Lavorazione\n<p>Sceneggiatura Ordine del Giorno Fabbisogni Diario di lavorazione Note di produzione scena girata<\/p>\n\n\t\n\t\t\n3\u00b0 Giorno di Lavorazione\n<p>sceneggiatura (scena inedita) ordine del giorno fabbisogni diario di lavorazione note di produzione scena girata\u00a0<\/p>\n\n\t\n\t\t\n2\u00b0 giorno di lavorazione\n<p>sceneggiatura ordine del giorno fabbisogni diario di lavorazione note di produzione scena girata\u00a0<\/p>\n\n\t\n\t\t\n1\u00b0 giorno di lavorazione\n<p>sceneggiatura ordine del giorno fabbisogni diario di lavorazione note di produzione scena girata<\/p>\n\n\t\n\t\t<img loading=\"lazy\" decoding=\"async\" width=\"150\" height=\"150\" src=\"https:\/\/marechiarofilm.it\/wp-content\/uploads\/2013\/02\/mese-1-150x150.jpg\" class=\"attachment-thumbnail size-thumbnail wp-post-image\" alt=\"\" srcset=\"https:\/\/marechiarofilm.it\/wp-content\/uploads\/2013\/02\/mese-1-150x150.jpg 150w, https:\/\/marechiarofilm.it\/wp-content\/uploads\/2013\/02\/mese-1-60x60.jpg 60w, https:\/\/marechiarofilm.it\/wp-content\/uploads\/2013\/02\/mese-1-300x300.jpg 300w, https:\/\/marechiarofilm.it\/wp-content\/uploads\/2013\/02\/mese-1-240x240.jpg 240w\" sizes=\"auto, (max-width: 150px) 100vw, 150px\" \/>\nIl Mese del Documentario\n<p>Il 15 febbraio si \u00e8 concluso il Mese del Documentario,seguitissima rassegna nata dalla collaborazione tra la Casa del Cinema e l\u2019Associazione Doc\/It. L\u2019ultimo giorno \u00e8 stato dedicato alla cerimonia di premiazione\u00a0che ha visto la partecipazione di un gr<\/p>\n\n\t\n\t\t<img loading=\"lazy\" decoding=\"async\" width=\"150\" height=\"150\" src=\"https:\/\/marechiarofilm.it\/wp-content\/uploads\/2013\/02\/kino-1-150x150.jpg\" class=\"attachment-thumbnail size-thumbnail wp-post-image\" alt=\"\" srcset=\"https:\/\/marechiarofilm.it\/wp-content\/uploads\/2013\/02\/kino-1-150x150.jpg 150w, https:\/\/marechiarofilm.it\/wp-content\/uploads\/2013\/02\/kino-1-60x60.jpg 60w, https:\/\/marechiarofilm.it\/wp-content\/uploads\/2013\/02\/kino-1-300x300.jpg 300w, https:\/\/marechiarofilm.it\/wp-content\/uploads\/2013\/02\/kino-1-240x240.jpg 240w\" sizes=\"auto, (max-width: 150px) 100vw, 150px\" \/>\nBuon Compleanno al Kino\n<p>Auguri al cinema-bistrot\u00a0Il Kino\u00a0di Roma, che il 15 febbraio ha compiuto 2 anni. Una piccola realt\u00e0 che si fa sempre pi\u00f9 grande grazie all\u2019impegno e all\u2019 entusiasmo di un gruppo di giovani appassionati che ha condiviso un sogno e, attraverso la parteci<\/p>\n\n\t\n\t\t<img loading=\"lazy\" decoding=\"async\" width=\"150\" height=\"150\" src=\"https:\/\/marechiarofilm.it\/wp-content\/uploads\/2013\/02\/stefano-rulli_full-1-150x150.jpg\" class=\"attachment-thumbnail size-thumbnail wp-post-image\" alt=\"\" srcset=\"https:\/\/marechiarofilm.it\/wp-content\/uploads\/2013\/02\/stefano-rulli_full-1-150x150.jpg 150w, https:\/\/marechiarofilm.it\/wp-content\/uploads\/2013\/02\/stefano-rulli_full-1-60x60.jpg 60w, https:\/\/marechiarofilm.it\/wp-content\/uploads\/2013\/02\/stefano-rulli_full-1-300x300.jpg 300w, https:\/\/marechiarofilm.it\/wp-content\/uploads\/2013\/02\/stefano-rulli_full-1-240x240.jpg 240w\" sizes=\"auto, (max-width: 150px) 100vw, 150px\" \/>\nBuon lavoro caro Presidente\n<p>&nbsp; &nbsp; &nbsp; &nbsp; &nbsp; &nbsp; &nbsp; &nbsp; I nostri migliori auguri\u00a0a Stefano Rulli, nuovo presidente del Centro Sperimentale di Cinematografia, sicuri che la generosit\u00e0 e onest\u00e0 intellettuale, gi\u00e0 dimostrate durante la\u00a0 presidenza dell\u2019as<\/p>\n\n\t\n\t\t<img loading=\"lazy\" decoding=\"async\" width=\"150\" height=\"150\" src=\"https:\/\/marechiarofilm.it\/wp-content\/uploads\/2013\/02\/kilometrozero-1-150x150.jpg\" class=\"attachment-thumbnail size-thumbnail wp-post-image\" alt=\"\" srcset=\"https:\/\/marechiarofilm.it\/wp-content\/uploads\/2013\/02\/kilometrozero-1-150x150.jpg 150w, https:\/\/marechiarofilm.it\/wp-content\/uploads\/2013\/02\/kilometrozero-1-60x60.jpg 60w, https:\/\/marechiarofilm.it\/wp-content\/uploads\/2013\/02\/kilometrozero-1-300x300.jpg 300w, https:\/\/marechiarofilm.it\/wp-content\/uploads\/2013\/02\/kilometrozero-1-240x240.jpg 240w\" sizes=\"auto, (max-width: 150px) 100vw, 150px\" \/>\nKilometrozero Decamerone da Roma Est\n<p>Complimenti a Kilometrozero: Decamerone da Roma Est. Un incontro sperimentale tra tre realt\u00e0:\u00a0scrittori, pubblico e lettori (registi, attori, musicisti) con un\u2019unica cosa in comune: Roma Est, come luogo di provenienza, di domicilio o di semplice freque<\/p>\n\n\t\n\t\t<img loading=\"lazy\" decoding=\"async\" width=\"150\" height=\"150\" src=\"https:\/\/marechiarofilm.it\/wp-content\/uploads\/2013\/03\/mineo-1-150x150.jpg\" class=\"attachment-thumbnail size-thumbnail wp-post-image\" alt=\"\" srcset=\"https:\/\/marechiarofilm.it\/wp-content\/uploads\/2013\/03\/mineo-1-150x150.jpg 150w, https:\/\/marechiarofilm.it\/wp-content\/uploads\/2013\/03\/mineo-1-60x60.jpg 60w, https:\/\/marechiarofilm.it\/wp-content\/uploads\/2013\/03\/mineo-1-300x300.jpg 300w, https:\/\/marechiarofilm.it\/wp-content\/uploads\/2013\/03\/mineo-1-240x240.jpg 240w\" sizes=\"auto, (max-width: 150px) 100vw, 150px\" \/>\nMineo Housing di Cinzia Castan\u00eca\n<p>Mercoled\u00ec 6 marzo &#8211; Cinema King di Catania ore 18.00 &#8211; 19,30 &#8211; 21.00 alla proiezione delle 21.00 sar\u00e0 presente l&#8217;autrice In mezzo a una distesa di agrumeti, nel cuore della Sicilia, a ridosso di una statale vagano sull\u2019asfalto dei giovani immigrati. Co<\/p>\n\n\t\n\t\t<img loading=\"lazy\" decoding=\"async\" width=\"150\" height=\"150\" src=\"https:\/\/marechiarofilm.it\/wp-content\/uploads\/2013\/03\/la_ballerina_cosmica1-1-150x150.jpg\" class=\"attachment-thumbnail size-thumbnail wp-post-image\" alt=\"\" srcset=\"https:\/\/marechiarofilm.it\/wp-content\/uploads\/2013\/03\/la_ballerina_cosmica1-1-150x150.jpg 150w, https:\/\/marechiarofilm.it\/wp-content\/uploads\/2013\/03\/la_ballerina_cosmica1-1-60x60.jpg 60w, https:\/\/marechiarofilm.it\/wp-content\/uploads\/2013\/03\/la_ballerina_cosmica1-1-240x240.jpg 240w\" sizes=\"auto, (max-width: 150px) 100vw, 150px\" \/>\nLa ballerina cosmica di Linda Ferri\n<p>L&#8217;eclettica e brillante Linda Ferri, sceneggiatrice, scrittrice e illustratrice, ha dato vita a un piccolo capolavoro, tanto delicato quanto poetico. Un inno illustrato all&#8217;immaginazione e un omaggio alla danza come strumento di autodeterminazione. La<\/p>\n\n\t\n\t\t<img loading=\"lazy\" decoding=\"async\" width=\"150\" height=\"150\" src=\"https:\/\/marechiarofilm.it\/wp-content\/uploads\/2015\/11\/forb4-150x150.jpg\" class=\"attachment-thumbnail size-thumbnail wp-post-image\" alt=\"\" srcset=\"https:\/\/marechiarofilm.it\/wp-content\/uploads\/2015\/11\/forb4-150x150.jpg 150w, https:\/\/marechiarofilm.it\/wp-content\/uploads\/2015\/11\/forb4-60x60.jpg 60w, https:\/\/marechiarofilm.it\/wp-content\/uploads\/2015\/11\/forb4-300x300.jpg 300w, https:\/\/marechiarofilm.it\/wp-content\/uploads\/2015\/11\/forb4-240x240.jpg 240w\" sizes=\"auto, (max-width: 150px) 100vw, 150px\" \/>\n&#8220;Forbici&#8221;selezionato al Video Festival di Imperia\n<p>Forbici\u00a0 il cortometraggio di animazione di Maria Di Razza, selezionato all&#8217;ottava edizione del Video Festival di Imperia, dal 23 al 26 aprile 2013 presso l&#8217;\u00a0Auditorium Camera di Commercio\u00a0di Imperia. Realizzato nell&#8217;ambito del film partecipato Oggi in<\/p>\n\n\t\n\t\t\nLa regista Antonietta De Lillo incontra gli allievi della Scuola Cinematografica Volont\u00e8\n<p>Venerd\u00ec 22 Marzo, dalle 10 alle 13, presso la scuola d&#8217;Arte Cinematografica Gian Maria Volont\u00e8, \u00a0la regista Antonietta De Lillo condurr\u00e0 l&#8217;incontro dedicato ai\u00a0linguaggi e\u00a0all\u2019estetica dei media digitali, con particolare riferimento alle nuove modalit\u00e0<\/p>\n\n\t\n\t\t<img loading=\"lazy\" decoding=\"async\" width=\"150\" height=\"150\" src=\"https:\/\/marechiarofilm.it\/wp-content\/uploads\/2013\/03\/mineo-1-150x150.jpg\" class=\"attachment-thumbnail size-thumbnail wp-post-image\" alt=\"\" srcset=\"https:\/\/marechiarofilm.it\/wp-content\/uploads\/2013\/03\/mineo-1-150x150.jpg 150w, https:\/\/marechiarofilm.it\/wp-content\/uploads\/2013\/03\/mineo-1-60x60.jpg 60w, https:\/\/marechiarofilm.it\/wp-content\/uploads\/2013\/03\/mineo-1-300x300.jpg 300w, https:\/\/marechiarofilm.it\/wp-content\/uploads\/2013\/03\/mineo-1-240x240.jpg 240w\" sizes=\"auto, (max-width: 150px) 100vw, 150px\" \/>\nMineo Housing al Kino\n<p>Marted\u00ec 26 Marzo, Cinzia Castan\u00eca sar\u00e0 al Kino (Roma) per presentare \u2018Mineo Housing\u2019, il suo viaggio nella nascita di un CARA (Centro di Accoglienza per Richiedenti Asilo), un viaggio tra le facce, le speranze e le sofferenze delle 3000 persone che vi<\/p>\n\n\t\n\t\t<img loading=\"lazy\" decoding=\"async\" width=\"150\" height=\"150\" src=\"https:\/\/marechiarofilm.it\/wp-content\/uploads\/2013\/03\/book-1-150x150.jpg\" class=\"attachment-thumbnail size-thumbnail wp-post-image\" alt=\"\" srcset=\"https:\/\/marechiarofilm.it\/wp-content\/uploads\/2013\/03\/book-1-150x150.jpg 150w, https:\/\/marechiarofilm.it\/wp-content\/uploads\/2013\/03\/book-1-60x60.jpg 60w, https:\/\/marechiarofilm.it\/wp-content\/uploads\/2013\/03\/book-1-300x300.jpg 300w, https:\/\/marechiarofilm.it\/wp-content\/uploads\/2013\/03\/book-1-240x240.jpg 240w\" sizes=\"auto, (max-width: 150px) 100vw, 150px\" \/>\nPresentazione della IIa edizione del Premio Bookciak,azione!\n<p>Venerd\u00ec\u00a05 aprile 2013 ore 17.00\u00a0alla\u00a0Scuola di cinema documentario Cesare Zavattini, Roma via Ostiense 106 (Archivio audiovisivo del movimento operaio e democratico), presentazione della IIa edizione del Premio Bookciak, azione! Anche quest&#8217;anno il por<\/p>\n\n\t\n\t\t<img loading=\"lazy\" decoding=\"async\" width=\"150\" height=\"150\" src=\"https:\/\/marechiarofilm.it\/wp-content\/uploads\/2013\/03\/merini-1-150x150.jpg\" class=\"attachment-thumbnail size-thumbnail wp-post-image\" alt=\"\" srcset=\"https:\/\/marechiarofilm.it\/wp-content\/uploads\/2013\/03\/merini-1-150x150.jpg 150w, https:\/\/marechiarofilm.it\/wp-content\/uploads\/2013\/03\/merini-1-60x60.jpg 60w, https:\/\/marechiarofilm.it\/wp-content\/uploads\/2013\/03\/merini-1-300x300.jpg 300w, https:\/\/marechiarofilm.it\/wp-content\/uploads\/2013\/03\/merini-1-240x240.jpg 240w\" sizes=\"auto, (max-width: 150px) 100vw, 150px\" \/>\nFrammenti d&#8217;Amore: conversazione con Alda Merini\n<p>E&#8217; iniziato il montaggio di\u00a0Frammenti d&#8217;amore. Conversazioni con Alda Merini.\u00a0Antonietta De Lillo, a distanza di quasi vent&#8217;anni dal videoritratto della poetessa insieme all&#8217;attrice Licia Maglietta,\u00a0Ogni sedia ha il suo rumore,\u00a0realizzer\u00e0 un nuovo lavo<\/p>\n\n\t\n\t\t<img loading=\"lazy\" decoding=\"async\" width=\"150\" height=\"150\" src=\"https:\/\/marechiarofilm.it\/wp-content\/uploads\/2013\/04\/forbici-tracce-1-150x150.jpg\" class=\"attachment-thumbnail size-thumbnail wp-post-image\" alt=\"\" srcset=\"https:\/\/marechiarofilm.it\/wp-content\/uploads\/2013\/04\/forbici-tracce-1-150x150.jpg 150w, https:\/\/marechiarofilm.it\/wp-content\/uploads\/2013\/04\/forbici-tracce-1-60x60.jpg 60w, https:\/\/marechiarofilm.it\/wp-content\/uploads\/2013\/04\/forbici-tracce-1-300x300.jpg 300w, https:\/\/marechiarofilm.it\/wp-content\/uploads\/2013\/04\/forbici-tracce-1-240x240.jpg 240w\" sizes=\"auto, (max-width: 150px) 100vw, 150px\" \/>\n\u201cForbici\u201d selezionato al concorso Tracce Cinematografiche Film Festival\n<p>Forbici\u00a0 il cortometraggio di animazione di Maria Di Razza, selezionato alla seconda edizione del concorso nazionale di cortometraggi: Tracce Cinematografiche Film Festival, dal 21 al 26 maggio 2013 presso il Forte Sangallo di Nettuno (Rm). Realizzato<\/p>\n\n\t\n\t\t<img loading=\"lazy\" decoding=\"async\" width=\"150\" height=\"150\" src=\"https:\/\/marechiarofilm.it\/wp-content\/uploads\/2013\/04\/forbici-cortoons-1-150x150.jpg\" class=\"attachment-thumbnail size-thumbnail wp-post-image\" alt=\"\" srcset=\"https:\/\/marechiarofilm.it\/wp-content\/uploads\/2013\/04\/forbici-cortoons-1-150x150.jpg 150w, https:\/\/marechiarofilm.it\/wp-content\/uploads\/2013\/04\/forbici-cortoons-1-60x60.jpg 60w, https:\/\/marechiarofilm.it\/wp-content\/uploads\/2013\/04\/forbici-cortoons-1-240x240.jpg 240w\" sizes=\"auto, (max-width: 150px) 100vw, 150px\" \/>\n\u201cForbici\u201d in concorso al Cortoons Festival\n<p>&nbsp; &nbsp; &nbsp; &nbsp; &nbsp; &nbsp; &nbsp; Forbici\u00a0il cortometraggio di animazione di Maria Di Razza, selezionato alla X edizione di Cortoons, il\u00a0\u00a0Festival internazionale di cortometraggi di animazione,\u00a0dal 17 al 21 aprile 2013 al Teatro Palladiu<\/p>\n\n\t\n\t\t<img loading=\"lazy\" decoding=\"async\" width=\"150\" height=\"150\" src=\"https:\/\/marechiarofilm.it\/wp-content\/uploads\/2013\/04\/maria-de-medeiros-1-150x150.jpg\" class=\"attachment-thumbnail size-thumbnail wp-post-image\" alt=\"\" srcset=\"https:\/\/marechiarofilm.it\/wp-content\/uploads\/2013\/04\/maria-de-medeiros-1-150x150.jpg 150w, https:\/\/marechiarofilm.it\/wp-content\/uploads\/2013\/04\/maria-de-medeiros-1-60x60.jpg 60w, https:\/\/marechiarofilm.it\/wp-content\/uploads\/2013\/04\/maria-de-medeiros-1-300x300.jpg 300w, https:\/\/marechiarofilm.it\/wp-content\/uploads\/2013\/04\/maria-de-medeiros-1-240x240.jpg 240w\" sizes=\"auto, (max-width: 150px) 100vw, 150px\" \/>\nIl Resto Di Niente al Festival du Film de Beauvais (France)\n<p>La 23\u00b0 edizione del Festival du Film de Beauvais (Francia) rende omaggio alla cultura cinematografica portoghese. La programmazione di mercoled\u00ec 10 prevede la proiezione del film Il Resto Di Niente di Antonietta De Lillo, all&#8217;interno di una retrospetti<\/p>\n\n\t\n\t\t<img loading=\"lazy\" decoding=\"async\" width=\"150\" height=\"150\" src=\"https:\/\/marechiarofilm.it\/wp-content\/uploads\/2013\/04\/cortodidonne-150x150.jpg\" class=\"attachment-thumbnail size-thumbnail wp-post-image\" alt=\"\" srcset=\"https:\/\/marechiarofilm.it\/wp-content\/uploads\/2013\/04\/cortodidonne-150x150.jpg 150w, https:\/\/marechiarofilm.it\/wp-content\/uploads\/2013\/04\/cortodidonne-60x60.jpg 60w, https:\/\/marechiarofilm.it\/wp-content\/uploads\/2013\/04\/cortodidonne-300x300.jpg 300w, https:\/\/marechiarofilm.it\/wp-content\/uploads\/2013\/04\/cortodidonne-240x240.jpg 240w\" sizes=\"auto, (max-width: 150px) 100vw, 150px\" \/>\nA Corto di Donne\n<p>Quaranta film, selezionati tra i circa 500 lavori iscritti da 52 paesi di tutto il mondo, saranno presentati in concorso nella sesta edizione di\u00a0A Corto di Donne, rassegna di cortometraggi al femminile, in programma a Pozzuoli (NA) dal\u00a018 al 21 aprile<\/p>\n\n\t\n\t\t<img loading=\"lazy\" decoding=\"async\" width=\"150\" height=\"150\" src=\"https:\/\/marechiarofilm.it\/wp-content\/uploads\/2013\/04\/mashrom-150x150.jpeg\" class=\"attachment-thumbnail size-thumbnail wp-post-image\" alt=\"\" srcset=\"https:\/\/marechiarofilm.it\/wp-content\/uploads\/2013\/04\/mashrom-150x150.jpeg 150w, https:\/\/marechiarofilm.it\/wp-content\/uploads\/2013\/04\/mashrom-60x60.jpeg 60w, https:\/\/marechiarofilm.it\/wp-content\/uploads\/2013\/04\/mashrom-300x300.jpeg 300w, https:\/\/marechiarofilm.it\/wp-content\/uploads\/2013\/04\/mashrom-240x240.jpeg 240w\" sizes=\"auto, (max-width: 150px) 100vw, 150px\" \/>\nAntonietta De Lillo al MashRome Film Fest\n<p>La regista Antonietta De Lillo, gi\u00e0 ideatrice del film partecipato Il Pranzo di Natale e Oggi insieme domani Anche, interverr\u00e0 il 9\u00a0maggio, ore 10.00 \u2013 13.00,\u00a0nel panel \u201cRemix is Everywhere\u201d all\u2019interno del\u00a0MAshRome Film Fest, presso Real Academia de E<\/p>\n\n\t\n\t\t<img loading=\"lazy\" decoding=\"async\" width=\"150\" height=\"150\" src=\"https:\/\/marechiarofilm.it\/wp-content\/uploads\/2013\/04\/25DICEMBRE-150x150.jpg\" class=\"attachment-thumbnail size-thumbnail wp-post-image\" alt=\"\" srcset=\"https:\/\/marechiarofilm.it\/wp-content\/uploads\/2013\/04\/25DICEMBRE-150x150.jpg 150w, https:\/\/marechiarofilm.it\/wp-content\/uploads\/2013\/04\/25DICEMBRE-60x60.jpg 60w, https:\/\/marechiarofilm.it\/wp-content\/uploads\/2013\/04\/25DICEMBRE-300x300.jpg 300w, https:\/\/marechiarofilm.it\/wp-content\/uploads\/2013\/04\/25DICEMBRE-240x240.jpg 240w\" sizes=\"auto, (max-width: 150px) 100vw, 150px\" \/>\n25 di dicembre di Matilde De Feo vince al festival A Corto di Donne\n<p>25 di Dicembre\u00a0di Matilde De Feo si aggiudica il premio per il miglior corto nella sezione Videoarte\u00a0 25 dicembre \u00e8 stato realizzato nell\u2019ambito del progetto\u00a0Il Pranzo di Natale \u2013 film partecipato, \u00e8 un corto sul ritmo compulsivo e tribale del Natale :<\/p>\n\n\t\n\t\t<img loading=\"lazy\" decoding=\"async\" width=\"150\" height=\"150\" src=\"https:\/\/marechiarofilm.it\/wp-content\/uploads\/2015\/11\/forbici2-150x150.jpg\" class=\"attachment-thumbnail size-thumbnail wp-post-image\" alt=\"\" srcset=\"https:\/\/marechiarofilm.it\/wp-content\/uploads\/2015\/11\/forbici2-150x150.jpg 150w, https:\/\/marechiarofilm.it\/wp-content\/uploads\/2015\/11\/forbici2-60x60.jpg 60w, https:\/\/marechiarofilm.it\/wp-content\/uploads\/2015\/11\/forbici2-300x300.jpg 300w, https:\/\/marechiarofilm.it\/wp-content\/uploads\/2015\/11\/forbici2-240x240.jpg 240w\" sizes=\"auto, (max-width: 150px) 100vw, 150px\" \/>\nForbici premiato al Video Festival di Imperia\n<p>Forbici di Maria di Razza vince al Video Festival di Imperia nella categoria animazione\/professionisti La violenza sulla donna, che trova il suo apice nel femminicidio, non ha una matrice dominante. Non c&#8217;\u00e8 un censo, una cultura, una prossimit\u00e0, o un&#8217;e<\/p>\n\n\t\n\t\t<img loading=\"lazy\" decoding=\"async\" width=\"150\" height=\"150\" src=\"https:\/\/marechiarofilm.it\/wp-content\/uploads\/2013\/05\/materiali-150x150.jpg\" class=\"attachment-thumbnail size-thumbnail wp-post-image\" alt=\"\" srcset=\"https:\/\/marechiarofilm.it\/wp-content\/uploads\/2013\/05\/materiali-150x150.jpg 150w, https:\/\/marechiarofilm.it\/wp-content\/uploads\/2013\/05\/materiali-60x60.jpg 60w, https:\/\/marechiarofilm.it\/wp-content\/uploads\/2013\/05\/materiali-300x300.jpg 300w, https:\/\/marechiarofilm.it\/wp-content\/uploads\/2013\/05\/materiali-240x240.jpg 240w\" sizes=\"auto, (max-width: 150px) 100vw, 150px\" \/>\nMateriali d\u2019amore all&#8217; Apollo Undici\n<p>L\u2019Amore in due appuntamenti con Materiali d\u2019amore marted\u00ec 14 e marted\u00ec 21 maggio ore 20:30 Apollo Undici \u2013 Via Nino Bixio angolo via Conte Verde (piazza Vittorio) \u00a0E\u2019 stata sul web a gennaio, grazie alla piattaforma mymovieslive!, la rassegna curata da<\/p>\n\n\t\n\t\t<img loading=\"lazy\" decoding=\"async\" width=\"150\" height=\"150\" src=\"https:\/\/marechiarofilm.it\/wp-content\/uploads\/2013\/05\/img_2493-1-150x150.jpg\" class=\"attachment-thumbnail size-thumbnail wp-post-image\" alt=\"\" srcset=\"https:\/\/marechiarofilm.it\/wp-content\/uploads\/2013\/05\/img_2493-1-150x150.jpg 150w, https:\/\/marechiarofilm.it\/wp-content\/uploads\/2013\/05\/img_2493-1-60x60.jpg 60w, https:\/\/marechiarofilm.it\/wp-content\/uploads\/2013\/05\/img_2493-1-240x240.jpg 240w\" sizes=\"auto, (max-width: 150px) 100vw, 150px\" \/>\nIl Film Partecipato trattato al MashRome Film Fest\n<p>Panel REMIX IS EVERYWHERE Tutto \u00e8 Remix: il processo di mixare materiali da fonti diverse, che siano suoni, letteratura o musica pop, ha una dignit\u00e0 artistica. Cos&#8217;\u00e8 il film partecipato? E&#8217; anch&#8217;esso un remix? e in che forma? quali sono le modalit\u00e0? \u201cR<\/p>\n\n\t\n\t\t<img loading=\"lazy\" decoding=\"async\" width=\"150\" height=\"150\" src=\"https:\/\/marechiarofilm.it\/wp-content\/uploads\/2013\/05\/corto-di-donne-150x150.jpg\" class=\"attachment-thumbnail size-thumbnail wp-post-image\" alt=\"\" srcset=\"https:\/\/marechiarofilm.it\/wp-content\/uploads\/2013\/05\/corto-di-donne-150x150.jpg 150w, https:\/\/marechiarofilm.it\/wp-content\/uploads\/2013\/05\/corto-di-donne-60x60.jpg 60w, https:\/\/marechiarofilm.it\/wp-content\/uploads\/2013\/05\/corto-di-donne-300x300.jpg 300w, https:\/\/marechiarofilm.it\/wp-content\/uploads\/2013\/05\/corto-di-donne-240x240.jpg 240w\" sizes=\"auto, (max-width: 150px) 100vw, 150px\" \/>\n&#8220;A Corto di Donne&#8221; premiazioni, sorrisi e momenti\n<p>foto di Giulia Piccione La sesta edizione di\u00a0A Corto di Donne, rassegna di cortometraggi al femminile, si \u00e8 svolta a Pozzuoli (NA), presso le Terme Stufe di Nerone e la Biblioteca di Palazzo Toledo, dal\u00a018 al 21 aprile 2013. A seguire le premiazioni co<\/p>\n\n\t\n\t\t\nFili Invisibili di Andrea Papini alla XI edizione dell&#8217;Ischia Film Festival\n<p>Fili Invisibili di Andrea Papini, prodotto e distribuito da\u00a0Immaginidistribuzione in collaborazione con marechiarofilm,\u00a0\u00e8 stato selezionato nella sezione documentari fuori concorso all&#8217;Ischia Film Festival. Dal 29 giugno al 6 luglio 2013, l\u2019isola verde<\/p>\n\n\t\n\t\t<img loading=\"lazy\" decoding=\"async\" width=\"150\" height=\"150\" src=\"https:\/\/marechiarofilm.it\/wp-content\/uploads\/2013\/06\/torta-150x150.jpg\" class=\"attachment-thumbnail size-thumbnail wp-post-image\" alt=\"\" srcset=\"https:\/\/marechiarofilm.it\/wp-content\/uploads\/2013\/06\/torta-150x150.jpg 150w, https:\/\/marechiarofilm.it\/wp-content\/uploads\/2013\/06\/torta-60x60.jpg 60w, https:\/\/marechiarofilm.it\/wp-content\/uploads\/2013\/06\/torta-300x300.jpg 300w, https:\/\/marechiarofilm.it\/wp-content\/uploads\/2013\/06\/torta-240x240.jpg 240w\" sizes=\"auto, (max-width: 150px) 100vw, 150px\" \/>\nUna torta per la vita\n<p>Il taglio della torta, negli anni, ha acquisito sempre pi\u00f9 importanza e dedizione, decretato come uno dei momenti topici della cerimonia nuziale; l\u2019atto che sancisce la fine della festa e \u00a0del\u00a0 rito. Negli ultimi anni, la possibilit\u00e0 di personalizzare<\/p>\n\n\t\n\t\t<img loading=\"lazy\" decoding=\"async\" width=\"150\" height=\"150\" src=\"https:\/\/marechiarofilm.it\/wp-content\/uploads\/2013\/06\/maria-e-ant-lido-1-150x150.jpg\" class=\"attachment-thumbnail size-thumbnail wp-post-image\" alt=\"\" srcset=\"https:\/\/marechiarofilm.it\/wp-content\/uploads\/2013\/06\/maria-e-ant-lido-1-150x150.jpg 150w, https:\/\/marechiarofilm.it\/wp-content\/uploads\/2013\/06\/maria-e-ant-lido-1-60x60.jpg 60w, https:\/\/marechiarofilm.it\/wp-content\/uploads\/2013\/06\/maria-e-ant-lido-1-300x300.jpg 300w, https:\/\/marechiarofilm.it\/wp-content\/uploads\/2013\/06\/maria-e-ant-lido-1-240x240.jpg 240w\" sizes=\"auto, (max-width: 150px) 100vw, 150px\" \/>\nAntonietta De Lillo e Maria De Medeiros alla 61\u00aa Mostra internazionale d&#8217;arte cinematografica di Venezia\n<p>&#8220;E&#8217; come se regista e attrice, De Lillo e De Medeiros, si confrontassero e si inseguissero fino a divenire una sola persona, Eleonora Pimentel de Fonseca. Nel 1799, un gruppo di giovani aristocratici napoletani rimette in scena la Rivoluzione Francese.<\/p>\n\n\t\n\t\t<img loading=\"lazy\" decoding=\"async\" width=\"150\" height=\"150\" src=\"https:\/\/marechiarofilm.it\/wp-content\/uploads\/2013\/10\/lennon-150x150.jpeg\" class=\"attachment-thumbnail size-thumbnail wp-post-image\" alt=\"\" srcset=\"https:\/\/marechiarofilm.it\/wp-content\/uploads\/2013\/10\/lennon-150x150.jpeg 150w, https:\/\/marechiarofilm.it\/wp-content\/uploads\/2013\/10\/lennon-60x60.jpeg 60w, https:\/\/marechiarofilm.it\/wp-content\/uploads\/2013\/10\/lennon-300x300.jpeg 300w, https:\/\/marechiarofilm.it\/wp-content\/uploads\/2013\/10\/lennon-240x240.jpeg 240w\" sizes=\"auto, (max-width: 150px) 100vw, 150px\" \/>\nScatti d&#8217;amore\n<p>Essere fotografati come marito e moglie, come in questo audace e famigerato ritratto di John Lennon e Yoko Ono, \u00e8 sorprendente quanto l\u2019adorazione che li legava l\u2019uno all\u2019altra. Quando nel 1980 Annie Leibovitz propose a John Lennon di posare per la cop<\/p>\n\n\t\n\t\t<img loading=\"lazy\" decoding=\"async\" width=\"150\" height=\"150\" src=\"https:\/\/marechiarofilm.it\/wp-content\/uploads\/2015\/10\/lamore_e_una_scarpa-150x150.png\" class=\"attachment-thumbnail size-thumbnail wp-post-image\" alt=\"\" srcset=\"https:\/\/marechiarofilm.it\/wp-content\/uploads\/2015\/10\/lamore_e_una_scarpa-150x150.png 150w, https:\/\/marechiarofilm.it\/wp-content\/uploads\/2015\/10\/lamore_e_una_scarpa-60x60.png 60w, https:\/\/marechiarofilm.it\/wp-content\/uploads\/2015\/10\/lamore_e_una_scarpa-300x300.png 300w, https:\/\/marechiarofilm.it\/wp-content\/uploads\/2015\/10\/lamore_e_una_scarpa-240x240.png 240w\" sizes=\"auto, (max-width: 150px) 100vw, 150px\" \/>\nL&#8217;AMORE \u00c8 UNA SCARPA COMODA\n<p>L\u2019amore \u00e8 una scarpa comoda \u00e8 un\u2019inchiesta di e con Fabiomassimo Lozzi realizzata al RomaPride2012 nell\u2019ambito del progetto di film partecipato sull\u2019amore della marechiarofilm. Una carrellata di colori, di volti, di storie, di persone che amano e di pe<\/p>\n\n\t\n\t\t<img loading=\"lazy\" decoding=\"async\" width=\"150\" height=\"150\" src=\"https:\/\/marechiarofilm.it\/wp-content\/uploads\/2013\/10\/rdn-earrings-8-150x150.jpg\" class=\"attachment-thumbnail size-thumbnail wp-post-image\" alt=\"\" srcset=\"https:\/\/marechiarofilm.it\/wp-content\/uploads\/2013\/10\/rdn-earrings-8-150x150.jpg 150w, https:\/\/marechiarofilm.it\/wp-content\/uploads\/2013\/10\/rdn-earrings-8-60x60.jpg 60w, https:\/\/marechiarofilm.it\/wp-content\/uploads\/2013\/10\/rdn-earrings-8-300x300.jpg 300w, https:\/\/marechiarofilm.it\/wp-content\/uploads\/2013\/10\/rdn-earrings-8-240x240.jpg 240w\" sizes=\"auto, (max-width: 150px) 100vw, 150px\" \/>\nIl Resto di Niente secondo Apollonia Striano\n<p>In occasione del convegno AIPI del 15 Agosto 2012, Apollonia Striano, \u00a0dottore di ricerca in Italianistica alla Federico II e dottore di ricerca\u00a0in Letterature romanze l&#8217;Orientale, scrive questo articolo: La trasposizione cinematografica di un best sel<\/p>\n\n\t\n\t\t<img loading=\"lazy\" decoding=\"async\" width=\"150\" height=\"150\" src=\"https:\/\/marechiarofilm.it\/wp-content\/uploads\/2013\/10\/invito-150x150.jpg\" class=\"attachment-thumbnail size-thumbnail wp-post-image\" alt=\"\" srcset=\"https:\/\/marechiarofilm.it\/wp-content\/uploads\/2013\/10\/invito-150x150.jpg 150w, https:\/\/marechiarofilm.it\/wp-content\/uploads\/2013\/10\/invito-60x60.jpg 60w, https:\/\/marechiarofilm.it\/wp-content\/uploads\/2013\/10\/invito-300x300.jpg 300w, https:\/\/marechiarofilm.it\/wp-content\/uploads\/2013\/10\/invito-240x240.jpg 240w\" sizes=\"auto, (max-width: 150px) 100vw, 150px\" \/>\nIL NOSTRO FILM PARTECIPATO\n<p>A dicembre 2010 la marechiarofilm lancia su repubblica.it il primo film partecipato in Italia ideato da Antonietta De Lillo Il Pranzo di Natale. repubblica.it 7 dicembre 2010 &#8212;&#8212;- Un anno dopo, a novembre 2011, Il Pranzo di Natale viene presentato a<\/p>\n\n\t\n\t\t<img loading=\"lazy\" decoding=\"async\" width=\"150\" height=\"150\" src=\"https:\/\/marechiarofilm.it\/wp-content\/uploads\/2013\/11\/frammenti-damoresito-150x150.jpg\" class=\"attachment-thumbnail size-thumbnail wp-post-image\" alt=\"\" srcset=\"https:\/\/marechiarofilm.it\/wp-content\/uploads\/2013\/11\/frammenti-damoresito-150x150.jpg 150w, https:\/\/marechiarofilm.it\/wp-content\/uploads\/2013\/11\/frammenti-damoresito-60x60.jpg 60w, https:\/\/marechiarofilm.it\/wp-content\/uploads\/2013\/11\/frammenti-damoresito-300x300.jpg 300w, https:\/\/marechiarofilm.it\/wp-content\/uploads\/2013\/11\/frammenti-damoresito-240x240.jpg 240w\" sizes=\"auto, (max-width: 150px) 100vw, 150px\" \/>\nFRAMMENTI D&#8217;AMORE PER OIDA FILM PARTECIPATO\n<p>&nbsp; &nbsp; &nbsp; &nbsp; &nbsp; &nbsp; &nbsp; La presentazione del videoritratto La pazza della porta accanto di Antonietta De Lillo al Torino Film Festival nella sezione E intanto in Italia \u00e8 anche l\u2019occasione per parlare con la regista del film pa<\/p>\n\n\t\n\t\t\n32\u00b0 BFM &#8211; retrospettiva su Antonietta De Lillo\n\n\t\n\t\t<img loading=\"lazy\" decoding=\"async\" width=\"150\" height=\"150\" src=\"https:\/\/marechiarofilm.it\/wp-content\/uploads\/2014\/12\/streaming_home-europa-femminile-singolare-150x150.jpg\" class=\"attachment-thumbnail size-thumbnail wp-post-image\" alt=\"\" srcset=\"https:\/\/marechiarofilm.it\/wp-content\/uploads\/2014\/12\/streaming_home-europa-femminile-singolare-150x150.jpg 150w, https:\/\/marechiarofilm.it\/wp-content\/uploads\/2014\/12\/streaming_home-europa-femminile-singolare-60x60.jpg 60w, https:\/\/marechiarofilm.it\/wp-content\/uploads\/2014\/12\/streaming_home-europa-femminile-singolare-300x300.jpg 300w, https:\/\/marechiarofilm.it\/wp-content\/uploads\/2014\/12\/streaming_home-europa-femminile-singolare-240x240.jpg 240w\" sizes=\"auto, (max-width: 150px) 100vw, 150px\" \/>\nretrospettiva su Antonietta De Lillo al 32\u00b0 BFM\n<p>&nbsp; Non ho scelto deliberatamente di fare questo mestiere, in qualche modo mi sono lasciata\u00a0 trasportare\u00a0dagli eventi, dalle combinazioni della vita&#8230; e mi sono ritrovata a fare forse il pi\u00f9 bel lavoro possibile, quello di immaginare mondi diversi,<\/p>\n\n\t\n\t\t<img loading=\"lazy\" decoding=\"async\" width=\"150\" height=\"150\" src=\"https:\/\/marechiarofilm.it\/wp-content\/uploads\/2010\/05\/Immagine-5-150x150.jpg\" class=\"attachment-thumbnail size-thumbnail wp-post-image\" alt=\"\" srcset=\"https:\/\/marechiarofilm.it\/wp-content\/uploads\/2010\/05\/Immagine-5-150x150.jpg 150w, https:\/\/marechiarofilm.it\/wp-content\/uploads\/2010\/05\/Immagine-5-60x60.jpg 60w, https:\/\/marechiarofilm.it\/wp-content\/uploads\/2010\/05\/Immagine-5-300x300.jpg 300w, https:\/\/marechiarofilm.it\/wp-content\/uploads\/2010\/05\/Immagine-5-240x240.jpg 240w\" sizes=\"auto, (max-width: 150px) 100vw, 150px\" \/>\nAlda Merini al  Biografilm Festival di Bologna\n<p>BIOGRAFILM FESTIVAL DI BOLOGNA FOUNDFOOTAGE ALDA MERINI 20 ANNI DOPO masterclass con Antonietta De Lillo sabato 7 giugno ore 15, Cinema Lumi\u00e8re, Sala Scorsese A quasi vent&#8217;anni da Ogni sedia ha il suo rumore, ritratto a Alda Merini con Licia Maglietta<\/p>\n\n\t\n\t\t<img loading=\"lazy\" decoding=\"async\" width=\"150\" height=\"150\" src=\"https:\/\/marechiarofilm.it\/wp-content\/uploads\/2015\/10\/138_d063d8b7c1471349d2847c26ce4e4d8c_m-150x150.jpg\" class=\"attachment-thumbnail size-thumbnail wp-post-image\" alt=\"\" srcset=\"https:\/\/marechiarofilm.it\/wp-content\/uploads\/2015\/10\/138_d063d8b7c1471349d2847c26ce4e4d8c_m-150x150.jpg 150w, https:\/\/marechiarofilm.it\/wp-content\/uploads\/2015\/10\/138_d063d8b7c1471349d2847c26ce4e4d8c_m-60x60.jpg 60w, https:\/\/marechiarofilm.it\/wp-content\/uploads\/2015\/10\/138_d063d8b7c1471349d2847c26ce4e4d8c_m-300x300.jpg 300w, https:\/\/marechiarofilm.it\/wp-content\/uploads\/2015\/10\/138_d063d8b7c1471349d2847c26ce4e4d8c_m-240x240.jpg 240w\" sizes=\"auto, (max-width: 150px) 100vw, 150px\" \/>\n#scattodamore\n<p>Ecco una selezione dei primi scatti arrivati per il nostro contest fotografico #scattodamore &#8220;E ti vengo a cercare perch\u00e9 sto bene con te&#8221;. #scattodamore di Francesco Brizzi Un cane non se ne fa niente di macchine costose, case grandi o vestiti firmati<\/p>\n\n\t\n\t\t<img loading=\"lazy\" decoding=\"async\" width=\"150\" height=\"150\" src=\"https:\/\/marechiarofilm.it\/wp-content\/uploads\/2015\/10\/Slide_mostra_Oreste_Zevola51-150x150.jpg\" class=\"attachment-thumbnail size-thumbnail wp-post-image\" alt=\"\" srcset=\"https:\/\/marechiarofilm.it\/wp-content\/uploads\/2015\/10\/Slide_mostra_Oreste_Zevola51-150x150.jpg 150w, https:\/\/marechiarofilm.it\/wp-content\/uploads\/2015\/10\/Slide_mostra_Oreste_Zevola51-300x300.jpg 300w, https:\/\/marechiarofilm.it\/wp-content\/uploads\/2015\/10\/Slide_mostra_Oreste_Zevola51-768x768.jpg 768w, https:\/\/marechiarofilm.it\/wp-content\/uploads\/2015\/10\/Slide_mostra_Oreste_Zevola51-60x60.jpg 60w, https:\/\/marechiarofilm.it\/wp-content\/uploads\/2015\/10\/Slide_mostra_Oreste_Zevola51-240x240.jpg 240w, https:\/\/marechiarofilm.it\/wp-content\/uploads\/2015\/10\/Slide_mostra_Oreste_Zevola51.jpg 780w\" sizes=\"auto, (max-width: 150px) 100vw, 150px\" \/>\nQuel mio Settecento di oreste zevola\n<p>19 agosto 2006 I disegni per Il resto di niente o pi\u00f9 esattamente le tempere realizzate per il film Il resto di niente sono state sicuramente il risultato di un&#8217;esperienza unica nel mio lavoro di questi ultimi anni. Ricordo che la prima volta che Anton<\/p>\n\n\t\n\t\t<img loading=\"lazy\" decoding=\"async\" width=\"150\" height=\"150\" src=\"https:\/\/marechiarofilm.it\/wp-content\/uploads\/2014\/12\/lets-go-150x150.jpg\" class=\"attachment-thumbnail size-thumbnail wp-post-image\" alt=\"\" srcset=\"https:\/\/marechiarofilm.it\/wp-content\/uploads\/2014\/12\/lets-go-150x150.jpg 150w, https:\/\/marechiarofilm.it\/wp-content\/uploads\/2014\/12\/lets-go-60x60.jpg 60w, https:\/\/marechiarofilm.it\/wp-content\/uploads\/2014\/12\/lets-go-300x300.jpg 300w, https:\/\/marechiarofilm.it\/wp-content\/uploads\/2014\/12\/lets-go-240x240.jpg 240w\" sizes=\"auto, (max-width: 150px) 100vw, 150px\" \/>\nL&#8217;altrove ci (ri)guarda di Sara De Simone\n<p>Luca Musella, fotografo, artista e scrittore, \u00e8 un esodato. Non solo perch\u00e9 ha perso il lavoro, ma anche e soprattutto perch\u00e9, perdendolo, \u00e8 uscito da una vita per entrare in un&#8217;altra. L&#8217;Esodo di Luca non \u00e8 nel deserto del Sinai ma a Milano, la citt\u00e0 d<\/p>\n\n\t\n\t\t<img loading=\"lazy\" decoding=\"async\" width=\"150\" height=\"150\" src=\"https:\/\/marechiarofilm.it\/wp-content\/uploads\/2010\/05\/banner-rdn-287x215-copia-150x150.jpg\" class=\"attachment-thumbnail size-thumbnail wp-post-image\" alt=\"\" srcset=\"https:\/\/marechiarofilm.it\/wp-content\/uploads\/2010\/05\/banner-rdn-287x215-copia-150x150.jpg 150w, https:\/\/marechiarofilm.it\/wp-content\/uploads\/2010\/05\/banner-rdn-287x215-copia-60x60.jpg 60w\" sizes=\"auto, (max-width: 150px) 100vw, 150px\" \/>\nProgetto IL RESTO DI NIENTE\n<p>&nbsp; &nbsp; &nbsp; A 10 anni dall\u2019uscita nelle sale de Il Resto di Niente, il Coordinamento Festival Cinematografici Campania e marechiarofilm, in collaborazione con il Comune di Napoli &#8211; Assessorato alla Cultura e al Turismo e con il patrocinio di R<\/p>\n\n\t\n\t\t<img loading=\"lazy\" decoding=\"async\" width=\"150\" height=\"150\" src=\"https:\/\/marechiarofilm.it\/wp-content\/uploads\/2015\/11\/06-150x150.jpg\" class=\"attachment-thumbnail size-thumbnail wp-post-image\" alt=\"\" srcset=\"https:\/\/marechiarofilm.it\/wp-content\/uploads\/2015\/11\/06-150x150.jpg 150w, https:\/\/marechiarofilm.it\/wp-content\/uploads\/2015\/11\/06-60x60.jpg 60w, https:\/\/marechiarofilm.it\/wp-content\/uploads\/2015\/11\/06-300x300.jpg 300w, https:\/\/marechiarofilm.it\/wp-content\/uploads\/2015\/11\/06-240x240.jpg 240w\" sizes=\"auto, (max-width: 150px) 100vw, 150px\" \/>\nProgrammazione IL RESTO DI NIENTE\n<p>Il Resto di Niente \u202a#\u200edieciannidopo\u202c A 10 anni dall\u2019uscita nelle sale de Il Resto di Niente, marechiarofilm in collaborazione con Lo Scrittoio offre al pubblico la possibilit\u00e0 di vedere e rivedere il film sul grande schermo A Roma &#8211; appuntamento al Kin<\/p>\n\n\t\n\t\t<img loading=\"lazy\" decoding=\"async\" width=\"150\" height=\"150\" src=\"https:\/\/marechiarofilm.it\/wp-content\/uploads\/2016\/01\/Schermata-2017-02-02-alle-13.59.27-150x150.png\" class=\"attachment-thumbnail size-thumbnail wp-post-image\" alt=\"\" srcset=\"https:\/\/marechiarofilm.it\/wp-content\/uploads\/2016\/01\/Schermata-2017-02-02-alle-13.59.27-150x150.png 150w, https:\/\/marechiarofilm.it\/wp-content\/uploads\/2016\/01\/Schermata-2017-02-02-alle-13.59.27-60x60.png 60w, https:\/\/marechiarofilm.it\/wp-content\/uploads\/2016\/01\/Schermata-2017-02-02-alle-13.59.27-300x300.png 300w, https:\/\/marechiarofilm.it\/wp-content\/uploads\/2016\/01\/Schermata-2017-02-02-alle-13.59.27-240x240.png 240w\" sizes=\"auto, (max-width: 150px) 100vw, 150px\" \/>\ndue giorni di incontri e proiezioni a Casa del Cinema\n<p>Usa e getta non \u00e8 un convegno n\u00e9 una rassegna. Piuttosto due giorni di incontri aperti e libere riflessioni su che cos\u2019\u00e8 il found footage e su come si sono evoluti\u00a0 nel corso del tempo il suo l\u2019utilizzo e la relativa teorizzazione. Il found footage, ne<\/p>\n\n\t\n\t\t<img loading=\"lazy\" decoding=\"async\" width=\"150\" height=\"150\" src=\"https:\/\/marechiarofilm.it\/wp-content\/uploads\/2016\/02\/Schermata-2017-02-02-alle-17.20.58-150x150.png\" class=\"attachment-thumbnail size-thumbnail wp-post-image\" alt=\"\" srcset=\"https:\/\/marechiarofilm.it\/wp-content\/uploads\/2016\/02\/Schermata-2017-02-02-alle-17.20.58-150x150.png 150w, https:\/\/marechiarofilm.it\/wp-content\/uploads\/2016\/02\/Schermata-2017-02-02-alle-17.20.58-60x60.png 60w, https:\/\/marechiarofilm.it\/wp-content\/uploads\/2016\/02\/Schermata-2017-02-02-alle-17.20.58-300x300.png 300w, https:\/\/marechiarofilm.it\/wp-content\/uploads\/2016\/02\/Schermata-2017-02-02-alle-17.20.58-240x240.png 240w\" sizes=\"auto, (max-width: 150px) 100vw, 150px\" \/>\nI Tesori nascosti del Found Footage di Ester de Miro\n<p>Alias del 30 gennaio 2016 su Il Manifesto &nbsp;<\/p>\n\n\t\n\t\t<img loading=\"lazy\" decoding=\"async\" width=\"150\" height=\"150\" src=\"https:\/\/marechiarofilm.it\/wp-content\/uploads\/2016\/02\/Schermata-2017-02-02-alle-17.07.40-150x150.png\" class=\"attachment-thumbnail size-thumbnail wp-post-image\" alt=\"\" srcset=\"https:\/\/marechiarofilm.it\/wp-content\/uploads\/2016\/02\/Schermata-2017-02-02-alle-17.07.40-150x150.png 150w, https:\/\/marechiarofilm.it\/wp-content\/uploads\/2016\/02\/Schermata-2017-02-02-alle-17.07.40-60x60.png 60w, https:\/\/marechiarofilm.it\/wp-content\/uploads\/2016\/02\/Schermata-2017-02-02-alle-17.07.40-300x300.png 300w, https:\/\/marechiarofilm.it\/wp-content\/uploads\/2016\/02\/Schermata-2017-02-02-alle-17.07.40-240x240.png 240w\" sizes=\"auto, (max-width: 150px) 100vw, 150px\" \/>\nQuel sentimento scabroso che distrugge il mondo di Fabiana Sargentini\n<p>Da Il Manifesto 9 febbraio 2016<\/p>\n\n\t\n\t\t<img loading=\"lazy\" decoding=\"async\" width=\"150\" height=\"150\" src=\"https:\/\/marechiarofilm.it\/wp-content\/uploads\/2016\/02\/CINETECANAZIONALE_8309597018983049333_o-150x150.jpeg\" class=\"attachment-thumbnail size-thumbnail wp-post-image\" alt=\"\" srcset=\"https:\/\/marechiarofilm.it\/wp-content\/uploads\/2016\/02\/CINETECANAZIONALE_8309597018983049333_o-150x150.jpeg 150w, https:\/\/marechiarofilm.it\/wp-content\/uploads\/2016\/02\/CINETECANAZIONALE_8309597018983049333_o-60x60.jpeg 60w, https:\/\/marechiarofilm.it\/wp-content\/uploads\/2016\/02\/CINETECANAZIONALE_8309597018983049333_o-300x300.jpeg 300w, https:\/\/marechiarofilm.it\/wp-content\/uploads\/2016\/02\/CINETECANAZIONALE_8309597018983049333_o-240x240.jpeg 240w\" sizes=\"auto, (max-width: 150px) 100vw, 150px\" \/>\nOmaggio della Cineteca Nazionale a Antonietta De Lillo\n<p>&nbsp; \u00a0 Viaggio in Italia. Il cinema di Antonietta De Lillo Se esiste un termine cinefilo capace di racchiudere \u2013 senza per\u00f2 imprigionare! \u2013 il cinema di Antonietta De Lillo, \u00e8 sicuramente quello rosselliniano. L\u2019intero corpus filmografico \u00e8 infatti a<\/p>\n\n\t\n\t\t<img loading=\"lazy\" decoding=\"async\" width=\"150\" height=\"150\" src=\"https:\/\/marechiarofilm.it\/wp-content\/uploads\/2015\/11\/news-oida-150x150.jpg\" class=\"attachment-thumbnail size-thumbnail wp-post-image\" alt=\"\" srcset=\"https:\/\/marechiarofilm.it\/wp-content\/uploads\/2015\/11\/news-oida-150x150.jpg 150w, https:\/\/marechiarofilm.it\/wp-content\/uploads\/2015\/11\/news-oida-60x60.jpg 60w\" sizes=\"auto, (max-width: 150px) 100vw, 150px\" \/>\nRASSEGNA STAMPA &#8211; OIDA film partecipato\n<p>&nbsp; RASSEGNA STAMPA selezione\u00a0 RASSEGNA STAMPA presentazione al 33\u00b0 Torino Film Festival RASSEGNA STAMPA uscita nelle sale 2016 \u00a0<\/p>\n\n\t\n\t\t<img loading=\"lazy\" decoding=\"async\" width=\"150\" height=\"150\" src=\"https:\/\/marechiarofilm.it\/wp-content\/uploads\/2016\/09\/vanezia-150x150.jpg\" class=\"attachment-thumbnail size-thumbnail wp-post-image\" alt=\"\" srcset=\"https:\/\/marechiarofilm.it\/wp-content\/uploads\/2016\/09\/vanezia-150x150.jpg 150w, https:\/\/marechiarofilm.it\/wp-content\/uploads\/2016\/09\/vanezia-60x60.jpg 60w, https:\/\/marechiarofilm.it\/wp-content\/uploads\/2016\/09\/vanezia-300x300.jpg 300w, https:\/\/marechiarofilm.it\/wp-content\/uploads\/2016\/09\/vanezia-240x240.jpg 240w\" sizes=\"auto, (max-width: 150px) 100vw, 150px\" \/>\nVenezia Giornate degli Autori\n<p>Antonietta De Lillo il 3 settembre a DIREZIONE DONNA &nbsp; Direzione Donna.\u00a0L&#8217;autorialit\u00e0 al femminile tra talento e pari opportunit\u00e0 Intervento di Antonietta De Lillo Prima di tutto ringrazio le Giornate degli Autori che ci ospitano e i 100 autori e<\/p>\n\n\t\n\t\t<img loading=\"lazy\" decoding=\"async\" width=\"150\" height=\"150\" src=\"https:\/\/marechiarofilm.it\/wp-content\/uploads\/2016\/09\/Schermata-2017-02-02-alle-13.54.34-150x150.png\" class=\"attachment-thumbnail size-thumbnail wp-post-image\" alt=\"\" srcset=\"https:\/\/marechiarofilm.it\/wp-content\/uploads\/2016\/09\/Schermata-2017-02-02-alle-13.54.34-150x150.png 150w, https:\/\/marechiarofilm.it\/wp-content\/uploads\/2016\/09\/Schermata-2017-02-02-alle-13.54.34-60x60.png 60w, https:\/\/marechiarofilm.it\/wp-content\/uploads\/2016\/09\/Schermata-2017-02-02-alle-13.54.34-300x300.png 300w, https:\/\/marechiarofilm.it\/wp-content\/uploads\/2016\/09\/Schermata-2017-02-02-alle-13.54.34-240x240.png 240w\" sizes=\"auto, (max-width: 150px) 100vw, 150px\" \/>\nUn grazie lungo 30 anni\n<p>&nbsp; Nel 1986 realizzavo insieme a Giorgio Magliulo Una casa in bilico, il nostro primo film sull\u2019amicizia e le relazioni nella terza et\u00e0. La scelta era stata sicuramente atipica per noi \u00a0giovani esordienti e il Nastro d\u2019Argento speciale che fu asseg<\/p>\n\n\t\n\t\t<img loading=\"lazy\" decoding=\"async\" width=\"150\" height=\"150\" src=\"https:\/\/marechiarofilm.it\/wp-content\/uploads\/2016\/10\/Schermata-2017-02-02-alle-13.52.50-150x150.png\" class=\"attachment-thumbnail size-thumbnail wp-post-image\" alt=\"\" srcset=\"https:\/\/marechiarofilm.it\/wp-content\/uploads\/2016\/10\/Schermata-2017-02-02-alle-13.52.50-150x150.png 150w, https:\/\/marechiarofilm.it\/wp-content\/uploads\/2016\/10\/Schermata-2017-02-02-alle-13.52.50-60x60.png 60w, https:\/\/marechiarofilm.it\/wp-content\/uploads\/2016\/10\/Schermata-2017-02-02-alle-13.52.50-300x300.png 300w, https:\/\/marechiarofilm.it\/wp-content\/uploads\/2016\/10\/Schermata-2017-02-02-alle-13.52.50-240x240.png 240w\" sizes=\"auto, (max-width: 150px) 100vw, 150px\" \/>\nEvento speciale Pitch &#8211; Visioni Incontra\n<p>&nbsp; https:\/\/vimeo.com\/186234274 &nbsp; 6 ottobre 2016, Milano, Visioni dal Mondo L&#8217;idea di film partecipato nasce da due mie esigenze molto personali: \u00a0 La prima \u00e8 il desiderio di raccontare l&#8217;Italia attraverso una pluralit\u00e0 di sguardi che proprio n<\/p>\n\n\t\n\t\t<img loading=\"lazy\" decoding=\"async\" width=\"150\" height=\"150\" src=\"https:\/\/marechiarofilm.it\/wp-content\/uploads\/2010\/05\/phoca_thumb_l_angelo-novi_8-150x150.jpg\" class=\"attachment-thumbnail size-thumbnail wp-post-image\" alt=\"\" srcset=\"https:\/\/marechiarofilm.it\/wp-content\/uploads\/2010\/05\/phoca_thumb_l_angelo-novi_8-150x150.jpg 150w, https:\/\/marechiarofilm.it\/wp-content\/uploads\/2010\/05\/phoca_thumb_l_angelo-novi_8-60x60.jpg 60w, https:\/\/marechiarofilm.it\/wp-content\/uploads\/2010\/05\/phoca_thumb_l_angelo-novi_8-300x300.jpg 300w, https:\/\/marechiarofilm.it\/wp-content\/uploads\/2010\/05\/phoca_thumb_l_angelo-novi_8-240x240.jpg 240w\" sizes=\"auto, (max-width: 150px) 100vw, 150px\" \/>\ndiario di bordo &#8211; 1\u00b0 e 2\u00b0 giorno\n<p>ANGELO NOVI\u00a0fotografo di scena 13 ottobre &#8211;\u00a01\u00b0 giorno,\u00a0proiezione del film\u00a0 &nbsp; &nbsp; &nbsp; &nbsp; &nbsp; &nbsp; &nbsp; &nbsp; &nbsp; &nbsp; &nbsp; Scheda film &gt;\u00a0Angelo Novi fotografo di scena &nbsp; 20 ottobre &#8211;\u00a02\u00b0 giorno, commenti degli alunn<\/p>\n\n\t\n\t\t<img loading=\"lazy\" decoding=\"async\" width=\"150\" height=\"150\" src=\"https:\/\/marechiarofilm.it\/wp-content\/uploads\/2016\/11\/scuola2-150x150.jpg\" class=\"attachment-thumbnail size-thumbnail wp-post-image\" alt=\"\" srcset=\"https:\/\/marechiarofilm.it\/wp-content\/uploads\/2016\/11\/scuola2-150x150.jpg 150w, https:\/\/marechiarofilm.it\/wp-content\/uploads\/2016\/11\/scuola2-60x60.jpg 60w, https:\/\/marechiarofilm.it\/wp-content\/uploads\/2016\/11\/scuola2-300x300.jpg 300w, https:\/\/marechiarofilm.it\/wp-content\/uploads\/2016\/11\/scuola2-240x240.jpg 240w\" sizes=\"auto, (max-width: 150px) 100vw, 150px\" \/>\ndiario di bordo &#8211; 3\u00b0 giorno\n<p>ANGELO NOVI\u00a0fotografo di scena 28 ottobre,\u00a03\u00b0\u00a0giorno &#8211; \u00a0 primo incontro con\u00a0Antonietta De Lillo Antonietta De Lillo\u00a0incontra\u00a0i ragazzi della\u00a03C e inizia l&#8217;incontro parlando del cinema, come questo possa essere arte collettiva.\u00a0Antonietta fa notare che<\/p>\n\n\t\n\t\t<img loading=\"lazy\" decoding=\"async\" width=\"150\" height=\"150\" src=\"https:\/\/marechiarofilm.it\/wp-content\/uploads\/2010\/05\/matilda-4-150x150.jpg\" class=\"attachment-thumbnail size-thumbnail wp-post-image\" alt=\"\" srcset=\"https:\/\/marechiarofilm.it\/wp-content\/uploads\/2010\/05\/matilda-4-150x150.jpg 150w, https:\/\/marechiarofilm.it\/wp-content\/uploads\/2010\/05\/matilda-4-60x60.jpg 60w, https:\/\/marechiarofilm.it\/wp-content\/uploads\/2010\/05\/matilda-4-300x300.jpg 300w, https:\/\/marechiarofilm.it\/wp-content\/uploads\/2010\/05\/matilda-4-240x240.jpg 240w\" sizes=\"auto, (max-width: 150px) 100vw, 150px\" \/>\ndiario di bordo &#8211; 4\u00b0 giorno\n<p>MATILDA 3 novembre\u00a0&#8211;\u00a04\u00b0 giorno,\u00a0proiezione del film\u00a0 &nbsp; &nbsp; &nbsp; &nbsp; &nbsp; &nbsp; &nbsp; &nbsp; &nbsp; &nbsp; &nbsp; Scheda film &gt;\u00a0Matilda &nbsp; I commenti degli alunni dopo la proiezione del film: Mattia: E\u2019 un film pieno di attesa, d<\/p>\n\n\t\n\t\t<img loading=\"lazy\" decoding=\"async\" width=\"150\" height=\"150\" src=\"https:\/\/marechiarofilm.it\/wp-content\/uploads\/2016\/11\/scuola3-150x150.jpg\" class=\"attachment-thumbnail size-thumbnail wp-post-image\" alt=\"\" srcset=\"https:\/\/marechiarofilm.it\/wp-content\/uploads\/2016\/11\/scuola3-150x150.jpg 150w, https:\/\/marechiarofilm.it\/wp-content\/uploads\/2016\/11\/scuola3-60x60.jpg 60w, https:\/\/marechiarofilm.it\/wp-content\/uploads\/2016\/11\/scuola3-300x300.jpg 300w, https:\/\/marechiarofilm.it\/wp-content\/uploads\/2016\/11\/scuola3-240x240.jpg 240w\" sizes=\"auto, (max-width: 150px) 100vw, 150px\" \/>\ndiario di bordo 5\u00b0 e 6\u00b0 giorno\n<p>MATILDA 10\u00a0novembre,\u00a05\u00b0 giorno\u00a0&#8211;\u00a0analisi del film &nbsp; &nbsp; &nbsp; &nbsp; &nbsp; &nbsp; &nbsp; &nbsp; &nbsp; 18 novembre, 6\u00b0 giorno\u00a0&#8211;\u00a0secondo incontro con la regista\u00a0 In questo secondo incontro la regista parla ai ragazzi della differenza che c&#8217;\u00e8 t<\/p>\n\n\t\n\t\t<img loading=\"lazy\" decoding=\"async\" width=\"150\" height=\"150\" src=\"https:\/\/marechiarofilm.it\/wp-content\/uploads\/2016\/11\/Schermata-2017-02-02-alle-13.25.46-150x150.png\" class=\"attachment-thumbnail size-thumbnail wp-post-image\" alt=\"\" srcset=\"https:\/\/marechiarofilm.it\/wp-content\/uploads\/2016\/11\/Schermata-2017-02-02-alle-13.25.46-150x150.png 150w, https:\/\/marechiarofilm.it\/wp-content\/uploads\/2016\/11\/Schermata-2017-02-02-alle-13.25.46-60x60.png 60w, https:\/\/marechiarofilm.it\/wp-content\/uploads\/2016\/11\/Schermata-2017-02-02-alle-13.25.46-300x300.png 300w, https:\/\/marechiarofilm.it\/wp-content\/uploads\/2016\/11\/Schermata-2017-02-02-alle-13.25.46-240x240.png 240w\" sizes=\"auto, (max-width: 150px) 100vw, 150px\" \/>\nNessuno di Antonietta de lillo\n<p>Al Marano ragazzi spot festival 2016, gioved\u00ec 1 dicembre,\u00a0 Auditorium Giancarlo Siani\u00a0 All&#8217;interno del festival saranno proiettati i tre cortometraggi realizzati da Antonietta De Lillo, Virginia Eleuteri Serpieri e Luca Ferrari per sostenere la campagn<\/p>\n\n\t\n\t\t<img loading=\"lazy\" decoding=\"async\" width=\"150\" height=\"150\" src=\"https:\/\/marechiarofilm.it\/wp-content\/uploads\/2010\/05\/Immagine-85-150x150.png\" class=\"attachment-thumbnail size-thumbnail wp-post-image\" alt=\"\" srcset=\"https:\/\/marechiarofilm.it\/wp-content\/uploads\/2010\/05\/Immagine-85-150x150.png 150w, https:\/\/marechiarofilm.it\/wp-content\/uploads\/2010\/05\/Immagine-85-60x60.png 60w, https:\/\/marechiarofilm.it\/wp-content\/uploads\/2010\/05\/Immagine-85-300x300.png 300w, https:\/\/marechiarofilm.it\/wp-content\/uploads\/2010\/05\/Immagine-85-240x240.png 240w\" sizes=\"auto, (max-width: 150px) 100vw, 150px\" \/>\ndiario di bordo 7\u00b0- 8\u00b0 giorno\n<p>&nbsp; IL PRANZO DI NATALE film partecipato 24 novembre &#8211; 7\u00b0 giorno,\u00a0proiezione del film\u00a0 Scheda film &gt; Il Pranzo di Natale \u00a0 &nbsp; 1 dicembre &#8211; 8\u00b0 giorno, analisi del film\u00a0 &nbsp; Continua &#8230;<\/p>\n\n\t\n\t\t<img loading=\"lazy\" decoding=\"async\" width=\"150\" height=\"150\" src=\"https:\/\/marechiarofilm.it\/wp-content\/uploads\/2017\/01\/petrucci-150x150.jpg\" class=\"attachment-thumbnail size-thumbnail wp-post-image\" alt=\"\" srcset=\"https:\/\/marechiarofilm.it\/wp-content\/uploads\/2017\/01\/petrucci-150x150.jpg 150w, https:\/\/marechiarofilm.it\/wp-content\/uploads\/2017\/01\/petrucci-60x60.jpg 60w, https:\/\/marechiarofilm.it\/wp-content\/uploads\/2017\/01\/petrucci-300x300.jpg 300w, https:\/\/marechiarofilm.it\/wp-content\/uploads\/2017\/01\/petrucci-240x240.jpg 240w\" sizes=\"auto, (max-width: 150px) 100vw, 150px\" \/>\ndiario di bordo &#8211; 9\u00b0 giorno\n<p>IL PRANZO DI NATALE film partecipato 16\u00a0dicembre,\u00a09\u00b0 giorno\u00a0&#8211;\u00a0incontro con la regista e con l&#8217;attore Luigi Petrucci Nel nono giorno del progetto cinema AD OCCHI APERTI i ragazzi della 3\u00b0C dell&#8217;istituto Perlasca di Roma incontrano la regista Antonietta<\/p>\n\n\t\n\t\t<img loading=\"lazy\" decoding=\"async\" width=\"150\" height=\"150\" src=\"https:\/\/marechiarofilm.it\/wp-content\/uploads\/2017\/01\/non-e-giusto-150x150.jpg\" class=\"attachment-thumbnail size-thumbnail wp-post-image\" alt=\"\" srcset=\"https:\/\/marechiarofilm.it\/wp-content\/uploads\/2017\/01\/non-e-giusto-150x150.jpg 150w, https:\/\/marechiarofilm.it\/wp-content\/uploads\/2017\/01\/non-e-giusto-60x60.jpg 60w, https:\/\/marechiarofilm.it\/wp-content\/uploads\/2017\/01\/non-e-giusto-300x300.jpg 300w, https:\/\/marechiarofilm.it\/wp-content\/uploads\/2017\/01\/non-e-giusto-240x240.jpg 240w\" sizes=\"auto, (max-width: 150px) 100vw, 150px\" \/>\ndiario di bordo &#8211; 10\u00b0 e 11\u00b0 giorno\n<p>&nbsp; NON E&#8217; GIUSTO 12 gennaio &#8211; 10\u00b0 giorno,\u00a0proiezione del film Scheda film &gt; Non \u00e8 giusto &nbsp; Subito dopo la visione del film, i ragazzi esprimono con un solo aggettivo le loro sensazioni a caldo: Tenero in qualche modo &#8211;\u00a0 veritiero &#8211; particol<\/p>\n\n\t\n\t\t<img loading=\"lazy\" decoding=\"async\" width=\"150\" height=\"150\" src=\"https:\/\/marechiarofilm.it\/wp-content\/uploads\/2017\/02\/mesedeldoc-150x150.jpeg\" class=\"attachment-thumbnail size-thumbnail wp-post-image\" alt=\"\" srcset=\"https:\/\/marechiarofilm.it\/wp-content\/uploads\/2017\/02\/mesedeldoc-150x150.jpeg 150w, https:\/\/marechiarofilm.it\/wp-content\/uploads\/2017\/02\/mesedeldoc-60x60.jpeg 60w, https:\/\/marechiarofilm.it\/wp-content\/uploads\/2017\/02\/mesedeldoc-300x300.jpeg 300w, https:\/\/marechiarofilm.it\/wp-content\/uploads\/2017\/02\/mesedeldoc-240x240.jpeg 240w\" sizes=\"auto, (max-width: 150px) 100vw, 150px\" \/>\nantonietta de lillo al mese del documentario\n<p>Per chi vuole capire che cos&#8217;\u00e8 il film partecipato da un punto di vista creativo e produttivo, marted\u00ec 24 gennaio alle ore 18.00 a Casa del Cinema Antonietta De Lillo racconter\u00e0 in una masterclass di due ore la genesi di questo format da lei ideato e c<\/p>\n\n\t\n\t\t<img loading=\"lazy\" decoding=\"async\" width=\"150\" height=\"150\" src=\"https:\/\/marechiarofilm.it\/wp-content\/uploads\/2017\/02\/16558488_10154921881219259_2091415885_n-150x150.jpg\" class=\"attachment-thumbnail size-thumbnail wp-post-image\" alt=\"\" srcset=\"https:\/\/marechiarofilm.it\/wp-content\/uploads\/2017\/02\/16558488_10154921881219259_2091415885_n-150x150.jpg 150w, https:\/\/marechiarofilm.it\/wp-content\/uploads\/2017\/02\/16558488_10154921881219259_2091415885_n-60x60.jpg 60w, https:\/\/marechiarofilm.it\/wp-content\/uploads\/2017\/02\/16558488_10154921881219259_2091415885_n-300x300.jpg 300w, https:\/\/marechiarofilm.it\/wp-content\/uploads\/2017\/02\/16558488_10154921881219259_2091415885_n-240x240.jpg 240w\" sizes=\"auto, (max-width: 150px) 100vw, 150px\" \/>\ndiario di bordo &#8211; 12\u00b0 E 13\u00b0 GIORNO\n<p>&nbsp; NON E&#8217; GIUSTO 26\u00a0gennaio &#8211; 12\u00b0 giorno,\u00a0analisi autogestita &nbsp; Dopo aver visto il film Non \u00e8 giusto\u00a0i ragazzi della 3\u00b0C hanno estrapolato le frasi che per loro hanno maggior significato: Io voglio diventare grande in fretta E\u2019 difficile esser<\/p>\n\n\t\n\t\t<img loading=\"lazy\" decoding=\"async\" width=\"150\" height=\"150\" src=\"https:\/\/marechiarofilm.it\/wp-content\/uploads\/2017\/02\/16710658_10154933205454259_741812535_o-150x150.jpg\" class=\"attachment-thumbnail size-thumbnail wp-post-image\" alt=\"\" srcset=\"https:\/\/marechiarofilm.it\/wp-content\/uploads\/2017\/02\/16710658_10154933205454259_741812535_o-150x150.jpg 150w, https:\/\/marechiarofilm.it\/wp-content\/uploads\/2017\/02\/16710658_10154933205454259_741812535_o-60x60.jpg 60w, https:\/\/marechiarofilm.it\/wp-content\/uploads\/2017\/02\/16710658_10154933205454259_741812535_o-300x300.jpg 300w, https:\/\/marechiarofilm.it\/wp-content\/uploads\/2017\/02\/16710658_10154933205454259_741812535_o-240x240.jpg 240w\" sizes=\"auto, (max-width: 150px) 100vw, 150px\" \/>\ndiario di bordo &#8211; 14\u00b0 giorno\n<p>&nbsp; LA PAZZA DELLA PORTA ACCANTO 9 febbraio &#8211; 14\u00b0 giorno, proiezione del film &nbsp; &nbsp; &nbsp; &nbsp; &nbsp; &nbsp; &nbsp; &nbsp; &nbsp; &nbsp; &nbsp; Scheda film &gt; La pazza della porta accanto &nbsp; Le parole di Alda Merini Dopo aver visto<\/p>\n\n\t\n\t\t<img loading=\"lazy\" decoding=\"async\" width=\"150\" height=\"150\" src=\"https:\/\/marechiarofilm.it\/wp-content\/uploads\/2017\/02\/16651315_10154933147679259_1543657418_o-150x150.jpg\" class=\"attachment-thumbnail size-thumbnail wp-post-image\" alt=\"\" srcset=\"https:\/\/marechiarofilm.it\/wp-content\/uploads\/2017\/02\/16651315_10154933147679259_1543657418_o-150x150.jpg 150w, https:\/\/marechiarofilm.it\/wp-content\/uploads\/2017\/02\/16651315_10154933147679259_1543657418_o-60x60.jpg 60w, https:\/\/marechiarofilm.it\/wp-content\/uploads\/2017\/02\/16651315_10154933147679259_1543657418_o-300x300.jpg 300w, https:\/\/marechiarofilm.it\/wp-content\/uploads\/2017\/02\/16651315_10154933147679259_1543657418_o-240x240.jpg 240w\" sizes=\"auto, (max-width: 150px) 100vw, 150px\" \/>\ndiario di bordo &#8211; 15\u00b0 e 16\u00b0 giorno\n<p>&nbsp; LA PAZZA DELLA PORTA ACCANTO 16\/23 febbraio\u00a0 &#8211; analisi e feedback I ragazzi si sono cimentati nell&#8217;analisi del videoritratto su Alda Merini questa volta con un approccio diverso; ognuno ha pensato a una canzone che in qualche modo avesse legami<\/p>\n\n\t\n\t\t<img loading=\"lazy\" decoding=\"async\" width=\"150\" height=\"150\" src=\"https:\/\/marechiarofilm.it\/wp-content\/uploads\/2017\/03\/giorgio-perlasca-150x150.jpeg\" class=\"attachment-thumbnail size-thumbnail wp-post-image\" alt=\"\" srcset=\"https:\/\/marechiarofilm.it\/wp-content\/uploads\/2017\/03\/giorgio-perlasca-150x150.jpeg 150w, https:\/\/marechiarofilm.it\/wp-content\/uploads\/2017\/03\/giorgio-perlasca-300x300.jpeg 300w, https:\/\/marechiarofilm.it\/wp-content\/uploads\/2017\/03\/giorgio-perlasca-768x768.jpeg 768w, https:\/\/marechiarofilm.it\/wp-content\/uploads\/2017\/03\/giorgio-perlasca-60x60.jpeg 60w, https:\/\/marechiarofilm.it\/wp-content\/uploads\/2017\/03\/giorgio-perlasca-240x240.jpeg 240w, https:\/\/marechiarofilm.it\/wp-content\/uploads\/2017\/03\/giorgio-perlasca.jpeg 960w\" sizes=\"auto, (max-width: 150px) 100vw, 150px\" \/>\ndiario di bordo &#8211; 17\u00b0 giorno\n<p>&nbsp; LA PAZZA DELLA PORTA ACCANTO 10 marzo\u00a0 &#8211; incontro con la regista Domande e curiosit\u00e0 su Alda Merini I ragazzi dopo aver visto e analizzato il video ritratto La pazza della porta accanto e studiato la vita della poetessa incontrano la regista e l<\/p>\n\n\t\n\t\t<img loading=\"lazy\" decoding=\"async\" width=\"150\" height=\"150\" src=\"https:\/\/marechiarofilm.it\/wp-content\/uploads\/2010\/05\/phoca_thumb_l_rdn_breve008-150x150.jpg\" class=\"attachment-thumbnail size-thumbnail wp-post-image\" alt=\"\" srcset=\"https:\/\/marechiarofilm.it\/wp-content\/uploads\/2010\/05\/phoca_thumb_l_rdn_breve008-150x150.jpg 150w, https:\/\/marechiarofilm.it\/wp-content\/uploads\/2010\/05\/phoca_thumb_l_rdn_breve008-60x60.jpg 60w, https:\/\/marechiarofilm.it\/wp-content\/uploads\/2010\/05\/phoca_thumb_l_rdn_breve008-300x300.jpg 300w, https:\/\/marechiarofilm.it\/wp-content\/uploads\/2010\/05\/phoca_thumb_l_rdn_breve008-240x240.jpg 240w\" sizes=\"auto, (max-width: 150px) 100vw, 150px\" \/>\ndiario di bordo &#8211; 18\u00b0 e 19\u00b0 giorno\n<p>IL RESTO DI NIENTE 17 marzo\u00a0 &#8211; 18\u00b0 giorno, visione film &nbsp; &nbsp; &nbsp; &nbsp; &nbsp; &nbsp; &nbsp; &nbsp; &nbsp; &nbsp; Scheda film &gt;&gt; Il Resto di Niente &nbsp; 23 marzo\u00a0 &#8211; 19\u00b0 giorno, feedback e analisi a seguire &nbsp; &nbsp; &nbsp;<\/p>\n\n\t\n\t\t<img loading=\"lazy\" decoding=\"async\" width=\"150\" height=\"150\" src=\"https:\/\/marechiarofilm.it\/wp-content\/uploads\/2017\/03\/scuola6-150x150.jpeg\" class=\"attachment-thumbnail size-thumbnail wp-post-image\" alt=\"\" srcset=\"https:\/\/marechiarofilm.it\/wp-content\/uploads\/2017\/03\/scuola6-150x150.jpeg 150w, https:\/\/marechiarofilm.it\/wp-content\/uploads\/2017\/03\/scuola6-60x60.jpeg 60w, https:\/\/marechiarofilm.it\/wp-content\/uploads\/2017\/03\/scuola6-300x300.jpeg 300w, https:\/\/marechiarofilm.it\/wp-content\/uploads\/2017\/03\/scuola6-240x240.jpeg 240w\" sizes=\"auto, (max-width: 150px) 100vw, 150px\" \/>\ndiario di bordo &#8211; 20\u00b0 e 21\u00b0 giorno\n<p>IL RESTO DI NIENTE 31 marzo &#8211; 20\u00b0 giorno, feedback e analisi del film &nbsp; &nbsp; Ecco alcune impressioni dei ragazzi dopo la visione del film Il Resto di Niente Francesca: A livello di costumi, scenografie e riprese, devo dire che rispecchia molto q<\/p>\n\n\t\n\t\t<img loading=\"lazy\" decoding=\"async\" width=\"150\" height=\"150\" src=\"https:\/\/marechiarofilm.it\/wp-content\/uploads\/2016\/04\/NEWS-VECCHINI-150x150.jpg\" class=\"attachment-thumbnail size-thumbnail wp-post-image\" alt=\"\" \/>\ndiario di bordo 22\u00b0 e 23\u00b0 giorno\n<p>OGGI INSIEME DOMANI ANCHE &#8211; film partecipato 20 aprile\u00a0 &#8211; 22\u00b0 giorno, visione film &nbsp; &nbsp; &nbsp; &nbsp; &nbsp; &nbsp; &nbsp; &nbsp; Scheda film &gt;&gt; Oggi insieme domani anche &#8211; film partecipato &nbsp; 28 aprile\u00a0 &#8211; 23\u00b0 giorno, feedback e anal<\/p>\n\n\t\n\t\t<img loading=\"lazy\" decoding=\"async\" width=\"150\" height=\"150\" src=\"https:\/\/marechiarofilm.it\/wp-content\/uploads\/2018\/07\/cineforum573-066-150x150.jpg\" class=\"attachment-thumbnail size-thumbnail wp-post-image\" alt=\"\" srcset=\"https:\/\/marechiarofilm.it\/wp-content\/uploads\/2018\/07\/cineforum573-066-150x150.jpg 150w, https:\/\/marechiarofilm.it\/wp-content\/uploads\/2018\/07\/cineforum573-066-60x60.jpg 60w, https:\/\/marechiarofilm.it\/wp-content\/uploads\/2018\/07\/cineforum573-066-300x300.jpg 300w, https:\/\/marechiarofilm.it\/wp-content\/uploads\/2018\/07\/cineforum573-066-240x240.jpg 240w\" sizes=\"auto, (max-width: 150px) 100vw, 150px\" \/>\nAntonietta De Lillo &#8211; intervista per Cineforum\n<p>Antonietta De Lillo, Cinema di Esplorazione. Capita anche questo, che si cominci a fare cinema se un ufficiale giudiziario ti investe mentre vai in motorino. Antonietta De Lillo l&#8217;ha raccontata cos\u00ec: &#8220;ho deciso di realizzare il primo film in seguito a<\/p>\n\n\t\n\t\t<img loading=\"lazy\" decoding=\"async\" width=\"150\" height=\"150\" src=\"https:\/\/marechiarofilm.it\/wp-content\/uploads\/2018\/04\/Anteprima-FAREUNFILM-150x150.png\" class=\"attachment-thumbnail size-thumbnail wp-post-image\" alt=\"\" srcset=\"https:\/\/marechiarofilm.it\/wp-content\/uploads\/2018\/04\/Anteprima-FAREUNFILM-150x150.png 150w, https:\/\/marechiarofilm.it\/wp-content\/uploads\/2018\/04\/Anteprima-FAREUNFILM-300x300.png 300w, https:\/\/marechiarofilm.it\/wp-content\/uploads\/2018\/04\/Anteprima-FAREUNFILM-768x768.png 768w, https:\/\/marechiarofilm.it\/wp-content\/uploads\/2018\/04\/Anteprima-FAREUNFILM-60x60.png 60w, https:\/\/marechiarofilm.it\/wp-content\/uploads\/2018\/04\/Anteprima-FAREUNFILM-240x240.png 240w, https:\/\/marechiarofilm.it\/wp-content\/uploads\/2018\/04\/Anteprima-FAREUNFILM.png 858w\" sizes=\"auto, (max-width: 150px) 100vw, 150px\" \/>\nComunicato stampa fare un film\n<p>Se pu\u00f2 essere scritto, o pensato, pu\u00f2 essere filmato.\u00a0Stanley Kubrick Con questa convinzione, nasce il progetto FARE UN FILM, ideato da Antonietta De Lillo e realizzato dall\u2019\u00a0Associazione Fuori dal pollaio, con il contributo della SIAE &#8211; Societ\u00e0 Italia<\/p>\n\n\t\n\t\t<img loading=\"lazy\" decoding=\"async\" width=\"150\" height=\"150\" src=\"https:\/\/marechiarofilm.it\/wp-content\/uploads\/2020\/03\/post-14-aprile-150x150.jpg\" class=\"attachment-thumbnail size-thumbnail wp-post-image\" alt=\"\" srcset=\"https:\/\/marechiarofilm.it\/wp-content\/uploads\/2020\/03\/post-14-aprile-150x150.jpg 150w, https:\/\/marechiarofilm.it\/wp-content\/uploads\/2020\/03\/post-14-aprile-300x300.jpg 300w, https:\/\/marechiarofilm.it\/wp-content\/uploads\/2020\/03\/post-14-aprile-768x768.jpg 768w, https:\/\/marechiarofilm.it\/wp-content\/uploads\/2020\/03\/post-14-aprile-1024x1024.jpg 1024w, https:\/\/marechiarofilm.it\/wp-content\/uploads\/2020\/03\/post-14-aprile-60x60.jpg 60w, https:\/\/marechiarofilm.it\/wp-content\/uploads\/2020\/03\/post-14-aprile-240x240.jpg 240w, https:\/\/marechiarofilm.it\/wp-content\/uploads\/2020\/03\/post-14-aprile.jpg 1080w\" sizes=\"auto, (max-width: 150px) 100vw, 150px\" \/>\nLA CULTURA NON SI FERMA\n<p>Anche noi di marechiarofilm\u00a0aderiamo alla campagna #IORESTOACASA\u00a0mettendo gratuitamente a disposizione di tutti gli appassionati di cinema e gli utenti della rete i nostri film\u00a0fino al 14 aprile.\u00a0 In un momento delicato come quello che stiamo vivendo i<\/p>\n\n\t\n\t\t<img loading=\"lazy\" decoding=\"async\" width=\"150\" height=\"150\" src=\"https:\/\/marechiarofilm.it\/wp-content\/uploads\/2020\/03\/carinoi-150x150.png\" class=\"attachment-thumbnail size-thumbnail wp-post-image\" alt=\"\" srcset=\"https:\/\/marechiarofilm.it\/wp-content\/uploads\/2020\/03\/carinoi-150x150.png 150w, https:\/\/marechiarofilm.it\/wp-content\/uploads\/2020\/03\/carinoi-60x60.png 60w, https:\/\/marechiarofilm.it\/wp-content\/uploads\/2020\/03\/carinoi-300x300.png 300w, https:\/\/marechiarofilm.it\/wp-content\/uploads\/2020\/03\/carinoi-240x240.png 240w\" sizes=\"auto, (max-width: 150px) 100vw, 150px\" \/>\n#CARINOI &#8211; Lettera aperta all&#8217;AD di Rai Cinema\n<p>31 marzo 2020 &#8212; Gentile dott. Paolo Del Brocco, ho letto che Rai Cinema sta coproducendo&nbsp;Viaggio in Italia di Gabriele Salvatores, stimato e apprezzato collega, nonch\u00e9 Premio Oscar.&nbsp; Mi fa piacere, anch&#8217;io sono convinta che l&#8217;eccezionalit\u00e0<\/p>\n\n\t\n\t\t<img loading=\"lazy\" decoding=\"async\" width=\"150\" height=\"150\" src=\"https:\/\/marechiarofilm.it\/wp-content\/uploads\/2020\/03\/carinoi-150x150.png\" class=\"attachment-thumbnail size-thumbnail wp-post-image\" alt=\"\" srcset=\"https:\/\/marechiarofilm.it\/wp-content\/uploads\/2020\/03\/carinoi-150x150.png 150w, https:\/\/marechiarofilm.it\/wp-content\/uploads\/2020\/03\/carinoi-60x60.png 60w, https:\/\/marechiarofilm.it\/wp-content\/uploads\/2020\/03\/carinoi-300x300.png 300w, https:\/\/marechiarofilm.it\/wp-content\/uploads\/2020\/03\/carinoi-240x240.png 240w\" sizes=\"auto, (max-width: 150px) 100vw, 150px\" \/>\n#CARINOI &#8211; Lettera aperta a Valerio Carocci\n<p>17 giugno 2020 \u2014 Caro Valerio Carocci, tu e I ragazzi del Cinema America state facendo qualcosa di importante e raro.\u00a0 Non mi riferisco soltanto alla vostra bravura nel far vivere luoghi abbandonati e nel riempire le piazze di persone\u00a0che apprezzano la qualit\u00e0 della vostra programmazione e sentono la dedizione e il lavoro\u00a0che c\u2019\u00e8 dietro alle vostre serate.<\/p>\n\n\t\n\t\t<img loading=\"lazy\" decoding=\"async\" width=\"150\" height=\"150\" src=\"https:\/\/marechiarofilm.it\/wp-content\/uploads\/2013\/10\/il-pranzo-di-natale-300-dpi-150x150.jpg\" class=\"attachment-thumbnail size-thumbnail wp-post-image\" alt=\"\" srcset=\"https:\/\/marechiarofilm.it\/wp-content\/uploads\/2013\/10\/il-pranzo-di-natale-300-dpi-150x150.jpg 150w, https:\/\/marechiarofilm.it\/wp-content\/uploads\/2013\/10\/il-pranzo-di-natale-300-dpi-60x60.jpg 60w, https:\/\/marechiarofilm.it\/wp-content\/uploads\/2013\/10\/il-pranzo-di-natale-300-dpi-300x300.jpg 300w, https:\/\/marechiarofilm.it\/wp-content\/uploads\/2013\/10\/il-pranzo-di-natale-300-dpi-240x240.jpg 240w\" sizes=\"auto, (max-width: 150px) 100vw, 150px\" \/>\nIL NOSTRO FILM PARTECIPATO &#8211; il progetto\n<p>&#8212; Hanno fatto parte del nostro progetto di film partecipato Greta Agresti &#8211; Francesca Amitrano &#8211; Elisa Amoruso &#8211; Adriano Andriani &#8211; Laura Angiulli &#8211; Rossella Antinori &#8211; Antonio Aragona &#8211; Rajeev Badhan &#8211; Yuki Bagnardi &#8211; Luigi Barletta &#8211; Carmine Borrin<\/p>\n\n\t\n\t\t<img loading=\"lazy\" decoding=\"async\" width=\"150\" height=\"150\" src=\"https:\/\/marechiarofilm.it\/wp-content\/uploads\/2020\/11\/foto-news-home-page-150x150.jpg\" class=\"attachment-thumbnail size-thumbnail wp-post-image\" alt=\"\" srcset=\"https:\/\/marechiarofilm.it\/wp-content\/uploads\/2020\/11\/foto-news-home-page-150x150.jpg 150w, https:\/\/marechiarofilm.it\/wp-content\/uploads\/2020\/11\/foto-news-home-page-60x60.jpg 60w, https:\/\/marechiarofilm.it\/wp-content\/uploads\/2020\/11\/foto-news-home-page-300x300.jpg 300w, https:\/\/marechiarofilm.it\/wp-content\/uploads\/2020\/11\/foto-news-home-page-240x240.jpg 240w\" sizes=\"auto, (max-width: 150px) 100vw, 150px\" \/>\n19.34 QUARANT&#8217;ANNI DOPO &#8211; ANTEPRIMA DELLA MOSTRA\n<p>In occasione del quarantesimo anniversario del terremoto del 1980 il Museo Archeologico di Napoli avrebbe dovuto inaugurare la mostra 19:34, nata dagli scatti inediti di Antonietta De Lillo realizzati in quei giorni. In seguito alla chiusura dei musei<\/p>\n\n\t\n\t\t<img loading=\"lazy\" decoding=\"async\" width=\"150\" height=\"150\" src=\"https:\/\/marechiarofilm.it\/wp-content\/uploads\/2014\/06\/biografilm-150x150.jpeg\" class=\"attachment-thumbnail size-thumbnail wp-post-image\" alt=\"\" srcset=\"https:\/\/marechiarofilm.it\/wp-content\/uploads\/2014\/06\/biografilm-150x150.jpeg 150w, https:\/\/marechiarofilm.it\/wp-content\/uploads\/2014\/06\/biografilm-60x60.jpeg 60w, https:\/\/marechiarofilm.it\/wp-content\/uploads\/2014\/06\/biografilm-300x300.jpeg 300w, https:\/\/marechiarofilm.it\/wp-content\/uploads\/2014\/06\/biografilm-240x240.jpeg 240w\" sizes=\"auto, (max-width: 150px) 100vw, 150px\" \/>\nMASTERCLASS CON ANTONIETTA DE LILLO AL BIOGRAFILM FESTIVAL\n<p>&nbsp; Il 7 giugno Antonietta\u00a0De Lillo ha tenuto una masterclass \u00a0con\u00a0i ragazzi della\u00a0Biografilmschool\u00a0\u00a0al\u00a0Biografilmfestival\u00a0di Bologna. COS&#8217;E&#8217; IL FOUND FOOTAGE? Found footage, in ambito cinematografico, \u00e8 un termine che si usa per descrivere film\u00a0rea<\/p>\n\n\t\n\t\t<img loading=\"lazy\" decoding=\"async\" width=\"150\" height=\"150\" src=\"https:\/\/marechiarofilm.it\/wp-content\/uploads\/2020\/11\/violenza-new-home-page-150x150.jpg\" class=\"attachment-thumbnail size-thumbnail wp-post-image\" alt=\"\" srcset=\"https:\/\/marechiarofilm.it\/wp-content\/uploads\/2020\/11\/violenza-new-home-page-150x150.jpg 150w, https:\/\/marechiarofilm.it\/wp-content\/uploads\/2020\/11\/violenza-new-home-page-60x60.jpg 60w, https:\/\/marechiarofilm.it\/wp-content\/uploads\/2020\/11\/violenza-new-home-page-300x300.jpg 300w, https:\/\/marechiarofilm.it\/wp-content\/uploads\/2020\/11\/violenza-new-home-page-240x240.jpg 240w\" sizes=\"auto, (max-width: 150px) 100vw, 150px\" \/>\nGiornata mondiale contro la violenza sulle donne\n<p>MA L\u2019AMORE C\u2019ENTRA? di Elisabetta Lodoli e FORBICI di Maria Di Razza IN FREE STREAMING PER LA GIORNATA MONDIALECONTRO LA VIOLENZA SULLE DONNE Gli uomini che agiscono violenza contro le loro compagne sono per la maggior parte uomini normali e non corris<\/p>\n\n\t\n\t\t\nIl workshop IL CINEMA 2.0 E LA RIVOLUZIONE TECNOLOGICA\n<p>Con il patrocinio della Regione Lazio IL CINEMA 2.0 E LA RIVOLUZIONE TECNOLOGICA Dall\u2019 ideazione alla realizzazione di storie per il cinema e per la rete Matilde De Feo interprete, regista e operatrice culturale, cerca per il nuovo progetto documentari<\/p>\n\n\t\n\t\t<img loading=\"lazy\" decoding=\"async\" width=\"150\" height=\"150\" src=\"https:\/\/marechiarofilm.it\/wp-content\/uploads\/2020\/12\/news-home-page-pranzo-150x150.jpg\" class=\"attachment-thumbnail size-thumbnail wp-post-image\" alt=\"\" srcset=\"https:\/\/marechiarofilm.it\/wp-content\/uploads\/2020\/12\/news-home-page-pranzo-150x150.jpg 150w, https:\/\/marechiarofilm.it\/wp-content\/uploads\/2020\/12\/news-home-page-pranzo-60x60.jpg 60w, https:\/\/marechiarofilm.it\/wp-content\/uploads\/2020\/12\/news-home-page-pranzo-300x300.jpg 300w, https:\/\/marechiarofilm.it\/wp-content\/uploads\/2020\/12\/news-home-page-pranzo-240x240.jpg 240w\" sizes=\"auto, (max-width: 150px) 100vw, 150px\" \/>\nIL PRANZO DI NATALE in free streaming dal 21 dicembre al 6 gennaio\n<p>2010-2020per i dieci anni del nostro film partecipato in free streaming dal 21 dicembre al 6 gennaio \u00a0IL\u00a0PRANZO DI NATALE film partecipato\u00a0 Il Natale dei mille volti. Quello degli studenti fuori sede del Sud, che si stipano nei treni a lunga percorrenz<\/p>\n\n\t\n\t\t<img loading=\"lazy\" decoding=\"async\" width=\"150\" height=\"150\" src=\"https:\/\/marechiarofilm.it\/wp-content\/uploads\/2016\/02\/uomo-e-besti-newsletter-1-150x150.jpg\" class=\"attachment-thumbnail size-thumbnail wp-post-image\" alt=\"\" srcset=\"https:\/\/marechiarofilm.it\/wp-content\/uploads\/2016\/02\/uomo-e-besti-newsletter-1-150x150.jpg 150w, https:\/\/marechiarofilm.it\/wp-content\/uploads\/2016\/02\/uomo-e-besti-newsletter-1-60x60.jpg 60w, https:\/\/marechiarofilm.it\/wp-content\/uploads\/2016\/02\/uomo-e-besti-newsletter-1-300x300.jpg 300w, https:\/\/marechiarofilm.it\/wp-content\/uploads\/2016\/02\/uomo-e-besti-newsletter-1-240x240.jpg 240w\" sizes=\"auto, (max-width: 150px) 100vw, 150px\" \/>\nLABORATORIO CREATIVO A CASA DEL CINEMA\n<p>Il workshop RACCONTARE LA REALTA&#8217; CON GLI OCCHI DEL CINEMA previsto dal 19 al 21 febbraio \u00e8 posticipato in primavera e marechiarofilm ha deciso di proporre una giornata sempre a Casa del Cinema sabato 20 febbraio di brainstorming aperto a tutti coloro<\/p>\n\n\t\n\t\t<img loading=\"lazy\" decoding=\"async\" width=\"150\" height=\"150\" src=\"https:\/\/marechiarofilm.it\/wp-content\/uploads\/2021\/08\/immagine-in-evidenza_mostra-ritratti-150x150.jpg\" class=\"attachment-thumbnail size-thumbnail wp-post-image\" alt=\"\" srcset=\"https:\/\/marechiarofilm.it\/wp-content\/uploads\/2021\/08\/immagine-in-evidenza_mostra-ritratti-150x150.jpg 150w, https:\/\/marechiarofilm.it\/wp-content\/uploads\/2021\/08\/immagine-in-evidenza_mostra-ritratti-60x60.jpg 60w, https:\/\/marechiarofilm.it\/wp-content\/uploads\/2021\/08\/immagine-in-evidenza_mostra-ritratti-300x300.jpg 300w, https:\/\/marechiarofilm.it\/wp-content\/uploads\/2021\/08\/immagine-in-evidenza_mostra-ritratti-240x240.jpg 240w\" sizes=\"auto, (max-width: 150px) 100vw, 150px\" \/>\nAntonietta De Lillo in Mostra con i RITRATTI DI CINEMA\n<p>Due anni formidabili della Mostra di Venezia raccontati attraverso le immagini di una giovane foto reporter. Alla Sala Laguna e al Palazzo del cinema i ritratti di Robert Altman, Primo Levi, Liliana Cavani, Jeanne Moreau, Italo Calvino, Harrison Ford,<\/p>\n\n\t\n\t\t<img loading=\"lazy\" decoding=\"async\" width=\"150\" height=\"150\" src=\"https:\/\/marechiarofilm.it\/wp-content\/uploads\/2021\/11\/immagine-in-evidenza_19_34-150x150.jpg\" class=\"attachment-thumbnail size-thumbnail wp-post-image\" alt=\"\" srcset=\"https:\/\/marechiarofilm.it\/wp-content\/uploads\/2021\/11\/immagine-in-evidenza_19_34-150x150.jpg 150w, https:\/\/marechiarofilm.it\/wp-content\/uploads\/2021\/11\/immagine-in-evidenza_19_34-60x60.jpg 60w, https:\/\/marechiarofilm.it\/wp-content\/uploads\/2021\/11\/immagine-in-evidenza_19_34-300x300.jpg 300w, https:\/\/marechiarofilm.it\/wp-content\/uploads\/2021\/11\/immagine-in-evidenza_19_34-240x240.jpg 240w\" sizes=\"auto, (max-width: 150px) 100vw, 150px\" \/>\n19:34 Fotografie di Antonietta De Lillo\n<p>Il MANN &#8211; Museo Archeologico Nazionale di Napoli il 22 novembre alle ore 17 inaugura la mostra 19:34 Fotografie di Antonietta De Lillo. La storia in presa diretta, che porta alla luce il reportage inedito sul terremoto del 1980 della regista napoletana<\/p>\n\n\t\n\t\t<img loading=\"lazy\" decoding=\"async\" width=\"150\" height=\"150\" src=\"https:\/\/marechiarofilm.it\/wp-content\/uploads\/2018\/06\/whorksop3-150x150.png\" class=\"attachment-thumbnail size-thumbnail wp-post-image\" alt=\"\" srcset=\"https:\/\/marechiarofilm.it\/wp-content\/uploads\/2018\/06\/whorksop3-150x150.png 150w, https:\/\/marechiarofilm.it\/wp-content\/uploads\/2018\/06\/whorksop3-300x300.png 300w, https:\/\/marechiarofilm.it\/wp-content\/uploads\/2018\/06\/whorksop3-768x769.png 768w, https:\/\/marechiarofilm.it\/wp-content\/uploads\/2018\/06\/whorksop3-60x60.png 60w, https:\/\/marechiarofilm.it\/wp-content\/uploads\/2018\/06\/whorksop3-240x240.png 240w, https:\/\/marechiarofilm.it\/wp-content\/uploads\/2018\/06\/whorksop3.png 858w\" sizes=\"auto, (max-width: 150px) 100vw, 150px\" \/>\nFare un film &#8211; fase due &#8211; workshop\n<p>Selezionati i 15 + 1 migliori progetti per Fare un film sul tema\u00a0L\u2019UOMO E LA BESTIA.\u00a0Adesso si entra nella fase due: 22, 23 e 24 giugno il workshop intensivo alla Casa del Cinema con i tutor Giovanni Piperno e Luca Ricciardi, con il coordinamento works<\/p>\n\n\t\n\t\t<img loading=\"lazy\" decoding=\"async\" width=\"150\" height=\"150\" src=\"https:\/\/marechiarofilm.it\/wp-content\/uploads\/2021\/12\/immagine-in-evidenza_casa-del-cinema-150x150.jpg\" class=\"attachment-thumbnail size-thumbnail wp-post-image\" alt=\"\" srcset=\"https:\/\/marechiarofilm.it\/wp-content\/uploads\/2021\/12\/immagine-in-evidenza_casa-del-cinema-150x150.jpg 150w, https:\/\/marechiarofilm.it\/wp-content\/uploads\/2021\/12\/immagine-in-evidenza_casa-del-cinema-60x60.jpg 60w, https:\/\/marechiarofilm.it\/wp-content\/uploads\/2021\/12\/immagine-in-evidenza_casa-del-cinema-240x240.jpg 240w\" sizes=\"auto, (max-width: 150px) 100vw, 150px\" \/>\nRITRATTI DI CINEMA a casa del cinema\n<p>Due anni formidabili della Mostra di Venezia raccontati attraverso le immagini di un\u2019inedita Antonietta De Lillo, allora giovane foto reporter. Dopo la presentazione alla 78. Mostra di Venezia, dal 21 dicembre al 21 gennaio alla Casa del Cinema di Roma<\/p>\n\n\t\n\t\t<img loading=\"lazy\" decoding=\"async\" width=\"150\" height=\"150\" src=\"https:\/\/marechiarofilm.it\/wp-content\/uploads\/2018\/07\/REALIZZAZIONE2-150x150.png\" class=\"attachment-thumbnail size-thumbnail wp-post-image\" alt=\"\" srcset=\"https:\/\/marechiarofilm.it\/wp-content\/uploads\/2018\/07\/REALIZZAZIONE2-150x150.png 150w, https:\/\/marechiarofilm.it\/wp-content\/uploads\/2018\/07\/REALIZZAZIONE2-300x300.png 300w, https:\/\/marechiarofilm.it\/wp-content\/uploads\/2018\/07\/REALIZZAZIONE2-768x768.png 768w, https:\/\/marechiarofilm.it\/wp-content\/uploads\/2018\/07\/REALIZZAZIONE2-60x60.png 60w, https:\/\/marechiarofilm.it\/wp-content\/uploads\/2018\/07\/REALIZZAZIONE2-240x240.png 240w, https:\/\/marechiarofilm.it\/wp-content\/uploads\/2018\/07\/REALIZZAZIONE2.png 858w\" sizes=\"auto, (max-width: 150px) 100vw, 150px\" \/>\nFare un film &#8211; fase tre &#8211; i finalisti\n<p>Selezionati i 3 progetti finalisti per Fare un film sul tema\u00a0L\u2019UOMO E LA BESTIA.\u00a0Adesso si entra nella fase tre: la realizzazione dei film. Gli autori saranno affiancati dai quattro tutor: produzione &#8211; Luca Ricciardi, regia &#8211; Giovanni Piperno, direzion<\/p>\n\n\t\n\t\t<img loading=\"lazy\" decoding=\"async\" width=\"150\" height=\"150\" src=\"https:\/\/marechiarofilm.it\/wp-content\/uploads\/2023\/11\/CAVANI-1-scaled-e1698932721927-150x150.jpg\" class=\"attachment-thumbnail size-thumbnail wp-post-image\" alt=\"\" srcset=\"https:\/\/marechiarofilm.it\/wp-content\/uploads\/2023\/11\/CAVANI-1-scaled-e1698932721927-150x150.jpg 150w, https:\/\/marechiarofilm.it\/wp-content\/uploads\/2023\/11\/CAVANI-1-scaled-e1698932721927-60x60.jpg 60w, https:\/\/marechiarofilm.it\/wp-content\/uploads\/2023\/11\/CAVANI-1-scaled-e1698932721927-300x300.jpg 300w, https:\/\/marechiarofilm.it\/wp-content\/uploads\/2023\/11\/CAVANI-1-scaled-e1698932721927-240x240.jpg 240w\" sizes=\"auto, (max-width: 150px) 100vw, 150px\" \/>\nRITRATTI DI CINEMA ALL&#8217;ACCADEMIA DI BELLE ARTI DI NAPOLI\n<p>&nbsp; VENEZIA \u201881\/82\u00a0&#8211;\u00a0RITRATTI DI CINEMAAntonietta De Lillo fotografa la Mostraa\u00a0Napoli fino al 26 novembre Dopo l\u2019anteprima alla 78 Mostra Internazionale d\u2019Arte Cinematografica di Venezia e le tappe di Parma, Roma e Bari la mostra della regista Anto<\/p>\n\n\t\n\t\t<img loading=\"lazy\" decoding=\"async\" width=\"150\" height=\"150\" src=\"https:\/\/marechiarofilm.it\/wp-content\/uploads\/2013\/10\/immagine-1-150x150.png\" class=\"attachment-thumbnail size-thumbnail wp-post-image\" alt=\"\" srcset=\"https:\/\/marechiarofilm.it\/wp-content\/uploads\/2013\/10\/immagine-1-150x150.png 150w, https:\/\/marechiarofilm.it\/wp-content\/uploads\/2013\/10\/immagine-1-60x60.png 60w\" sizes=\"auto, (max-width: 150px) 100vw, 150px\" \/>\nIl workshop IL CINEMA 2.0 E LA RIVOLUZIONE TECNOLOGICA\n<p>Con il patrocinio della Regione Lazio IL CINEMA 2.0 E LA RIVOLUZIONE TECNOLOGICA Dall\u2019 ideazione alla realizzazione di storie per il cinema e per la rete Matilde De Feo interprete, regista e operatrice culturale, cerca per il nuovo progetto documentari<\/p>\n\n\t\n\t\t<img loading=\"lazy\" decoding=\"async\" width=\"150\" height=\"150\" src=\"https:\/\/marechiarofilm.it\/wp-content\/uploads\/2022\/02\/Adele-Mina-Poster--150x150.jpg\" class=\"attachment-thumbnail size-thumbnail wp-post-image\" alt=\"\" srcset=\"https:\/\/marechiarofilm.it\/wp-content\/uploads\/2022\/02\/Adele-Mina-Poster--150x150.jpg 150w, https:\/\/marechiarofilm.it\/wp-content\/uploads\/2022\/02\/Adele-Mina-Poster--60x60.jpg 60w, https:\/\/marechiarofilm.it\/wp-content\/uploads\/2022\/02\/Adele-Mina-Poster--300x300.jpg 300w, https:\/\/marechiarofilm.it\/wp-content\/uploads\/2022\/02\/Adele-Mina-Poster--240x240.jpg 240w\" sizes=\"auto, (max-width: 150px) 100vw, 150px\" \/>\nla triste storia di MORTA DI SOAP\n<p>\u00a0 2009 Presentiamo il progetto al Mibac e risultiamo i primi non finanziati, con un punteggio di 70 punti. \u00a0 2010 Ripresentiamo la domanda al Mibac, stesso progetto, stessa commissione. Veniamo rinviati per approfondimenti. Quali approfondimenti? Nel f<\/p>\n\n\t\n\t\t<img loading=\"lazy\" decoding=\"async\" width=\"150\" height=\"150\" src=\"https:\/\/marechiarofilm.it\/wp-content\/uploads\/2014\/12\/workshop_cantiere_storie-150x150.png\" class=\"attachment-thumbnail size-thumbnail wp-post-image\" alt=\"\" srcset=\"https:\/\/marechiarofilm.it\/wp-content\/uploads\/2014\/12\/workshop_cantiere_storie-150x150.png 150w, https:\/\/marechiarofilm.it\/wp-content\/uploads\/2014\/12\/workshop_cantiere_storie-60x60.png 60w\" sizes=\"auto, (max-width: 150px) 100vw, 150px\" \/>\nLaboratorio aperto sull\u2019inchiesta L\u2019Amore Oggi\n<p>12 giugno 2012 &#8211; Casa del Cinema ore 15:00 \u2013 18:30 Laboratorio aperto sull\u2019inchiesta L\u2019Amore Oggi Giornata di lavoro per lanciare l\u2019inchiesta L\u2019Amore Oggi nell\u2019ambito del progetto Oggi insieme domani Anche film partecipato In collaborazione con Casa de<\/p>\n\n\t\n\t\t<img loading=\"lazy\" decoding=\"async\" width=\"150\" height=\"150\" src=\"https:\/\/marechiarofilm.it\/wp-content\/uploads\/2023\/10\/Il-resto-di-niente-QUADRATO-X-ARTICOLOjpeg-150x150.jpeg\" class=\"attachment-thumbnail size-thumbnail wp-post-image\" alt=\"\" srcset=\"https:\/\/marechiarofilm.it\/wp-content\/uploads\/2023\/10\/Il-resto-di-niente-QUADRATO-X-ARTICOLOjpeg-150x150.jpeg 150w, https:\/\/marechiarofilm.it\/wp-content\/uploads\/2023\/10\/Il-resto-di-niente-QUADRATO-X-ARTICOLOjpeg-300x300.jpeg 300w, https:\/\/marechiarofilm.it\/wp-content\/uploads\/2023\/10\/Il-resto-di-niente-QUADRATO-X-ARTICOLOjpeg-60x60.jpeg 60w, https:\/\/marechiarofilm.it\/wp-content\/uploads\/2023\/10\/Il-resto-di-niente-QUADRATO-X-ARTICOLOjpeg-240x240.jpeg 240w, https:\/\/marechiarofilm.it\/wp-content\/uploads\/2023\/10\/Il-resto-di-niente-QUADRATO-X-ARTICOLOjpeg.jpeg 480w\" sizes=\"auto, (max-width: 150px) 100vw, 150px\" \/>\nIl Resto di Niente Campo e Controcampo\n<p>Il resto di niente &#8211; campo e controcampo.\u00a0 Il dispositivo cinematografico dentro il racconto del film Montaggio di Elisabetta Giannini &#8211; riprese backstage di Luca Musella\u00a0 Questo studio sul film di A. De Lillo \u00e8 stato realizzato senza scopo di lucro e<\/p>\n\n\t\n\t\t<img loading=\"lazy\" decoding=\"async\" width=\"150\" height=\"150\" src=\"https:\/\/marechiarofilm.it\/wp-content\/uploads\/2015\/11\/banner-molise-cinema-287x215-copia-150x150.jpg\" class=\"attachment-thumbnail size-thumbnail wp-post-image\" alt=\"\" srcset=\"https:\/\/marechiarofilm.it\/wp-content\/uploads\/2015\/11\/banner-molise-cinema-287x215-copia-150x150.jpg 150w, https:\/\/marechiarofilm.it\/wp-content\/uploads\/2015\/11\/banner-molise-cinema-287x215-copia-60x60.jpg 60w\" sizes=\"auto, (max-width: 150px) 100vw, 150px\" \/>\nL&#8217;inchiesta L&#8217;amore oggi al Molise Cinema\n<p>Che fine ha fatto l\u2019amore? In momenti di crisi \u00e8 pi\u00f9 difficile amarsi? L\u02bcamore pu\u00f2 aiutare a superare la crisi e a ricostruire? Ti ami a sufficienza? &nbsp; Dal 9 al 12 agosto 2012 il MoliseCinema diventa il set dell\u2019inchiesta L\u2019AMORE OGGI nell\u2019ambito<\/p>\n\n\t\n\t\t<img loading=\"lazy\" decoding=\"async\" width=\"150\" height=\"150\" src=\"https:\/\/marechiarofilm.it\/wp-content\/uploads\/2016\/04\/NEWS-VECCHINI-2-150x150.jpg\" class=\"attachment-thumbnail size-thumbnail wp-post-image\" alt=\"\" srcset=\"https:\/\/marechiarofilm.it\/wp-content\/uploads\/2016\/04\/NEWS-VECCHINI-2-150x150.jpg 150w, https:\/\/marechiarofilm.it\/wp-content\/uploads\/2016\/04\/NEWS-VECCHINI-2-60x60.jpg 60w, https:\/\/marechiarofilm.it\/wp-content\/uploads\/2016\/04\/NEWS-VECCHINI-2-240x240.jpg 240w\" sizes=\"auto, (max-width: 150px) 100vw, 150px\" \/>\nOIDA &#8211; film partecipato programmazione nelle sale\n<p>&nbsp; Dopo l&#8217; anteprima romana e napoletana, OGGI INSIEME DOMANI ANCHE, secondo film partecipato di\u00a0marechiarofilm, inizia il suo percorso nelle sale a partire dal 19 maggio 2016 con la distribuzione di marechiarofilm in collaborazione con Mariposa Ci<\/p>\n\n\t\n\t\t<img loading=\"lazy\" decoding=\"async\" width=\"150\" height=\"150\" src=\"https:\/\/marechiarofilm.it\/wp-content\/uploads\/2015\/11\/banner-sulmona-287x215-1-150x150.jpg\" class=\"attachment-thumbnail size-thumbnail wp-post-image\" alt=\"\" srcset=\"https:\/\/marechiarofilm.it\/wp-content\/uploads\/2015\/11\/banner-sulmona-287x215-1-150x150.jpg 150w, https:\/\/marechiarofilm.it\/wp-content\/uploads\/2015\/11\/banner-sulmona-287x215-1-60x60.jpg 60w\" sizes=\"auto, (max-width: 150px) 100vw, 150px\" \/>\nSulmona Cinema\n<p>Il 4 dicembre 2012 alle ore 20,00, evento speciale alla XXX edizione del SulmonaCinema proiezione del primo film partecipato realizzato da marechiarofilm Il Pranzo di Natale, aperta a tutti frequentatori del Festival e a tutti coloro che sono interessa<\/p>\n\n\t\n\t\t<img loading=\"lazy\" decoding=\"async\" width=\"150\" height=\"150\" src=\"https:\/\/marechiarofilm.it\/wp-content\/uploads\/2017\/03\/ImmagineProfiloFacebook-150x150.jpg\" class=\"attachment-thumbnail size-thumbnail wp-post-image\" alt=\"\" srcset=\"https:\/\/marechiarofilm.it\/wp-content\/uploads\/2017\/03\/ImmagineProfiloFacebook-150x150.jpg 150w, https:\/\/marechiarofilm.it\/wp-content\/uploads\/2017\/03\/ImmagineProfiloFacebook-300x300.jpg 300w, https:\/\/marechiarofilm.it\/wp-content\/uploads\/2017\/03\/ImmagineProfiloFacebook-768x768.jpg 768w, https:\/\/marechiarofilm.it\/wp-content\/uploads\/2017\/03\/ImmagineProfiloFacebook-1024x1024.jpg 1024w, https:\/\/marechiarofilm.it\/wp-content\/uploads\/2017\/03\/ImmagineProfiloFacebook-60x60.jpg 60w, https:\/\/marechiarofilm.it\/wp-content\/uploads\/2017\/03\/ImmagineProfiloFacebook-240x240.jpg 240w, https:\/\/marechiarofilm.it\/wp-content\/uploads\/2017\/03\/ImmagineProfiloFacebook.jpg 1492w\" sizes=\"auto, (max-width: 150px) 100vw, 150px\" \/>\nFare un film &#8211; Finalisti\n<p>Si sono chiuse le selezioni degli autori che parteciperanno ai workshop del bando FARE UN FILM. Di seguito l&#8217;elenco dei 31 finalisti. L\u2019UOMO E LA BESTIA film partecipato FARE UN FILM | workshop 2024 Progetti selezionati &nbsp; Si sono chiuse le selezio<\/p>\n\n\t\n\t\t<img loading=\"lazy\" decoding=\"async\" width=\"150\" height=\"150\" src=\"https:\/\/marechiarofilm.it\/wp-content\/uploads\/2017\/06\/OIDA_12.presentazione-rassegna-materiali-damore-150x150.jpg\" class=\"attachment-thumbnail size-thumbnail wp-post-image\" alt=\"\" srcset=\"https:\/\/marechiarofilm.it\/wp-content\/uploads\/2017\/06\/OIDA_12.presentazione-rassegna-materiali-damore-150x150.jpg 150w, https:\/\/marechiarofilm.it\/wp-content\/uploads\/2017\/06\/OIDA_12.presentazione-rassegna-materiali-damore-60x60.jpg 60w, https:\/\/marechiarofilm.it\/wp-content\/uploads\/2017\/06\/OIDA_12.presentazione-rassegna-materiali-damore-300x300.jpg 300w, https:\/\/marechiarofilm.it\/wp-content\/uploads\/2017\/06\/OIDA_12.presentazione-rassegna-materiali-damore-240x240.jpg 240w\" sizes=\"auto, (max-width: 150px) 100vw, 150px\" \/>\nMateriali d&#8217;amore su MYMOVIESLIVE!\n<p>Dal 7 al 27 gennaio 2013 su MYMOVIESLIVE! la prima rassegna web curata da Anna Maria Pasetti e Antonio Pezzuto e realizzata nell\u2019ambito del progetto Oggi insieme domani Anche \u2013 film partecipato, in collaboraizone con Archivio Audiovisivo del Movimento<\/p>\n\n\t\n\t\t<img loading=\"lazy\" decoding=\"async\" width=\"150\" height=\"150\" src=\"https:\/\/marechiarofilm.it\/wp-content\/uploads\/2013\/10\/flyer-apollo-11-web-150x150.jpg\" class=\"attachment-thumbnail size-thumbnail wp-post-image\" alt=\"\" srcset=\"https:\/\/marechiarofilm.it\/wp-content\/uploads\/2013\/10\/flyer-apollo-11-web-150x150.jpg 150w, https:\/\/marechiarofilm.it\/wp-content\/uploads\/2013\/10\/flyer-apollo-11-web-60x60.jpg 60w, https:\/\/marechiarofilm.it\/wp-content\/uploads\/2013\/10\/flyer-apollo-11-web-300x300.jpg 300w, https:\/\/marechiarofilm.it\/wp-content\/uploads\/2013\/10\/flyer-apollo-11-web-240x240.jpg 240w\" sizes=\"auto, (max-width: 150px) 100vw, 150px\" \/>\nMateriali d&#8217;amore all&#8217;Apollo 11\n<p>marted\u00ec 14 e marted\u00ec 21 maggio 2013 ore 20,30 Un estratto della rassegna curata da Anna Maria Pasetti e Antonio Pezzuto nell&#8217;ambito del progetto Oggi insieme domani Anche &#8211; film partecipato e presentata lo scorso gennaio sulla piattaforma mymovieslive!<\/p>\n\n\t\n\t\t<img decoding=\"async\" src=\"https:\/\/marechiarofilm.it\/wp-content\/uploads\/2025\/11\/perso.jpg\" alt=\"L&#8217;Uccello Imbroglione vince al PerSo Film Festival\" class=\"attachment-thumbnail size-thumbnail\" \/> L&#8217;Uccello Imbroglione vince al PerSo Film Festival <p>L&#8217;Uccello imbroglione di Davide Salucci ha debuttato al PerSo (Perugia Social Film Festival), dove ha vinto ben due premi: Il PerSo Short e il PerSo Short Jail Dopo questo bel debutto, L&#8217;Uccello Imbroglione , vincitore del workshop FARE UN FILM Roma, c<\/p>\n\n\t\n\t\t<img loading=\"lazy\" decoding=\"async\" width=\"150\" height=\"150\" src=\"https:\/\/marechiarofilm.it\/wp-content\/uploads\/2024\/10\/THUMB_01-150x150.jpeg\" class=\"attachment-thumbnail size-thumbnail wp-post-image\" alt=\"\" srcset=\"https:\/\/marechiarofilm.it\/wp-content\/uploads\/2024\/10\/THUMB_01-150x150.jpeg 150w, https:\/\/marechiarofilm.it\/wp-content\/uploads\/2024\/10\/THUMB_01-300x300.jpeg 300w, https:\/\/marechiarofilm.it\/wp-content\/uploads\/2024\/10\/THUMB_01-768x768.jpeg 768w, https:\/\/marechiarofilm.it\/wp-content\/uploads\/2024\/10\/THUMB_01-1024x1024.jpeg 1024w, https:\/\/marechiarofilm.it\/wp-content\/uploads\/2024\/10\/THUMB_01-1536x1536.jpeg 1536w, https:\/\/marechiarofilm.it\/wp-content\/uploads\/2024\/10\/THUMB_01-60x60.jpeg 60w, https:\/\/marechiarofilm.it\/wp-content\/uploads\/2024\/10\/THUMB_01-500x500.jpeg 500w, https:\/\/marechiarofilm.it\/wp-content\/uploads\/2024\/10\/THUMB_01-240x240.jpeg 240w, https:\/\/marechiarofilm.it\/wp-content\/uploads\/2024\/10\/THUMB_01.jpeg 1920w\" sizes=\"auto, (max-width: 150px) 100vw, 150px\" \/>\nAnimali Metropolitani\n<p>Esce la web app Animali Metropolitani nell&#8217;ambito del progetto L&#8217;UOMO E LA BESTIA &#8211; film partecipato. tirate fuori i telefoni! ANIMALI METROPOLITANI L\u2019UOMO E LA BESTIA film partecipato &nbsp; La citt\u00e0 \u00e8 lo spazio che abitiamo, nel quale ci muoviamo com<\/p>\n\n\t\n\t\t<img loading=\"lazy\" decoding=\"async\" width=\"150\" height=\"150\" src=\"https:\/\/marechiarofilm.it\/wp-content\/uploads\/2015\/10\/Il-punto-di-vista-copertina-BIANCO-150x150.jpg\" class=\"attachment-thumbnail size-thumbnail wp-post-image\" alt=\"\" srcset=\"https:\/\/marechiarofilm.it\/wp-content\/uploads\/2015\/10\/Il-punto-di-vista-copertina-BIANCO-150x150.jpg 150w, https:\/\/marechiarofilm.it\/wp-content\/uploads\/2015\/10\/Il-punto-di-vista-copertina-BIANCO-60x60.jpg 60w, https:\/\/marechiarofilm.it\/wp-content\/uploads\/2015\/10\/Il-punto-di-vista-copertina-BIANCO-300x300.jpg 300w, https:\/\/marechiarofilm.it\/wp-content\/uploads\/2015\/10\/Il-punto-di-vista-copertina-BIANCO-240x240.jpg 240w\" sizes=\"auto, (max-width: 150px) 100vw, 150px\" \/>\nLaboratorio IL PUNTO DI VISTA\n<p>Dal 30 novembre al 2 dicembre CSC LAB con il contributo di Marechiarofilm Produzioni presenta il laboratorio tenuto da Antonietta De Lillo IL PUNTO DI VISTA che cos&#8217;\u00e8 e come non smarrirlo. Per tutte le info sul programma del corso: csclab@fondazionecsc<\/p>\n\n\t\n\t\t<img loading=\"lazy\" decoding=\"async\" width=\"150\" height=\"150\" src=\"https:\/\/marechiarofilm.it\/wp-content\/uploads\/2024\/10\/POSTER-1-150x150.jpeg\" class=\"attachment-thumbnail size-thumbnail wp-post-image\" alt=\"\" srcset=\"https:\/\/marechiarofilm.it\/wp-content\/uploads\/2024\/10\/POSTER-1-150x150.jpeg 150w, https:\/\/marechiarofilm.it\/wp-content\/uploads\/2024\/10\/POSTER-1-60x60.jpeg 60w, https:\/\/marechiarofilm.it\/wp-content\/uploads\/2024\/10\/POSTER-1-300x300.jpeg 300w, https:\/\/marechiarofilm.it\/wp-content\/uploads\/2024\/10\/POSTER-1-240x240.jpeg 240w\" sizes=\"auto, (max-width: 150px) 100vw, 150px\" \/>\nFARE UN FILM I VINCITORI\n<p>Si sono chiuse le giornate di pitch del bando FARE UN FILM. Di seguito i vincitori. L\u2019UOMO E LA BESTIA film partecipato FARE UN FILM | workshop 2024 Progetti vincitori Si sono concluse le giornate di pitch dei partecipanti al workshop FARE UN FILM, cur<\/p>\n\n\t\n\t\t<img loading=\"lazy\" decoding=\"async\" width=\"150\" height=\"150\" src=\"https:\/\/marechiarofilm.it\/wp-content\/uploads\/2016\/02\/uomo-e-besti-newsletter-150x150.jpg\" class=\"attachment-thumbnail size-thumbnail wp-post-image\" alt=\"\" srcset=\"https:\/\/marechiarofilm.it\/wp-content\/uploads\/2016\/02\/uomo-e-besti-newsletter-150x150.jpg 150w, https:\/\/marechiarofilm.it\/wp-content\/uploads\/2016\/02\/uomo-e-besti-newsletter-60x60.jpg 60w, https:\/\/marechiarofilm.it\/wp-content\/uploads\/2016\/02\/uomo-e-besti-newsletter-300x300.jpg 300w, https:\/\/marechiarofilm.it\/wp-content\/uploads\/2016\/02\/uomo-e-besti-newsletter-240x240.jpg 240w\" sizes=\"auto, (max-width: 150px) 100vw, 150px\" \/>\nLABORATORIO CREATIVO A CASA DEL CINEMA\n<p>Il workshop RACCONTARE LA REALTA&#8217; CON GLI OCCHI DEL CINEMA previsto dal 19 al 21 febbraio \u00e8 posticipato in primavera e marechiarofilm ha deciso di proporre una giornata sempre a Casa del Cinema sabato 20 febbraio di brainstorming aperto a tutti coloro<\/p>\n\n\t\n\t\t<img loading=\"lazy\" decoding=\"async\" width=\"150\" height=\"150\" src=\"https:\/\/marechiarofilm.it\/wp-content\/uploads\/2024\/07\/Copia-di-L_OCCHIO_DELLA_GALLINA_01_clean_-scaled-150x150.jpg\" class=\"attachment-thumbnail size-thumbnail wp-post-image\" alt=\"\" srcset=\"https:\/\/marechiarofilm.it\/wp-content\/uploads\/2024\/07\/Copia-di-L_OCCHIO_DELLA_GALLINA_01_clean_-scaled-150x150.jpg 150w, https:\/\/marechiarofilm.it\/wp-content\/uploads\/2024\/07\/Copia-di-L_OCCHIO_DELLA_GALLINA_01_clean_-scaled-60x60.jpg 60w, https:\/\/marechiarofilm.it\/wp-content\/uploads\/2024\/07\/Copia-di-L_OCCHIO_DELLA_GALLINA_01_clean_-scaled-300x300.jpg 300w, https:\/\/marechiarofilm.it\/wp-content\/uploads\/2024\/07\/Copia-di-L_OCCHIO_DELLA_GALLINA_01_clean_-scaled-240x240.jpg 240w\" sizes=\"auto, (max-width: 150px) 100vw, 150px\" \/>\nL&#8217;Occhio della Gallina alle Giornate degli Autori\n<p>&nbsp; L&#8217;OCCHIO DELLA GALLINA AUTORITRATTO DI ANTONIETTA DE LILLO &nbsp; Venezia 81 &#8211;\u00a0 Il nuovo film di Antonietta De Lillo verr\u00e0 presentato alle Giornate degli Autori nella sezione Notti Veneziane in collaborazione con Isola Edipo. Dopo tre anni di la<\/p>\n\n\t\n\t\t<img loading=\"lazy\" decoding=\"async\" width=\"150\" height=\"150\" src=\"https:\/\/marechiarofilm.it\/wp-content\/uploads\/2015\/11\/Clint-Eastwood-150x150.jpg\" class=\"attachment-thumbnail size-thumbnail wp-post-image\" alt=\"\" srcset=\"https:\/\/marechiarofilm.it\/wp-content\/uploads\/2015\/11\/Clint-Eastwood-150x150.jpg 150w, https:\/\/marechiarofilm.it\/wp-content\/uploads\/2015\/11\/Clint-Eastwood-60x60.jpg 60w, https:\/\/marechiarofilm.it\/wp-content\/uploads\/2015\/11\/Clint-Eastwood-300x300.jpg 300w, https:\/\/marechiarofilm.it\/wp-content\/uploads\/2015\/11\/Clint-Eastwood-240x240.jpg 240w\" sizes=\"auto, (max-width: 150px) 100vw, 150px\" \/>\nmasterclass con antonietta de lillo\n<p>PerSo PERUGIA SOCIAL FESTIVAL Masterclass sul film partecipato con Antonietta De Lillo Il film partecipato di marechiarofilm \u00e8 l\u2019occasione per filmmaker e registi professionisti e\u00a0non di realizzare le proprie opere di cinema documentario a partire da u<\/p>\n\n\t\n\t\t<img loading=\"lazy\" decoding=\"async\" width=\"150\" height=\"150\" src=\"https:\/\/marechiarofilm.it\/wp-content\/uploads\/2024\/07\/46_90045ANT-e1747823103414-150x150.jpg\" class=\"attachment-thumbnail size-thumbnail wp-post-image\" alt=\"\" srcset=\"https:\/\/marechiarofilm.it\/wp-content\/uploads\/2024\/07\/46_90045ANT-e1747823103414-150x150.jpg 150w, https:\/\/marechiarofilm.it\/wp-content\/uploads\/2024\/07\/46_90045ANT-e1747823103414-60x60.jpg 60w, https:\/\/marechiarofilm.it\/wp-content\/uploads\/2024\/07\/46_90045ANT-e1747823103414-300x300.jpg 300w, https:\/\/marechiarofilm.it\/wp-content\/uploads\/2024\/07\/46_90045ANT-e1747823103414-240x240.jpg 240w\" sizes=\"auto, (max-width: 150px) 100vw, 150px\" \/>\nThe Eye of the Hen\n<p>THE EYE OF THE HEN The Eye of the Hen is the cinematic self-portrait of director Antonietta De Lillo, relegated to the margins of the film industry after a legal dispute over the distribution of her most successful film, which could have established he<\/p>\n\n\t\n\t\t<img loading=\"lazy\" decoding=\"async\" width=\"150\" height=\"150\" src=\"https:\/\/marechiarofilm.it\/wp-content\/uploads\/2017\/02\/mesedeldoc-150x150.jpeg\" class=\"attachment-thumbnail size-thumbnail wp-post-image\" alt=\"\" srcset=\"https:\/\/marechiarofilm.it\/wp-content\/uploads\/2017\/02\/mesedeldoc-150x150.jpeg 150w, https:\/\/marechiarofilm.it\/wp-content\/uploads\/2017\/02\/mesedeldoc-60x60.jpeg 60w, https:\/\/marechiarofilm.it\/wp-content\/uploads\/2017\/02\/mesedeldoc-300x300.jpeg 300w, https:\/\/marechiarofilm.it\/wp-content\/uploads\/2017\/02\/mesedeldoc-240x240.jpeg 240w\" sizes=\"auto, (max-width: 150px) 100vw, 150px\" \/>\nantonietta de lillo al mese del documentario\n<p>Per chi vuole capire che cos&#8217;\u00e8 il film partecipato da un punto di vista creativo e produttivo, marted\u00ec 24 gennaio alle ore 18.00 a Casa del Cinema Antonietta De Lillo racconter\u00e0 in una masterclass di due ore la genesi di questo format da lei ideato e c<\/p>\n\n\t\n\t\t<img loading=\"lazy\" decoding=\"async\" width=\"150\" height=\"150\" src=\"https:\/\/marechiarofilm.it\/wp-content\/uploads\/2025\/12\/Copia-di-OR_NEW_01-scaled-150x150.jpg\" class=\"attachment-thumbnail size-thumbnail wp-post-image\" alt=\"L&#039;uomo e la bestia Rassegna\" srcset=\"https:\/\/marechiarofilm.it\/wp-content\/uploads\/2025\/12\/Copia-di-OR_NEW_01-scaled-150x150.jpg 150w, https:\/\/marechiarofilm.it\/wp-content\/uploads\/2025\/12\/Copia-di-OR_NEW_01-scaled-60x60.jpg 60w, https:\/\/marechiarofilm.it\/wp-content\/uploads\/2025\/12\/Copia-di-OR_NEW_01-scaled-300x300.jpg 300w, https:\/\/marechiarofilm.it\/wp-content\/uploads\/2025\/12\/Copia-di-OR_NEW_01-scaled-240x240.jpg 240w\" sizes=\"auto, (max-width: 150px) 100vw, 150px\" \/>\nL&#8217;uomo e la bestia: la presentazione ufficiale a Napoli\n<p>Oggi alla Sala Giunta del Comune di Napoli si \u00e8 svolta la conferenza stampa per annunciare la Rassegna Cinematografica L&#8217;UOMO E LA BESTIA, il nuovo progetto nell&#8217;ambito del Film Partecipato. La rassegna, durante la quale verranno proiettati lungometrag<\/p>\n\n\t\n\t\t<img loading=\"lazy\" decoding=\"async\" width=\"150\" height=\"150\" src=\"https:\/\/marechiarofilm.it\/wp-content\/uploads\/2017\/03\/Mostra-Scatto-damore-CS4-150x150.jpg\" class=\"attachment-thumbnail size-thumbnail wp-post-image\" alt=\"\" srcset=\"https:\/\/marechiarofilm.it\/wp-content\/uploads\/2017\/03\/Mostra-Scatto-damore-CS4-150x150.jpg 150w, https:\/\/marechiarofilm.it\/wp-content\/uploads\/2017\/03\/Mostra-Scatto-damore-CS4-60x60.jpg 60w, https:\/\/marechiarofilm.it\/wp-content\/uploads\/2017\/03\/Mostra-Scatto-damore-CS4-300x300.jpg 300w, https:\/\/marechiarofilm.it\/wp-content\/uploads\/2017\/03\/Mostra-Scatto-damore-CS4-240x240.jpg 240w\" sizes=\"auto, (max-width: 150px) 100vw, 150px\" \/>\nscatto d&#8217;amore\n\n\t\n\t\t<img loading=\"lazy\" decoding=\"async\" width=\"150\" height=\"150\" src=\"https:\/\/marechiarofilm.it\/wp-content\/uploads\/2025\/04\/david-1-post-150x150.jpg\" class=\"attachment-thumbnail size-thumbnail wp-post-image\" alt=\"\" srcset=\"https:\/\/marechiarofilm.it\/wp-content\/uploads\/2025\/04\/david-1-post-150x150.jpg 150w, https:\/\/marechiarofilm.it\/wp-content\/uploads\/2025\/04\/david-1-post-300x300.jpg 300w, https:\/\/marechiarofilm.it\/wp-content\/uploads\/2025\/04\/david-1-post-768x768.jpg 768w, https:\/\/marechiarofilm.it\/wp-content\/uploads\/2025\/04\/david-1-post-1024x1024.jpg 1024w, https:\/\/marechiarofilm.it\/wp-content\/uploads\/2025\/04\/david-1-post-60x60.jpg 60w, https:\/\/marechiarofilm.it\/wp-content\/uploads\/2025\/04\/david-1-post-500x500.jpg 500w, https:\/\/marechiarofilm.it\/wp-content\/uploads\/2025\/04\/david-1-post-750x750.jpg 750w, https:\/\/marechiarofilm.it\/wp-content\/uploads\/2025\/04\/david-1-post-240x240.jpg 240w, https:\/\/marechiarofilm.it\/wp-content\/uploads\/2025\/04\/david-1-post.jpg 1080w\" sizes=\"auto, (max-width: 150px) 100vw, 150px\" \/>\nL&#8217;Occhio della Gallina candidato ai David di Donatello\n<p>L&#8217;Occhio della Gallina di Antonietta De Lillo \u00e8 nella cinquina dei candidati ai settantesimi David di Donatello. Dopo l&#8217;esordio a Venezia 81 e il lungo percorso festivaliero in giro per l&#8217;Italia, il film \u00e8 ufficialmente in lizza per il Premio Cecilia M<\/p>\n\n\t\n\t\t<img loading=\"lazy\" decoding=\"async\" width=\"150\" height=\"150\" src=\"https:\/\/marechiarofilm.it\/wp-content\/uploads\/2015\/10\/mostra-zevola-intro-150x150.png\" class=\"attachment-thumbnail size-thumbnail wp-post-image\" alt=\"\" srcset=\"https:\/\/marechiarofilm.it\/wp-content\/uploads\/2015\/10\/mostra-zevola-intro-150x150.png 150w, https:\/\/marechiarofilm.it\/wp-content\/uploads\/2015\/10\/mostra-zevola-intro-60x60.png 60w, https:\/\/marechiarofilm.it\/wp-content\/uploads\/2015\/10\/mostra-zevola-intro-240x240.png 240w\" sizes=\"auto, (max-width: 150px) 100vw, 150px\" \/>\nZevola\n\n\t\n\t\t<img loading=\"lazy\" decoding=\"async\" width=\"150\" height=\"150\" src=\"https:\/\/marechiarofilm.it\/wp-content\/uploads\/2025\/10\/cgtv-150x150.jpg\" class=\"attachment-thumbnail size-thumbnail wp-post-image\" alt=\"\" srcset=\"https:\/\/marechiarofilm.it\/wp-content\/uploads\/2025\/10\/cgtv-150x150.jpg 150w, https:\/\/marechiarofilm.it\/wp-content\/uploads\/2025\/10\/cgtv-60x60.jpg 60w, https:\/\/marechiarofilm.it\/wp-content\/uploads\/2025\/10\/cgtv-300x300.jpg 300w, https:\/\/marechiarofilm.it\/wp-content\/uploads\/2025\/10\/cgtv-240x240.jpg 240w\" sizes=\"auto, (max-width: 150px) 100vw, 150px\" \/>\nSognando Venezia in streaming su CGTV\n<p>\ud835\udc12\ud835\udc28\ud835\udc20\ud835\udc27\ud835\udc1a\ud835\udc27\ud835\udc1d\ud835\udc28 \ud835\udc15\ud835\udc1e\ud835\udc27\ud835\udc1e\ud835\udc33\ud835\udc22\ud835\udc1a, cortometraggio di Elisabetta Giannini con Morena e Francesco Di Leva, presentato alla 59\u00b0 edizione del Pesaro Film Festival e vincitore del Nastro d&#8217;Argento speciale al migliore esordio, \u00e8 in streaming su CGTV. Trovate il link al cort<\/p>\n\n\t\n\t\t<img loading=\"lazy\" decoding=\"async\" width=\"150\" height=\"150\" src=\"https:\/\/marechiarofilm.it\/wp-content\/uploads\/2025\/11\/Davide-Salucci-Luccello-imbroglione-1-1030x687-1-150x150.jpg\" class=\"attachment-thumbnail size-thumbnail wp-post-image\" alt=\"\" srcset=\"https:\/\/marechiarofilm.it\/wp-content\/uploads\/2025\/11\/Davide-Salucci-Luccello-imbroglione-1-1030x687-1-150x150.jpg 150w, https:\/\/marechiarofilm.it\/wp-content\/uploads\/2025\/11\/Davide-Salucci-Luccello-imbroglione-1-1030x687-1-60x60.jpg 60w, https:\/\/marechiarofilm.it\/wp-content\/uploads\/2025\/11\/Davide-Salucci-Luccello-imbroglione-1-1030x687-1-300x300.jpg 300w, https:\/\/marechiarofilm.it\/wp-content\/uploads\/2025\/11\/Davide-Salucci-Luccello-imbroglione-1-1030x687-1-240x240.jpg 240w\" sizes=\"auto, (max-width: 150px) 100vw, 150px\" \/>\nL&#8217;Uccello Imbroglione vince il premio del pubblico Eco-ShorTS\n<p>L&#8217;Uccello Imbroglione di Davide Salucci, dopo la vittoria al PerSo Film Festival e la partecipazione al Med Film Festival, ha partecipato allo Shorts International Film Festival, dove ha vinto il premio del pubblico come Miglior Corto Eco-ShorTS. Il re<\/p>\n\n\t\n\t\t\nretrospettiva su Antonietta De Lillo al 32\u00b0 BFM\n<p>&nbsp; Non ho scelto deliberatamente di fare questo mestiere, in qualche modo mi sono lasciata\u00a0 trasportare\u00a0dagli eventi, dalle combinazioni della vita&#8230; e mi sono ritrovata a fare forse il pi\u00f9 bel lavoro possibile, quello di immaginare mondi diversi,<\/p>\n\n\t\n\t\t<img loading=\"lazy\" decoding=\"async\" width=\"150\" height=\"150\" src=\"https:\/\/marechiarofilm.it\/wp-content\/uploads\/2025\/06\/NEWSLETTER-salina-scaled-e1765984612111-150x150.jpg\" class=\"attachment-thumbnail size-thumbnail wp-post-image\" alt=\"\" srcset=\"https:\/\/marechiarofilm.it\/wp-content\/uploads\/2025\/06\/NEWSLETTER-salina-scaled-e1765984612111-150x150.jpg 150w, https:\/\/marechiarofilm.it\/wp-content\/uploads\/2025\/06\/NEWSLETTER-salina-scaled-e1765984612111-60x60.jpg 60w, https:\/\/marechiarofilm.it\/wp-content\/uploads\/2025\/06\/NEWSLETTER-salina-scaled-e1765984612111-300x300.jpg 300w, https:\/\/marechiarofilm.it\/wp-content\/uploads\/2025\/06\/NEWSLETTER-salina-scaled-e1765984612111-240x240.jpg 240w\" sizes=\"auto, (max-width: 150px) 100vw, 150px\" \/>\nSalina DocFest: L&#8217;Occhio della Gallina vince il premio del pubblico\n<p>L\u2019Occhio della Gallina vince il Premio del Pubblico al Salina Doc Fest.\u00a0 Il film \u00e8 stato proiettato il 16 Luglio alle 21:30 alla presenza dell&#8217;autrice Antonietta De Lillo, che in seguito ha dialogato con il pubblico. &nbsp;<\/p>\n\n\t\n\t\t<img loading=\"lazy\" decoding=\"async\" width=\"150\" height=\"150\" src=\"https:\/\/marechiarofilm.it\/wp-content\/uploads\/2016\/01\/Schermata-2017-02-02-alle-13.59.27-150x150.png\" class=\"attachment-thumbnail size-thumbnail wp-post-image\" alt=\"\" srcset=\"https:\/\/marechiarofilm.it\/wp-content\/uploads\/2016\/01\/Schermata-2017-02-02-alle-13.59.27-150x150.png 150w, https:\/\/marechiarofilm.it\/wp-content\/uploads\/2016\/01\/Schermata-2017-02-02-alle-13.59.27-60x60.png 60w, https:\/\/marechiarofilm.it\/wp-content\/uploads\/2016\/01\/Schermata-2017-02-02-alle-13.59.27-300x300.png 300w, https:\/\/marechiarofilm.it\/wp-content\/uploads\/2016\/01\/Schermata-2017-02-02-alle-13.59.27-240x240.png 240w\" sizes=\"auto, (max-width: 150px) 100vw, 150px\" \/>\ndue giorni di incontri e proiezioni a Casa del Cinema\n<p>Usa e getta non \u00e8 un convegno n\u00e9 una rassegna. Piuttosto due giorni di incontri aperti e libere riflessioni su che cos\u2019\u00e8 il found footage e su come si sono evoluti\u00a0 nel corso del tempo il suo l\u2019utilizzo e la relativa teorizzazione. Il found footage, ne<\/p>\n\n\t\n\t\t<img loading=\"lazy\" decoding=\"async\" width=\"150\" height=\"150\" src=\"https:\/\/marechiarofilm.it\/wp-content\/uploads\/2025\/09\/5771912657270589550-150x150.jpg\" class=\"attachment-thumbnail size-thumbnail wp-post-image\" alt=\"\" srcset=\"https:\/\/marechiarofilm.it\/wp-content\/uploads\/2025\/09\/5771912657270589550-150x150.jpg 150w, https:\/\/marechiarofilm.it\/wp-content\/uploads\/2025\/09\/5771912657270589550-60x60.jpg 60w, https:\/\/marechiarofilm.it\/wp-content\/uploads\/2025\/09\/5771912657270589550-300x300.jpg 300w, https:\/\/marechiarofilm.it\/wp-content\/uploads\/2025\/09\/5771912657270589550-240x240.jpg 240w\" sizes=\"auto, (max-width: 150px) 100vw, 150px\" \/>\nL&#8217;Occhio della Gallina premiato come miglior documentario a Lenola\n<p>&nbsp; L\u2019Occhio della Gallina \u00e8 stato selezionato al Festival Inventa un Film di Lenola, dove ha vinto il premio come miglior documentario. Dopo la proiezione del primo agosto alle 15:00 al Cinema Pietro Ingrao, alle 18:30 Antonietta De Lillo ha partec<\/p>\n\n\t\n\t\t<img loading=\"lazy\" decoding=\"async\" width=\"150\" height=\"150\" src=\"https:\/\/marechiarofilm.it\/wp-content\/uploads\/2016\/02\/CINETECANAZIONALE_8309597018983049333_o-150x150.jpeg\" class=\"attachment-thumbnail size-thumbnail wp-post-image\" alt=\"\" srcset=\"https:\/\/marechiarofilm.it\/wp-content\/uploads\/2016\/02\/CINETECANAZIONALE_8309597018983049333_o-150x150.jpeg 150w, https:\/\/marechiarofilm.it\/wp-content\/uploads\/2016\/02\/CINETECANAZIONALE_8309597018983049333_o-60x60.jpeg 60w, https:\/\/marechiarofilm.it\/wp-content\/uploads\/2016\/02\/CINETECANAZIONALE_8309597018983049333_o-300x300.jpeg 300w, https:\/\/marechiarofilm.it\/wp-content\/uploads\/2016\/02\/CINETECANAZIONALE_8309597018983049333_o-240x240.jpeg 240w\" sizes=\"auto, (max-width: 150px) 100vw, 150px\" \/>\nOmaggio della Cineteca Nazionale a Antonietta De Lillo\n<p>&nbsp; \u00a0 Viaggio in Italia. Il cinema di Antonietta De Lillo Se esiste un termine cinefilo capace di racchiudere \u2013 senza per\u00f2 imprigionare! \u2013 il cinema di Antonietta De Lillo, \u00e8 sicuramente quello rosselliniano. L\u2019intero corpus filmografico \u00e8 infatti a<\/p>\n\n\t\n\t\t<img loading=\"lazy\" decoding=\"async\" width=\"150\" height=\"150\" src=\"https:\/\/marechiarofilm.it\/wp-content\/uploads\/2025\/08\/Testo-del-paragrafo-4-1-150x150.jpg\" class=\"attachment-thumbnail size-thumbnail wp-post-image\" alt=\"\" srcset=\"https:\/\/marechiarofilm.it\/wp-content\/uploads\/2025\/08\/Testo-del-paragrafo-4-1-150x150.jpg 150w, https:\/\/marechiarofilm.it\/wp-content\/uploads\/2025\/08\/Testo-del-paragrafo-4-1-60x60.jpg 60w, https:\/\/marechiarofilm.it\/wp-content\/uploads\/2025\/08\/Testo-del-paragrafo-4-1-300x300.jpg 300w, https:\/\/marechiarofilm.it\/wp-content\/uploads\/2025\/08\/Testo-del-paragrafo-4-1-240x240.jpg 240w\" sizes=\"auto, (max-width: 150px) 100vw, 150px\" \/>\nL&#8217;Occhio della Gallina all&#8217;Arena del Cinema Nuovo Sacher\n<p>A un anno di distanza dalla prima veneziana, L\u2019Occhio della Gallina verr\u00e0 proiettato il primo settembre alle ore 21.00 all\u2019Arena del Cinema Nuovo Sacher. A seguire Antonietta De Lillo dialogher\u00e0 con la sceneggiatrice Valia Santella e con il pubblico.<\/p>\n\n\t\n\t\t<img loading=\"lazy\" decoding=\"async\" width=\"150\" height=\"150\" src=\"https:\/\/marechiarofilm.it\/wp-content\/uploads\/2016\/09\/vanezia-150x150.jpg\" class=\"attachment-thumbnail size-thumbnail wp-post-image\" alt=\"\" srcset=\"https:\/\/marechiarofilm.it\/wp-content\/uploads\/2016\/09\/vanezia-150x150.jpg 150w, https:\/\/marechiarofilm.it\/wp-content\/uploads\/2016\/09\/vanezia-60x60.jpg 60w, https:\/\/marechiarofilm.it\/wp-content\/uploads\/2016\/09\/vanezia-300x300.jpg 300w, https:\/\/marechiarofilm.it\/wp-content\/uploads\/2016\/09\/vanezia-240x240.jpg 240w\" sizes=\"auto, (max-width: 150px) 100vw, 150px\" \/>\nVenezia Giornate degli Autori\n<p>Antonietta De Lillo il 3 settembre a DIREZIONE DONNA &nbsp; Direzione Donna.\u00a0L&#8217;autorialit\u00e0 al femminile tra talento e pari opportunit\u00e0 Intervento di Antonietta De Lillo Prima di tutto ringrazio le Giornate degli Autori che ci ospitano e i 100 autori e<\/p>\n\n\t\n\t\t<img loading=\"lazy\" decoding=\"async\" width=\"150\" height=\"150\" src=\"https:\/\/marechiarofilm.it\/wp-content\/uploads\/2025\/09\/medfilmfestival-150x150.jpg\" class=\"attachment-thumbnail size-thumbnail wp-post-image\" alt=\"\" srcset=\"https:\/\/marechiarofilm.it\/wp-content\/uploads\/2025\/09\/medfilmfestival-150x150.jpg 150w, https:\/\/marechiarofilm.it\/wp-content\/uploads\/2025\/09\/medfilmfestival-60x60.jpg 60w, https:\/\/marechiarofilm.it\/wp-content\/uploads\/2025\/09\/medfilmfestival-300x300.jpg 300w, https:\/\/marechiarofilm.it\/wp-content\/uploads\/2025\/09\/medfilmfestival-240x240.jpg 240w\" sizes=\"auto, (max-width: 150px) 100vw, 150px\" \/>\nL&#8217;Occhio della Gallina: premio speciale al Medfest 2025\n<p>L&#8217;Occhio della Gallina ha vinto il premio speciale Mediterraneo Video Festival 2025, conferito ad Antonietta De Lillo come persona &#8220;libera del cinema italiano&#8221;. Oltre al conferimento del premio e al dialogo tra autrice e pubblico, moderato da Maria Gra<\/p>\n\n\t\n\t\t<img loading=\"lazy\" decoding=\"async\" width=\"150\" height=\"150\" src=\"https:\/\/marechiarofilm.it\/wp-content\/uploads\/2015\/11\/LOCANDINA-QUADRATA-bassa-150x150.jpg\" class=\"attachment-thumbnail size-thumbnail wp-post-image\" alt=\"\" srcset=\"https:\/\/marechiarofilm.it\/wp-content\/uploads\/2015\/11\/LOCANDINA-QUADRATA-bassa-150x150.jpg 150w, https:\/\/marechiarofilm.it\/wp-content\/uploads\/2015\/11\/LOCANDINA-QUADRATA-bassa-60x60.jpg 60w, https:\/\/marechiarofilm.it\/wp-content\/uploads\/2015\/11\/LOCANDINA-QUADRATA-bassa-300x300.jpg 300w, https:\/\/marechiarofilm.it\/wp-content\/uploads\/2015\/11\/LOCANDINA-QUADRATA-bassa-240x240.jpg 240w\" sizes=\"auto, (max-width: 150px) 100vw, 150px\" \/>\nFare un film &#8211; il progetto\n<p>Fare un film \u00e8 un progetto formativo, strutturato su attivit\u00e0 di workshop e tutoraggio, dedicato all\u2019 individuazione e al sostegno di autori, e di tutti i professionisti e non, che siano interessati a realizzare un film documentario sul tema L\u2019UOMO E L<\/p>\n\n\t\n\t\t<img loading=\"lazy\" decoding=\"async\" width=\"150\" height=\"150\" src=\"https:\/\/marechiarofilm.it\/wp-content\/uploads\/2025\/10\/WhatsApp-Image-2025-09-29-at-21.33.02-1-150x150.jpeg\" class=\"attachment-thumbnail size-thumbnail wp-post-image\" alt=\"\" srcset=\"https:\/\/marechiarofilm.it\/wp-content\/uploads\/2025\/10\/WhatsApp-Image-2025-09-29-at-21.33.02-1-150x150.jpeg 150w, https:\/\/marechiarofilm.it\/wp-content\/uploads\/2025\/10\/WhatsApp-Image-2025-09-29-at-21.33.02-1-60x60.jpeg 60w, https:\/\/marechiarofilm.it\/wp-content\/uploads\/2025\/10\/WhatsApp-Image-2025-09-29-at-21.33.02-1-300x300.jpeg 300w, https:\/\/marechiarofilm.it\/wp-content\/uploads\/2025\/10\/WhatsApp-Image-2025-09-29-at-21.33.02-1-240x240.jpeg 240w\" sizes=\"auto, (max-width: 150px) 100vw, 150px\" \/>\nIniziano le riprese de La Leggenda del Deserto di Elisabetta Giannini\n<p>Partono le riprese de La Leggenda del Deserto, documentario diretto da Elisabetta Giannini con Carolina De Lillo Magliulo. Il documentario, prodotto da marechiarofilm, \u00e8 stato realizzato con il sostegno del Ministero della Cultura e di SIAE, nell&#8217;ambit<\/p>\n\n\t\n\t\t<img loading=\"lazy\" decoding=\"async\" width=\"150\" height=\"150\" src=\"https:\/\/marechiarofilm.it\/wp-content\/uploads\/2016\/10\/Schermata-2017-02-02-alle-13.52.50-150x150.png\" class=\"attachment-thumbnail size-thumbnail wp-post-image\" alt=\"\" srcset=\"https:\/\/marechiarofilm.it\/wp-content\/uploads\/2016\/10\/Schermata-2017-02-02-alle-13.52.50-150x150.png 150w, https:\/\/marechiarofilm.it\/wp-content\/uploads\/2016\/10\/Schermata-2017-02-02-alle-13.52.50-60x60.png 60w, https:\/\/marechiarofilm.it\/wp-content\/uploads\/2016\/10\/Schermata-2017-02-02-alle-13.52.50-300x300.png 300w, https:\/\/marechiarofilm.it\/wp-content\/uploads\/2016\/10\/Schermata-2017-02-02-alle-13.52.50-240x240.png 240w\" sizes=\"auto, (max-width: 150px) 100vw, 150px\" \/>\nEvento speciale Pitch &#8211; Visioni Incontra\n<p>&nbsp; https:\/\/vimeo.com\/186234274 &nbsp; 6 ottobre 2016, Milano, Visioni dal Mondo L&#8217;idea di film partecipato nasce da due mie esigenze molto personali: \u00a0 La prima \u00e8 il desiderio di raccontare l&#8217;Italia attraverso una pluralit\u00e0 di sguardi che proprio n<\/p>\n\n\t\n\t\t<img loading=\"lazy\" decoding=\"async\" width=\"150\" height=\"150\" src=\"https:\/\/marechiarofilm.it\/wp-content\/uploads\/2025\/10\/cam-150x150.jpg\" class=\"attachment-thumbnail size-thumbnail wp-post-image\" alt=\"\" srcset=\"https:\/\/marechiarofilm.it\/wp-content\/uploads\/2025\/10\/cam-150x150.jpg 150w, https:\/\/marechiarofilm.it\/wp-content\/uploads\/2025\/10\/cam-60x60.jpg 60w, https:\/\/marechiarofilm.it\/wp-content\/uploads\/2025\/10\/cam-300x300.jpg 300w, https:\/\/marechiarofilm.it\/wp-content\/uploads\/2025\/10\/cam-240x240.jpg 240w\" sizes=\"auto, (max-width: 150px) 100vw, 150px\" \/>\nI corti di FARE UN FILM al Cinemambiente\n<p>Il festival cinematografico a tema ambientale pi\u00f9 longevo d&#8217;Italia, Cinemambiente, ha selezionato, nella sezione Made in Italy, cinque cortometraggi realizzati nell&#8217;ambito del nostro progetto l&#8217;Uomo e la Bestia &#8211; film partecipato, che saranno proiettat<\/p>\n\n\t\n\t\t<img loading=\"lazy\" decoding=\"async\" width=\"150\" height=\"150\" src=\"https:\/\/marechiarofilm.it\/wp-content\/uploads\/2018\/03\/logo-noi-e-gli-altri_ANTEPRIMA_DEF-150x150.png\" class=\"attachment-thumbnail size-thumbnail wp-post-image\" alt=\"\" srcset=\"https:\/\/marechiarofilm.it\/wp-content\/uploads\/2018\/03\/logo-noi-e-gli-altri_ANTEPRIMA_DEF-150x150.png 150w, https:\/\/marechiarofilm.it\/wp-content\/uploads\/2018\/03\/logo-noi-e-gli-altri_ANTEPRIMA_DEF-60x60.png 60w, https:\/\/marechiarofilm.it\/wp-content\/uploads\/2018\/03\/logo-noi-e-gli-altri_ANTEPRIMA_DEF-300x300.png 300w, https:\/\/marechiarofilm.it\/wp-content\/uploads\/2018\/03\/logo-noi-e-gli-altri_ANTEPRIMA_DEF-240x240.png 240w\" sizes=\"auto, (max-width: 150px) 100vw, 150px\" \/>\nPERCORSI DI CINEMA\n<p>In occasione del decennale dalla nascita di marechiarofilm,\u00a0desideriamo diffondere i nostri lavori proponendo quattro percorsi\u00a0tematici che possano incontrare gusti e interessi di diverse\u00a0fasce di pubblico, di studenti, appassionati di cinema,\u00a0osservat<\/p>\n\n\t\n\t\t<img loading=\"lazy\" decoding=\"async\" width=\"150\" height=\"150\" src=\"https:\/\/marechiarofilm.it\/wp-content\/uploads\/2025\/11\/odgcatania-150x150.jpg\" class=\"attachment-thumbnail size-thumbnail wp-post-image\" alt=\"\" srcset=\"https:\/\/marechiarofilm.it\/wp-content\/uploads\/2025\/11\/odgcatania-150x150.jpg 150w, https:\/\/marechiarofilm.it\/wp-content\/uploads\/2025\/11\/odgcatania-60x60.jpg 60w, https:\/\/marechiarofilm.it\/wp-content\/uploads\/2025\/11\/odgcatania-300x300.jpg 300w, https:\/\/marechiarofilm.it\/wp-content\/uploads\/2025\/11\/odgcatania-240x240.jpg 240w\" sizes=\"auto, (max-width: 150px) 100vw, 150px\" \/>\nL&#8217;Occhio della Gallina: menzione speciale al Catania Film Festival\n<p>&nbsp; L&#8217;Occhio della Gallina di Antonietta De Lillo vince la menzione speciale della giuria alla XIV edizione del Catania Film Festival. Dopo le proiezioni e i premi dell&#8217;ultimo anno, tra cui ricordiamo la candidatura ai David di Donatello, il premio<\/p>\n\n\t\n\t\t<img loading=\"lazy\" decoding=\"async\" width=\"150\" height=\"150\" src=\"https:\/\/marechiarofilm.it\/wp-content\/uploads\/2020\/03\/post-14-aprile-150x150.jpg\" class=\"attachment-thumbnail size-thumbnail wp-post-image\" alt=\"\" srcset=\"https:\/\/marechiarofilm.it\/wp-content\/uploads\/2020\/03\/post-14-aprile-150x150.jpg 150w, https:\/\/marechiarofilm.it\/wp-content\/uploads\/2020\/03\/post-14-aprile-300x300.jpg 300w, https:\/\/marechiarofilm.it\/wp-content\/uploads\/2020\/03\/post-14-aprile-768x768.jpg 768w, https:\/\/marechiarofilm.it\/wp-content\/uploads\/2020\/03\/post-14-aprile-1024x1024.jpg 1024w, https:\/\/marechiarofilm.it\/wp-content\/uploads\/2020\/03\/post-14-aprile-60x60.jpg 60w, https:\/\/marechiarofilm.it\/wp-content\/uploads\/2020\/03\/post-14-aprile-240x240.jpg 240w, https:\/\/marechiarofilm.it\/wp-content\/uploads\/2020\/03\/post-14-aprile.jpg 1080w\" sizes=\"auto, (max-width: 150px) 100vw, 150px\" \/>\nLA CULTURA NON SI FERMA\n<p>Anche noi di marechiarofilm\u00a0aderiamo alla campagna #IORESTOACASA\u00a0mettendo gratuitamente a disposizione di tutti gli appassionati di cinema e gli utenti della rete i nostri film\u00a0fino al 14 aprile.\u00a0 In un momento delicato come quello che stiamo vivendo i<\/p>\n\n\t\n\t\t<img loading=\"lazy\" decoding=\"async\" width=\"150\" height=\"150\" src=\"https:\/\/marechiarofilm.it\/wp-content\/uploads\/2020\/11\/foto-news-home-page-150x150.jpg\" class=\"attachment-thumbnail size-thumbnail wp-post-image\" alt=\"\" srcset=\"https:\/\/marechiarofilm.it\/wp-content\/uploads\/2020\/11\/foto-news-home-page-150x150.jpg 150w, https:\/\/marechiarofilm.it\/wp-content\/uploads\/2020\/11\/foto-news-home-page-60x60.jpg 60w, https:\/\/marechiarofilm.it\/wp-content\/uploads\/2020\/11\/foto-news-home-page-300x300.jpg 300w, https:\/\/marechiarofilm.it\/wp-content\/uploads\/2020\/11\/foto-news-home-page-240x240.jpg 240w\" sizes=\"auto, (max-width: 150px) 100vw, 150px\" \/>\n19.34 QUARANT&#8217;ANNI DOPO &#8211; ANTEPRIMA DELLA MOSTRA\n<p>&nbsp; In occasione del quarantesimo anniversario del terremoto del 1980 il Museo Archeologico di Napoli avrebbe dovuto inaugurare la mostra 19:34, nata dagli scatti inediti di Antonietta De Lillo realizzati in quei giorni. In seguito alla chiusura dei<\/p>\n\n\t\n\t\t<img loading=\"lazy\" decoding=\"async\" width=\"150\" height=\"150\" src=\"https:\/\/marechiarofilm.it\/wp-content\/uploads\/2025\/11\/asff-150x150.jpg\" class=\"attachment-thumbnail size-thumbnail wp-post-image\" alt=\"\" srcset=\"https:\/\/marechiarofilm.it\/wp-content\/uploads\/2025\/11\/asff-150x150.jpg 150w, https:\/\/marechiarofilm.it\/wp-content\/uploads\/2025\/11\/asff-60x60.jpg 60w, https:\/\/marechiarofilm.it\/wp-content\/uploads\/2025\/11\/asff-300x300.jpg 300w, https:\/\/marechiarofilm.it\/wp-content\/uploads\/2025\/11\/asff-240x240.jpg 240w\" sizes=\"auto, (max-width: 150px) 100vw, 150px\" \/>\nL&#8217;Uccello Imbroglione vince all&#8217;AS Film Festival\n<p>L&#8217;Uccello Imbroglione di Davide Salucci vince il Premio Cinemavvenire della tredicesima edizione dell&#8217;AS Film Festival. Questa \u00e8 la motivazione data dalla giuria: La regia discreta e misurata di Davide Salucci, apparentemente semplice, aiuta ad entrare<\/p>\n\n\t\n\t\t<img loading=\"lazy\" decoding=\"async\" width=\"150\" height=\"150\" src=\"https:\/\/marechiarofilm.it\/wp-content\/uploads\/2025\/12\/Newsletter-Natale-2025-Header-1-150x150.jpg\" class=\"attachment-thumbnail size-thumbnail wp-post-image\" alt=\"buon 2026\" srcset=\"https:\/\/marechiarofilm.it\/wp-content\/uploads\/2025\/12\/Newsletter-Natale-2025-Header-1-150x150.jpg 150w, https:\/\/marechiarofilm.it\/wp-content\/uploads\/2025\/12\/Newsletter-Natale-2025-Header-1-60x60.jpg 60w, https:\/\/marechiarofilm.it\/wp-content\/uploads\/2025\/12\/Newsletter-Natale-2025-Header-1-300x300.jpg 300w, https:\/\/marechiarofilm.it\/wp-content\/uploads\/2025\/12\/Newsletter-Natale-2025-Header-1-240x240.jpg 240w\" sizes=\"auto, (max-width: 150px) 100vw, 150px\" \/>\nBuone feste da marechiarofilm\n<p>Buone feste da marechiarofilm Ogni anno \u00e8 un film a s\u00e9: ha i suoi protagonisti, le sue narrazioni, luci e ombre. E il 2025 di marechiarofilm \u00e8 stato uno di quelli pieni di storie e di incontri che siamo contenti di aver condiviso con voi. Si \u00e8 aperto c<\/p>\n\n\t\n\t\t<img loading=\"lazy\" decoding=\"async\" width=\"150\" height=\"150\" src=\"https:\/\/marechiarofilm.it\/wp-content\/uploads\/2017\/02\/16507439_10154921881364259_1934880996_n-150x150.jpg\" class=\"attachment-thumbnail size-thumbnail wp-post-image\" alt=\"\" srcset=\"https:\/\/marechiarofilm.it\/wp-content\/uploads\/2017\/02\/16507439_10154921881364259_1934880996_n-150x150.jpg 150w, https:\/\/marechiarofilm.it\/wp-content\/uploads\/2017\/02\/16507439_10154921881364259_1934880996_n-60x60.jpg 60w, https:\/\/marechiarofilm.it\/wp-content\/uploads\/2017\/02\/16507439_10154921881364259_1934880996_n-300x300.jpg 300w, https:\/\/marechiarofilm.it\/wp-content\/uploads\/2017\/02\/16507439_10154921881364259_1934880996_n-240x240.jpg 240w\" sizes=\"auto, (max-width: 150px) 100vw, 150px\" \/>\nAD OCCHI APERTI &#8211; Progetto cinema\n<p>I.C. Giorgio Perlasca,\u00a0classe 3\u00b0C &#8211;\u00a0Pietralata, Roma A cura della regista Antonietta De Lillo, del Preside dell&#8217;Istituto Claudia Sabatano e della responsabile del progetto la Prof Elisa Mennella Il Progetto, avvalendosi della collaborazione della \u00a0regi<\/p>\n\n\t\n\t\t<img loading=\"lazy\" decoding=\"async\" width=\"150\" height=\"150\" src=\"https:\/\/marechiarofilm.it\/wp-content\/uploads\/2025\/12\/SnapInsta.to_606965294_17858834391572348_1118232428607738063_n-150x150.jpg\" class=\"attachment-thumbnail size-thumbnail wp-post-image\" alt=\"Post instagram non \u00e8 solo timidezza\" srcset=\"https:\/\/marechiarofilm.it\/wp-content\/uploads\/2025\/12\/SnapInsta.to_606965294_17858834391572348_1118232428607738063_n-150x150.jpg 150w, https:\/\/marechiarofilm.it\/wp-content\/uploads\/2025\/12\/SnapInsta.to_606965294_17858834391572348_1118232428607738063_n-60x60.jpg 60w, https:\/\/marechiarofilm.it\/wp-content\/uploads\/2025\/12\/SnapInsta.to_606965294_17858834391572348_1118232428607738063_n-300x300.jpg 300w, https:\/\/marechiarofilm.it\/wp-content\/uploads\/2025\/12\/SnapInsta.to_606965294_17858834391572348_1118232428607738063_n-240x240.jpg 240w\" sizes=\"auto, (max-width: 150px) 100vw, 150px\" \/>\nAntonietta De Lillo ed Elisabetta Giannini ospiti del podcast &#8220;Non \u00e8 solo timidezza&#8221;\n<p>Marechiarofilm si racconta: Antonietta De Lillo ed Elisabetta Giannini ospiti del podcast &#8220;Non \u00e8 solo timidezza&#8221; &#8220;Tu sarai la mia vendetta. Cos\u00ec la nonna della regista e montatrice Elisabetta Giannini diceva alla nipotina quando era piccola. E la vende<\/p>\n\n\t\n\t\t<img loading=\"lazy\" decoding=\"async\" width=\"150\" height=\"150\" src=\"https:\/\/marechiarofilm.it\/wp-content\/uploads\/2023\/10\/foto-articolo-150x150.jpg\" class=\"attachment-thumbnail size-thumbnail wp-post-image\" alt=\"\" srcset=\"https:\/\/marechiarofilm.it\/wp-content\/uploads\/2023\/10\/foto-articolo-150x150.jpg 150w, https:\/\/marechiarofilm.it\/wp-content\/uploads\/2023\/10\/foto-articolo-300x300.jpg 300w, https:\/\/marechiarofilm.it\/wp-content\/uploads\/2023\/10\/foto-articolo-768x768.jpg 768w, https:\/\/marechiarofilm.it\/wp-content\/uploads\/2023\/10\/foto-articolo-1024x1024.jpg 1024w, https:\/\/marechiarofilm.it\/wp-content\/uploads\/2023\/10\/foto-articolo-60x60.jpg 60w, https:\/\/marechiarofilm.it\/wp-content\/uploads\/2023\/10\/foto-articolo-240x240.jpg 240w, https:\/\/marechiarofilm.it\/wp-content\/uploads\/2023\/10\/foto-articolo.jpg 1080w\" sizes=\"auto, (max-width: 150px) 100vw, 150px\" \/>\nWorkshop Fare un film\n<p>Fare un film \u00e8 un progetto formativo, strutturato su attivit\u00e0 di workshop e tutoraggio, dedicato all\u2019 individuazione e al sostegno di autori, e di tutti i professionisti e non, che siano interessati a realizzare un film documentario sul tema L\u2019UOMO E LA BESTIA.<\/p>\n\n\t\n\t\t<img loading=\"lazy\" decoding=\"async\" width=\"150\" height=\"150\" src=\"https:\/\/marechiarofilm.it\/wp-content\/uploads\/2026\/01\/variazione-jpg-150x150.webp\" class=\"attachment-thumbnail size-thumbnail wp-post-image\" alt=\"Logo Variazione concorso\" srcset=\"https:\/\/marechiarofilm.it\/wp-content\/uploads\/2026\/01\/variazione-jpg-150x150.webp 150w, https:\/\/marechiarofilm.it\/wp-content\/uploads\/2026\/01\/variazione-jpg-60x60.webp 60w, https:\/\/marechiarofilm.it\/wp-content\/uploads\/2026\/01\/variazione-jpg-300x300.webp 300w, https:\/\/marechiarofilm.it\/wp-content\/uploads\/2026\/01\/variazione-jpg-240x240.webp 240w\" sizes=\"auto, (max-width: 150px) 100vw, 150px\" \/>\nVariAzione: al via il nuovo concorso per i cortometraggi\n<p>VariAzione: parte il contest per i cortometraggi di Women In Film, Television &amp; Media Italia (WIFTMI) Dopo l\u2019annuncio durante l\u2019ultima edizione dell\u2019evento \u201cCambiamo Copione! L\u2019industria audiovisiva per una cultura libera dalla violenza di genere\u201d,<\/p>\n\n\t\n\t\t<img loading=\"lazy\" decoding=\"async\" width=\"150\" height=\"150\" src=\"https:\/\/marechiarofilm.it\/wp-content\/uploads\/2026\/02\/BANNER_WORKSHOP_ALCE__-150x150.jpg\" class=\"attachment-thumbnail size-thumbnail wp-post-image\" alt=\"\" srcset=\"https:\/\/marechiarofilm.it\/wp-content\/uploads\/2026\/02\/BANNER_WORKSHOP_ALCE__-150x150.jpg 150w, https:\/\/marechiarofilm.it\/wp-content\/uploads\/2026\/02\/BANNER_WORKSHOP_ALCE__-60x60.jpg 60w, https:\/\/marechiarofilm.it\/wp-content\/uploads\/2026\/02\/BANNER_WORKSHOP_ALCE__-300x300.jpg 300w, https:\/\/marechiarofilm.it\/wp-content\/uploads\/2026\/02\/BANNER_WORKSHOP_ALCE__-240x240.jpg 240w\" sizes=\"auto, (max-width: 150px) 100vw, 150px\" \/>\nMake a film\n<p>Bando Regolamento I finalisti Scarica i PDF 1.CHE COS&#8217;\u00c8 FARE UN FILM? FARE UN FILM \u00e8 un progetto formativo di sviluppo nell\u2019ambito del format L\u2019UOMO E LA BESTIA film partecipato, realizzato da marechiarofilm con il contributo del MIC &#8211; Pnrr\/digitalizza<\/p>\n\n\t\n\t\t<img loading=\"lazy\" decoding=\"async\" width=\"150\" height=\"150\" src=\"https:\/\/marechiarofilm.it\/wp-content\/uploads\/2026\/01\/corona-headaer-150x150.png\" class=\"attachment-thumbnail size-thumbnail wp-post-image\" alt=\"Film candidato david e fabrizio corona\" srcset=\"https:\/\/marechiarofilm.it\/wp-content\/uploads\/2026\/01\/corona-headaer-150x150.png 150w, https:\/\/marechiarofilm.it\/wp-content\/uploads\/2026\/01\/corona-headaer-60x60.png 60w, https:\/\/marechiarofilm.it\/wp-content\/uploads\/2026\/01\/corona-headaer-300x300.png 300w, https:\/\/marechiarofilm.it\/wp-content\/uploads\/2026\/01\/corona-headaer-240x240.png 240w\" sizes=\"auto, (max-width: 150px) 100vw, 150px\" \/>\nFilm iscritto ai David di Donatello e la serie Netflix su Fabrizio Corona: forse meglio Corona\n<p>Un film iscritto ai David di Donatello 2026 e la serie Netflix su Fabrizio Corona: forse meglio Corona Domenica ho dato un\u2019occhiata ai film che noi della giuria dei David di Donatello siamo chiamati a vedere in vista delle votazioni. E sinceramente que<\/p>\n\n\t\n\t\t<img loading=\"lazy\" decoding=\"async\" width=\"150\" height=\"150\" src=\"https:\/\/marechiarofilm.it\/wp-content\/uploads\/2026\/03\/CollezioneDeLillo_formato_copertina_YOUTUBE-e1772456188709-150x150.jpg\" class=\"attachment-thumbnail size-thumbnail wp-post-image\" alt=\"\" srcset=\"https:\/\/marechiarofilm.it\/wp-content\/uploads\/2026\/03\/CollezioneDeLillo_formato_copertina_YOUTUBE-e1772456188709-150x150.jpg 150w, https:\/\/marechiarofilm.it\/wp-content\/uploads\/2026\/03\/CollezioneDeLillo_formato_copertina_YOUTUBE-e1772456188709-60x60.jpg 60w, https:\/\/marechiarofilm.it\/wp-content\/uploads\/2026\/03\/CollezioneDeLillo_formato_copertina_YOUTUBE-e1772456188709-300x300.jpg 300w, https:\/\/marechiarofilm.it\/wp-content\/uploads\/2026\/03\/CollezioneDeLillo_formato_copertina_YOUTUBE-e1772456188709-240x240.jpg 240w\" sizes=\"auto, (max-width: 150px) 100vw, 150px\" \/>\nCollezione Antonietta De Lillo su CGTV: L\u2019occhio della gallina e altri 7 film arrivano in streaming\n<p>Finalmente in streaming L\u2019occhio della gallina, insieme a una rassegna di film fondamentali per (ri)scoprire il talento e la visione di una delle voci pi\u00f9 autorevoli e originali del cinema italiano contemporaneo, Antonietta De Lillo.\u00a0 L\u2019occhio della ga<\/p>\n\n\t\n\t\t<img loading=\"lazy\" decoding=\"async\" width=\"150\" height=\"150\" src=\"https:\/\/marechiarofilm.it\/wp-content\/uploads\/2025\/05\/QUADRATO_1-150x150.jpeg\" class=\"attachment-thumbnail size-thumbnail wp-post-image\" alt=\"\" srcset=\"https:\/\/marechiarofilm.it\/wp-content\/uploads\/2025\/05\/QUADRATO_1-150x150.jpeg 150w, https:\/\/marechiarofilm.it\/wp-content\/uploads\/2025\/05\/QUADRATO_1-300x300.jpeg 300w, https:\/\/marechiarofilm.it\/wp-content\/uploads\/2025\/05\/QUADRATO_1-768x768.jpeg 768w, https:\/\/marechiarofilm.it\/wp-content\/uploads\/2025\/05\/QUADRATO_1-1024x1024.jpeg 1024w, https:\/\/marechiarofilm.it\/wp-content\/uploads\/2025\/05\/QUADRATO_1-1536x1536.jpeg 1536w, https:\/\/marechiarofilm.it\/wp-content\/uploads\/2025\/05\/QUADRATO_1-2048x2048.jpeg 2048w, https:\/\/marechiarofilm.it\/wp-content\/uploads\/2025\/05\/QUADRATO_1-60x60.jpeg 60w, https:\/\/marechiarofilm.it\/wp-content\/uploads\/2025\/05\/QUADRATO_1-500x500.jpeg 500w, https:\/\/marechiarofilm.it\/wp-content\/uploads\/2025\/05\/QUADRATO_1-240x240.jpeg 240w\" sizes=\"auto, (max-width: 150px) 100vw, 150px\" \/>\nRassegna cinematografica L&#8217;UOMO E LA BESTIA \u00a0\n<p>Rassegna cinematografica L&#8217;UOMO E LA BESTIA \u00a0 Si terr\u00e0 a Napoli, al Cineteatro La Perla di Bagnoli, a partire dal 29 gennaio 2025, la rassegna cinematografica L&#8217;UOMO E LA BESTIA, ideata da Antonietta De Lillo, curata da Gina Annunziata, Giuseppe Borron<\/p>\n\n\t\n\t\t<form action=\"https:\/\/marechiarofilm.it\/wp-login.php?action=postpass\" class=\"post-password-form\" method=\"post\"><input type=\"hidden\" name=\"redirect_to\" value=\"https:\/\/marechiarofilm.it\/en\/evento\/1934-quarantanni-dopo\/\" \/>\n\t<p>This content is password-protected. To view it, please enter the password below.<\/p>\n\t<p><label for=\"pwbox-43521\">Password: <input name=\"post_password\" id=\"pwbox-43521\" type=\"password\" spellcheck=\"false\" required size=\"20\" \/><\/label> <input type=\"submit\" name=\"Submit\" value=\"Enter\" \/><\/p><\/form>\n\t\n\t\n\t\t<img loading=\"lazy\" decoding=\"async\" width=\"150\" height=\"150\" src=\"https:\/\/marechiarofilm.it\/wp-content\/uploads\/2026\/04\/ATTO-DI-FEDE_POSTER-DEF-TESTI-LIGHT_260423-150x150.jpg\" class=\"attachment-thumbnail size-thumbnail wp-post-image\" alt=\"\" srcset=\"https:\/\/marechiarofilm.it\/wp-content\/uploads\/2026\/04\/ATTO-DI-FEDE_POSTER-DEF-TESTI-LIGHT_260423-150x150.jpg 150w, https:\/\/marechiarofilm.it\/wp-content\/uploads\/2026\/04\/ATTO-DI-FEDE_POSTER-DEF-TESTI-LIGHT_260423-60x60.jpg 60w, https:\/\/marechiarofilm.it\/wp-content\/uploads\/2026\/04\/ATTO-DI-FEDE_POSTER-DEF-TESTI-LIGHT_260423-300x300.jpg 300w, https:\/\/marechiarofilm.it\/wp-content\/uploads\/2026\/04\/ATTO-DI-FEDE_POSTER-DEF-TESTI-LIGHT_260423-240x240.jpg 240w\" sizes=\"auto, (max-width: 150px) 100vw, 150px\" \/>\nAl via il nuovo Workshop di marechiarofilm FARE UN FILM III &#8211; ATTO DI FEDE\n<p>&nbsp; Marechiarofilm lancia una nuova edizione di\u00a0Fare un FIlm III\u00a0con un nuovo tema:\u00a0LA FEDE. Il progetto si inserisce nel percorso del film partecipato ideato da\u00a0Antonietta De Lillo, con l\u2019obiettivo di attivare una ricerca collettiva capace di intre<\/p>\n\n\t\n\t\n\t\n\t\n<\/div>\n\n","protected":false},"excerpt":{"rendered":"","protected":false},"author":1,"featured_media":0,"parent":0,"menu_order":0,"comment_status":"closed","ping_status":"closed","template":"page-blank.php","meta":{"footnotes":""},"class_list":["post-40839","page","type-page","status-publish","hentry"],"yoast_head":"<!-- This site is optimized with the Yoast SEO plugin v27.2 - https:\/\/yoast.com\/product\/yoast-seo-wordpress\/ -->\n<title>Blog - Marechiarofilm<\/title>\n<meta name=\"robots\" content=\"index, follow, max-snippet:-1, max-image-preview:large, max-video-preview:-1\" \/>\n<link rel=\"canonical\" href=\"https:\/\/marechiarofilm.it\/en\/blog\/\" \/>\n<meta property=\"og:locale\" content=\"en_US\" \/>\n<meta property=\"og:type\" content=\"article\" \/>\n<meta property=\"og:title\" content=\"Blog - Marechiarofilm\" \/>\n<meta property=\"og:url\" content=\"https:\/\/marechiarofilm.it\/en\/blog\/\" \/>\n<meta property=\"og:site_name\" content=\"Marechiarofilm\" \/>\n<meta property=\"article:publisher\" content=\"https:\/\/www.facebook.com\/MarechiaroFilmProduzioni\" \/>\n<meta property=\"article:modified_time\" content=\"2026-02-05T20:40:11+00:00\" \/>\n<meta property=\"og:image\" content=\"https:\/\/marechiarofilm.it\/wp-content\/uploads\/2024\/03\/logo_marechiarofilm_trasparente.png\" \/>\n\t<meta property=\"og:image:width\" content=\"640\" \/>\n\t<meta property=\"og:image:height\" content=\"512\" \/>\n\t<meta property=\"og:image:type\" content=\"image\/png\" \/>\n<meta name=\"twitter:card\" content=\"summary_large_image\" \/>\n<meta name=\"twitter:site\" content=\"@marechiarofilm\" \/>\n<meta name=\"twitter:label1\" content=\"Est. reading time\" \/>\n\t<meta name=\"twitter:data1\" content=\"1 minute\" \/>\n<script type=\"application\/ld+json\" class=\"yoast-schema-graph\">{\"@context\":\"https:\/\/schema.org\",\"@graph\":[{\"@type\":\"WebPage\",\"@id\":\"https:\/\/marechiarofilm.it\/en\/blog\/\",\"url\":\"https:\/\/marechiarofilm.it\/en\/blog\/\",\"name\":\"Blog - Marechiarofilm\",\"isPartOf\":{\"@id\":\"https:\/\/marechiarofilm.it\/en\/#website\"},\"datePublished\":\"2025-05-17T18:14:39+00:00\",\"dateModified\":\"2026-02-05T20:40:11+00:00\",\"breadcrumb\":{\"@id\":\"https:\/\/marechiarofilm.it\/en\/blog\/#breadcrumb\"},\"inLanguage\":\"en-US\",\"potentialAction\":[{\"@type\":\"ReadAction\",\"target\":[\"https:\/\/marechiarofilm.it\/en\/blog\/\"]}]},{\"@type\":\"BreadcrumbList\",\"@id\":\"https:\/\/marechiarofilm.it\/en\/blog\/#breadcrumb\",\"itemListElement\":[{\"@type\":\"ListItem\",\"position\":1,\"name\":\"Home\",\"item\":\"https:\/\/marechiarofilm.it\/en\/\"},{\"@type\":\"ListItem\",\"position\":2,\"name\":\"Blog\"}]},{\"@type\":\"WebSite\",\"@id\":\"https:\/\/marechiarofilm.it\/en\/#website\",\"url\":\"https:\/\/marechiarofilm.it\/en\/\",\"name\":\"Marechiarofilm\",\"description\":\"\",\"publisher\":{\"@id\":\"https:\/\/marechiarofilm.it\/en\/#organization\"},\"potentialAction\":[{\"@type\":\"SearchAction\",\"target\":{\"@type\":\"EntryPoint\",\"urlTemplate\":\"https:\/\/marechiarofilm.it\/en\/?s={search_term_string}\"},\"query-input\":{\"@type\":\"PropertyValueSpecification\",\"valueRequired\":true,\"valueName\":\"search_term_string\"}}],\"inLanguage\":\"en-US\"},{\"@type\":\"Organization\",\"@id\":\"https:\/\/marechiarofilm.it\/en\/#organization\",\"name\":\"Marechiarofilm\",\"url\":\"https:\/\/marechiarofilm.it\/en\/\",\"logo\":{\"@type\":\"ImageObject\",\"inLanguage\":\"en-US\",\"@id\":\"https:\/\/marechiarofilm.it\/en\/#\/schema\/logo\/image\/\",\"url\":\"https:\/\/marechiarofilm.it\/wp-content\/uploads\/2024\/03\/logo_marechiarofilm_trasparente.png\",\"contentUrl\":\"https:\/\/marechiarofilm.it\/wp-content\/uploads\/2024\/03\/logo_marechiarofilm_trasparente.png\",\"width\":640,\"height\":512,\"caption\":\"Marechiarofilm\"},\"image\":{\"@id\":\"https:\/\/marechiarofilm.it\/en\/#\/schema\/logo\/image\/\"},\"sameAs\":[\"https:\/\/www.facebook.com\/MarechiaroFilmProduzioni\",\"https:\/\/x.com\/marechiarofilm\",\"https:\/\/vimeo.com\/marechiarofilm\",\"https:\/\/www.youtube.com\/MarechiaroFilm\",\"https:\/\/www.instagram.com\/marechiarofilm\/?hl=it\"]}]}<\/script>\n<!-- \/ Yoast SEO plugin. -->","yoast_head_json":{"title":"Blog - Marechiarofilm","robots":{"index":"index","follow":"follow","max-snippet":"max-snippet:-1","max-image-preview":"max-image-preview:large","max-video-preview":"max-video-preview:-1"},"canonical":"https:\/\/marechiarofilm.it\/en\/blog\/","og_locale":"en_US","og_type":"article","og_title":"Blog - Marechiarofilm","og_url":"https:\/\/marechiarofilm.it\/en\/blog\/","og_site_name":"Marechiarofilm","article_publisher":"https:\/\/www.facebook.com\/MarechiaroFilmProduzioni","article_modified_time":"2026-02-05T20:40:11+00:00","og_image":[{"width":640,"height":512,"url":"https:\/\/marechiarofilm.it\/wp-content\/uploads\/2024\/03\/logo_marechiarofilm_trasparente.png","type":"image\/png"}],"twitter_card":"summary_large_image","twitter_site":"@marechiarofilm","twitter_misc":{"Est. reading time":"1 minute"},"schema":{"@context":"https:\/\/schema.org","@graph":[{"@type":"WebPage","@id":"https:\/\/marechiarofilm.it\/en\/blog\/","url":"https:\/\/marechiarofilm.it\/en\/blog\/","name":"Blog - Marechiarofilm","isPartOf":{"@id":"https:\/\/marechiarofilm.it\/en\/#website"},"datePublished":"2025-05-17T18:14:39+00:00","dateModified":"2026-02-05T20:40:11+00:00","breadcrumb":{"@id":"https:\/\/marechiarofilm.it\/en\/blog\/#breadcrumb"},"inLanguage":"en-US","potentialAction":[{"@type":"ReadAction","target":["https:\/\/marechiarofilm.it\/en\/blog\/"]}]},{"@type":"BreadcrumbList","@id":"https:\/\/marechiarofilm.it\/en\/blog\/#breadcrumb","itemListElement":[{"@type":"ListItem","position":1,"name":"Home","item":"https:\/\/marechiarofilm.it\/en\/"},{"@type":"ListItem","position":2,"name":"Blog"}]},{"@type":"WebSite","@id":"https:\/\/marechiarofilm.it\/en\/#website","url":"https:\/\/marechiarofilm.it\/en\/","name":"Marechiarofilm","description":"","publisher":{"@id":"https:\/\/marechiarofilm.it\/en\/#organization"},"potentialAction":[{"@type":"SearchAction","target":{"@type":"EntryPoint","urlTemplate":"https:\/\/marechiarofilm.it\/en\/?s={search_term_string}"},"query-input":{"@type":"PropertyValueSpecification","valueRequired":true,"valueName":"search_term_string"}}],"inLanguage":"en-US"},{"@type":"Organization","@id":"https:\/\/marechiarofilm.it\/en\/#organization","name":"Marechiarofilm","url":"https:\/\/marechiarofilm.it\/en\/","logo":{"@type":"ImageObject","inLanguage":"en-US","@id":"https:\/\/marechiarofilm.it\/en\/#\/schema\/logo\/image\/","url":"https:\/\/marechiarofilm.it\/wp-content\/uploads\/2024\/03\/logo_marechiarofilm_trasparente.png","contentUrl":"https:\/\/marechiarofilm.it\/wp-content\/uploads\/2024\/03\/logo_marechiarofilm_trasparente.png","width":640,"height":512,"caption":"Marechiarofilm"},"image":{"@id":"https:\/\/marechiarofilm.it\/en\/#\/schema\/logo\/image\/"},"sameAs":["https:\/\/www.facebook.com\/MarechiaroFilmProduzioni","https:\/\/x.com\/marechiarofilm","https:\/\/vimeo.com\/marechiarofilm","https:\/\/www.youtube.com\/MarechiaroFilm","https:\/\/www.instagram.com\/marechiarofilm\/?hl=it"]}]}},"_links":{"self":[{"href":"https:\/\/marechiarofilm.it\/en\/wp-json\/wp\/v2\/pages\/40839","targetHints":{"allow":["GET"]}}],"collection":[{"href":"https:\/\/marechiarofilm.it\/en\/wp-json\/wp\/v2\/pages"}],"about":[{"href":"https:\/\/marechiarofilm.it\/en\/wp-json\/wp\/v2\/types\/page"}],"author":[{"embeddable":true,"href":"https:\/\/marechiarofilm.it\/en\/wp-json\/wp\/v2\/users\/1"}],"replies":[{"embeddable":true,"href":"https:\/\/marechiarofilm.it\/en\/wp-json\/wp\/v2\/comments?post=40839"}],"version-history":[{"count":1,"href":"https:\/\/marechiarofilm.it\/en\/wp-json\/wp\/v2\/pages\/40839\/revisions"}],"predecessor-version":[{"id":44091,"href":"https:\/\/marechiarofilm.it\/en\/wp-json\/wp\/v2\/pages\/40839\/revisions\/44091"}],"wp:attachment":[{"href":"https:\/\/marechiarofilm.it\/en\/wp-json\/wp\/v2\/media?parent=40839"}],"curies":[{"name":"wp","href":"https:\/\/api.w.org\/{rel}","templated":true}]}}